{"id":6,"date":"2021-01-13T16:29:55","date_gmt":"2021-01-13T16:29:55","guid":{"rendered":"https:\/\/smartmag.theme-sphere.com\/good-news\/"},"modified":"2026-08-29T10:15:27","modified_gmt":"2026-08-29T16:15:27","slug":"homepage","status":"publish","type":"page","link":"https:\/\/elcardinal.com\/","title":{"rendered":"El Cardinal"},"content":{"rendered":"\t\t<div data-elementor-type=\"wp-page\" data-elementor-id=\"6\" class=\"elementor elementor-6\" data-elementor-post-type=\"page\">\n\t\t\t\t\t\t<section class=\"has-el-gap el-gap-default elementor-section elementor-top-section elementor-element elementor-element-e272790 elementor-section-boxed elementor-section-height-default elementor-section-height-default\" data-id=\"e272790\" data-element_type=\"section\" data-settings=\"{&quot;motion_fx_motion_fx_scrolling&quot;:&quot;yes&quot;,&quot;motion_fx_devices&quot;:[&quot;desktop&quot;,&quot;tablet&quot;,&quot;mobile&quot;]}\">\n\t\t\t\t\t\t<div class=\"elementor-container elementor-column-gap-no\">\n\t\t\t\t\t<div class=\"elementor-column elementor-col-100 elementor-top-column elementor-element elementor-element-283ca30\" data-id=\"283ca30\" data-element_type=\"column\">\n\t\t\t<div class=\"elementor-widget-wrap elementor-element-populated\">\n\t\t\t\t\t\t<div class=\"elementor-element elementor-element-d77d069 elementor-widget elementor-widget-heading\" data-id=\"d77d069\" data-element_type=\"widget\" data-widget_type=\"heading.default\">\n\t\t\t\t<div class=\"elementor-widget-container\">\n\t\t\t\t\t<h2 class=\"elementor-heading-title elementor-size-default\"><a href=\"https:\/\/elcardinal.com\/?cat=44\">MINUTO A MINUTO<\/a><\/h2>\t\t\t\t<\/div>\n\t\t\t\t<\/div>\n\t\t\t\t<div class=\"elementor-element elementor-element-3ac4e37 elementor-widget elementor-widget-smartmag-featgrid\" data-id=\"3ac4e37\" data-element_type=\"widget\" data-widget_type=\"smartmag-featgrid.default\">\n\t\t\t\t<div class=\"elementor-widget-container\">\n\t\t\t\t\t\t\t<section class=\"block-wrap block-feat-grid block-sc\" data-id=\"1\">\n\n\t\t\t\t\n\t\t\t<div class=\"block-content\">\n\t\t\t\t\t\n<section class=\"feat-grid feat-grid-c slider common-slider arrow-hover feat-grid-ratio\">\n\n\t<div class=\"slides\" data-parallax data-slider=\"feat-grid\" data-scroll-num=\"1\" data-scroll-num-md=\"1\">\n\t\n\t\n\t\t\t\t\t<div class=\"items-wrap slide-wrap\">\n\t\t\t\t\t\n\t\t\t\t\t\t\t\n\t\t\t\t<div class=\"item item-large item-main item-1 pos-bot\">\n\n\t\t\t\t\t\n<article class=\"l-post grid-overlay grid-overlay-a hover-zoom\">\n\n\t\n\t\t\t<div class=\"media\">\n\n\t\t\n\t\t\t<a href=\"https:\/\/elcardinal.com\/?p=6865\" class=\"image-link\" title=\"Regresar\u00e1n a clases 569 mil estudiantes de educaci\u00f3n b\u00e1sica en Hidalgo\"><img fetchpriority=\"high\" decoding=\"async\" width=\"768\" height=\"512\" src=\"https:\/\/elcardinal.com\/wp-content\/uploads\/2026\/08\/2_Regresaran-a-clases-569-mil-estudiantes-de-educacion-basica-en-Hidalgo-768x512.jpg\" class=\"attachment-bunyad-768 size-bunyad-768 wp-post-image\" alt=\"\" sizes=\"(max-width: 585px) 100vw, 585px\" title=\"Regresar\u00e1n a clases 569 mil estudiantes de educaci\u00f3n b\u00e1sica en Hidalgo\" srcset=\"https:\/\/elcardinal.com\/wp-content\/uploads\/2026\/08\/2_Regresaran-a-clases-569-mil-estudiantes-de-educacion-basica-en-Hidalgo-768x512.jpg 768w, https:\/\/elcardinal.com\/wp-content\/uploads\/2026\/08\/2_Regresaran-a-clases-569-mil-estudiantes-de-educacion-basica-en-Hidalgo-1024x682.jpg 1024w, https:\/\/elcardinal.com\/wp-content\/uploads\/2026\/08\/2_Regresaran-a-clases-569-mil-estudiantes-de-educacion-basica-en-Hidalgo-1200x800.jpg 1200w, https:\/\/elcardinal.com\/wp-content\/uploads\/2026\/08\/2_Regresaran-a-clases-569-mil-estudiantes-de-educacion-basica-en-Hidalgo.jpg 1280w\" \/><\/a>\t\t\t\n\t\t\t\n\t\t\t\n\t\t\t\n\t\t\n\t\t<\/div>\n\t\n\n\t\t\t<div class=\"content-wrap\">\n\t\n\t\t<div class=\"content\">\n\n\t\t\t<div class=\"post-meta post-meta-a meta-contrast has-below\"><div class=\"post-meta-items meta-above\"><span class=\"meta-item cat-labels\">\n\t\t\t\t\t\t\n\t\t\t\t\t\t<a href=\"https:\/\/elcardinal.com\/?cat=404\" class=\"category term-color-404\" rel=\"category\" tabindex=\"-1\">Educaci\u00f3n<\/a>\n\t\t\t\t\t<\/span>\n\t\t\t\t\t<\/div><h2 class=\"is-title post-title\"><a href=\"https:\/\/elcardinal.com\/?p=6865\">Regresar\u00e1n a clases 569 mil estudiantes de educaci\u00f3n b\u00e1sica en Hidalgo<\/a><\/h2><div class=\"post-meta-items meta-below\"><span class=\"meta-item post-author\"><a href=\"https:\/\/elcardinal.com\/?author=2\" rel=\"author\">Antonio Alcaraz<\/a><\/span><span class=\"meta-item date\"><span class=\"date-link\"><time class=\"post-date\" datetime=\"2026-08-30T19:41:04-06:00\">30 agosto, 2026<\/time><\/span><\/span><\/div><\/div>\t\t\t\n\t\t\t\n\t\t\t\n\t\t<\/div>\n\n\t\t\t<\/div>\n\t\n<\/article>\n\t\t\t\t<\/div>\n\t\t\t\t\t\t\t\n\t\t\t\t\t\t\t\n\t\t\t\t<div class=\"item item-medium item-2 pos-bot\">\n\n\t\t\t\t\t\n<article class=\"l-post grid-overlay grid-overlay-a hover-zoom\">\n\n\t\n\t\t\t<div class=\"media\">\n\n\t\t\n\t\t\t<a href=\"https:\/\/elcardinal.com\/?p=6840\" class=\"image-link\" title=\"Andr\u00e9s Vel\u00e1zquez destaca resultados y cercan\u00eda con la ciudadan\u00eda durante su segundo informe\"><img decoding=\"async\" width=\"450\" height=\"354\" src=\"https:\/\/elcardinal.com\/wp-content\/uploads\/2026\/08\/WhatsApp-Image-2026-08-28-at-8.26.37-PM-1-450x354.jpeg\" class=\"attachment-bunyad-medium size-bunyad-medium wp-post-image\" alt=\"\" sizes=\"(max-width: 768px) 50vw, 350px\" title=\"Andr\u00e9s Vel\u00e1zquez destaca resultados y cercan\u00eda con la ciudadan\u00eda durante su segundo informe\" srcset=\"https:\/\/elcardinal.com\/wp-content\/uploads\/2026\/08\/WhatsApp-Image-2026-08-28-at-8.26.37-PM-1-1024x806.jpeg 1024w, https:\/\/elcardinal.com\/wp-content\/uploads\/2026\/08\/WhatsApp-Image-2026-08-28-at-8.26.37-PM-1-768x604.jpeg 768w, https:\/\/elcardinal.com\/wp-content\/uploads\/2026\/08\/WhatsApp-Image-2026-08-28-at-8.26.37-PM-1-1200x944.jpeg 1200w, https:\/\/elcardinal.com\/wp-content\/uploads\/2026\/08\/WhatsApp-Image-2026-08-28-at-8.26.37-PM-1.jpeg 1280w\" \/><\/a>\t\t\t\n\t\t\t\n\t\t\t\n\t\t\t\n\t\t\n\t\t<\/div>\n\t\n\n\t\t\t<div class=\"content-wrap\">\n\t\n\t\t<div class=\"content\">\n\n\t\t\t<div class=\"post-meta post-meta-a meta-contrast has-below\"><div class=\"post-meta-items meta-above\"><span class=\"meta-item cat-labels\">\n\t\t\t\t\t\t\n\t\t\t\t\t\t<a href=\"https:\/\/elcardinal.com\/?cat=31\" class=\"category term-color-31\" rel=\"category\" tabindex=\"-1\">Hidalgo<\/a>\n\t\t\t\t\t<\/span>\n\t\t\t\t\t<\/div><h2 class=\"is-title post-title\"><a href=\"https:\/\/elcardinal.com\/?p=6840\">Andr\u00e9s Vel\u00e1zquez destaca resultados y cercan\u00eda con la ciudadan\u00eda durante su segundo informe<\/a><\/h2><div class=\"post-meta-items meta-below\"><span class=\"meta-item post-author\"><a href=\"https:\/\/elcardinal.com\/?author=2\" rel=\"author\">Antonio Alcaraz<\/a><\/span><span class=\"meta-item date\"><span class=\"date-link\"><time class=\"post-date\" datetime=\"2026-08-28T20:35:13-06:00\">28 agosto, 2026<\/time><\/span><\/span><\/div><\/div>\t\t\t\n\t\t\t\n\t\t\t\n\t\t<\/div>\n\n\t\t\t<\/div>\n\t\n<\/article>\n\t\t\t\t<\/div>\n\t\t\t\t\t\t\t\n\t\t\t\t\t\t\t\n\t\t\t\t<div class=\"item item-medium item-3 pos-bot\">\n\n\t\t\t\t\t\n<article class=\"l-post grid-overlay grid-overlay-a hover-zoom\">\n\n\t\n\t\t\t<div class=\"media\">\n\n\t\t\n\t\t\t<a href=\"https:\/\/elcardinal.com\/?p=6861\" class=\"image-link\" title=\"\u201cLa pol\u00edtica se mide en la confianza de la gente\u201d: Andr\u00e9s Vel\u00e1zquez V\u00e1zquez presenta su Segundo Informe de Actividades\"><img decoding=\"async\" width=\"450\" height=\"300\" src=\"https:\/\/elcardinal.com\/wp-content\/uploads\/2026\/08\/28.08.2026-2do.-Informe-Andres-Velazquez-137-450x300.jpg\" class=\"attachment-bunyad-medium size-bunyad-medium wp-post-image\" alt=\"\" sizes=\"(max-width: 768px) 50vw, 350px\" title=\"\u201cLa pol\u00edtica se mide en la confianza de la gente\u201d: Andr\u00e9s Vel\u00e1zquez V\u00e1zquez presenta su Segundo Informe de Actividades\" srcset=\"https:\/\/elcardinal.com\/wp-content\/uploads\/2026\/08\/28.08.2026-2do.-Informe-Andres-Velazquez-137-1024x683.jpg 1024w, https:\/\/elcardinal.com\/wp-content\/uploads\/2026\/08\/28.08.2026-2do.-Informe-Andres-Velazquez-137-768x512.jpg 768w, https:\/\/elcardinal.com\/wp-content\/uploads\/2026\/08\/28.08.2026-2do.-Informe-Andres-Velazquez-137-1536x1024.jpg 1536w, https:\/\/elcardinal.com\/wp-content\/uploads\/2026\/08\/28.08.2026-2do.-Informe-Andres-Velazquez-137-2048x1365.jpg 2048w, https:\/\/elcardinal.com\/wp-content\/uploads\/2026\/08\/28.08.2026-2do.-Informe-Andres-Velazquez-137-1200x800.jpg 1200w\" \/><\/a>\t\t\t\n\t\t\t\n\t\t\t\n\t\t\t\n\t\t\n\t\t<\/div>\n\t\n\n\t\t\t<div class=\"content-wrap\">\n\t\n\t\t<div class=\"content\">\n\n\t\t\t<div class=\"post-meta post-meta-a meta-contrast has-below\"><div class=\"post-meta-items meta-above\"><span class=\"meta-item cat-labels\">\n\t\t\t\t\t\t\n\t\t\t\t\t\t<a href=\"https:\/\/elcardinal.com\/?cat=31\" class=\"category term-color-31\" rel=\"category\" tabindex=\"-1\">Hidalgo<\/a>\n\t\t\t\t\t<\/span>\n\t\t\t\t\t<\/div><h2 class=\"is-title post-title\"><a href=\"https:\/\/elcardinal.com\/?p=6861\">\u201cLa pol\u00edtica se mide en la confianza de la gente\u201d: Andr\u00e9s Vel\u00e1zquez V\u00e1zquez presenta su Segundo Informe de Actividades<\/a><\/h2><div class=\"post-meta-items meta-below\"><span class=\"meta-item post-author\"><a href=\"https:\/\/elcardinal.com\/?author=2\" rel=\"author\">Antonio Alcaraz<\/a><\/span><span class=\"meta-item date\"><span class=\"date-link\"><time class=\"post-date\" datetime=\"2026-08-28T09:14:47-06:00\">28 agosto, 2026<\/time><\/span><\/span><\/div><\/div>\t\t\t\n\t\t\t\n\t\t\t\n\t\t<\/div>\n\n\t\t\t<\/div>\n\t\n<\/article>\n\t\t\t\t<\/div>\n\t\t\t\t\t\t\t\n\t\t\t\t\t\t\t\n\t\t\t\t\t<\/div>\n\t\t\n\t\n\t\t\t\t\t<div class=\"items-wrap slide-wrap\">\n\t\t\t\t\t\n\t\t\t\t\t\t\t\n\t\t\t\t<div class=\"item item-large item-main item-1 pos-bot\">\n\n\t\t\t\t\t\n<article class=\"l-post grid-overlay grid-overlay-a hover-zoom\">\n\n\t\n\t\t\t<div class=\"media\">\n\n\t\t\n\t\t\t<a href=\"https:\/\/elcardinal.com\/?p=6833\" class=\"image-link\" title=\"Fortalece SEPH la evaluaci\u00f3n de aprendizajes para mejorar la pr\u00e1ctica educativa\"><img loading=\"lazy\" decoding=\"async\" width=\"768\" height=\"512\" src=\"https:\/\/elcardinal.com\/wp-content\/uploads\/2026\/08\/Fortalece-SEPH-la-evaluacion-de-aprendizajes-para-mejorar-la-practica-educativa-2-768x512.jpeg\" class=\"attachment-bunyad-768 size-bunyad-768 wp-post-image\" alt=\"\" sizes=\"(max-width: 585px) 100vw, 585px\" title=\"Fortalece SEPH la evaluaci\u00f3n de aprendizajes para mejorar la pr\u00e1ctica educativa\" srcset=\"https:\/\/elcardinal.com\/wp-content\/uploads\/2026\/08\/Fortalece-SEPH-la-evaluacion-de-aprendizajes-para-mejorar-la-practica-educativa-2-768x512.jpeg 768w, https:\/\/elcardinal.com\/wp-content\/uploads\/2026\/08\/Fortalece-SEPH-la-evaluacion-de-aprendizajes-para-mejorar-la-practica-educativa-2-1024x682.jpeg 1024w, https:\/\/elcardinal.com\/wp-content\/uploads\/2026\/08\/Fortalece-SEPH-la-evaluacion-de-aprendizajes-para-mejorar-la-practica-educativa-2-1536x1023.jpeg 1536w, https:\/\/elcardinal.com\/wp-content\/uploads\/2026\/08\/Fortalece-SEPH-la-evaluacion-de-aprendizajes-para-mejorar-la-practica-educativa-2-1200x800.jpeg 1200w, https:\/\/elcardinal.com\/wp-content\/uploads\/2026\/08\/Fortalece-SEPH-la-evaluacion-de-aprendizajes-para-mejorar-la-practica-educativa-2.jpeg 1600w\" \/><\/a>\t\t\t\n\t\t\t\n\t\t\t\n\t\t\t\n\t\t\n\t\t<\/div>\n\t\n\n\t\t\t<div class=\"content-wrap\">\n\t\n\t\t<div class=\"content\">\n\n\t\t\t<div class=\"post-meta post-meta-a meta-contrast has-below\"><div class=\"post-meta-items meta-above\"><span class=\"meta-item cat-labels\">\n\t\t\t\t\t\t\n\t\t\t\t\t\t<a href=\"https:\/\/elcardinal.com\/?cat=404\" class=\"category term-color-404\" rel=\"category\" tabindex=\"-1\">Educaci\u00f3n<\/a>\n\t\t\t\t\t<\/span>\n\t\t\t\t\t<\/div><h2 class=\"is-title post-title\"><a href=\"https:\/\/elcardinal.com\/?p=6833\">Fortalece SEPH la evaluaci\u00f3n de aprendizajes para mejorar la pr\u00e1ctica educativa<\/a><\/h2><div class=\"post-meta-items meta-below\"><span class=\"meta-item post-author\"><a href=\"https:\/\/elcardinal.com\/?author=2\" rel=\"author\">Antonio Alcaraz<\/a><\/span><span class=\"meta-item date\"><span class=\"date-link\"><time class=\"post-date\" datetime=\"2026-08-27T17:03:53-06:00\">27 agosto, 2026<\/time><\/span><\/span><\/div><\/div>\t\t\t\n\t\t\t\n\t\t\t\n\t\t<\/div>\n\n\t\t\t<\/div>\n\t\n<\/article>\n\t\t\t\t<\/div>\n\t\t\t\t\t\t\t\n\t\t\t\t\t\t\t\n\t\t\t\t<div class=\"item item-medium item-2 pos-bot\">\n\n\t\t\t\t\t\n<article class=\"l-post grid-overlay grid-overlay-a hover-zoom\">\n\n\t\n\t\t\t<div class=\"media\">\n\n\t\t\n\t\t\t<a href=\"https:\/\/elcardinal.com\/?p=6836\" class=\"image-link\" title=\"SEPH consolida la planeaci\u00f3n acad\u00e9mica para el ciclo escolar 2026-2027\"><img loading=\"lazy\" decoding=\"async\" width=\"450\" height=\"216\" src=\"https:\/\/elcardinal.com\/wp-content\/uploads\/2026\/08\/SEPH-consolida-la-planeacion-academica-para-el-ciclo-escolar-2026-2027-450x216.jpeg\" class=\"attachment-bunyad-medium size-bunyad-medium wp-post-image\" alt=\"\" sizes=\"(max-width: 768px) 50vw, 350px\" title=\"SEPH consolida la planeaci\u00f3n acad\u00e9mica para el ciclo escolar 2026-2027\" srcset=\"https:\/\/elcardinal.com\/wp-content\/uploads\/2026\/08\/SEPH-consolida-la-planeacion-academica-para-el-ciclo-escolar-2026-2027-1024x492.jpeg 1024w, https:\/\/elcardinal.com\/wp-content\/uploads\/2026\/08\/SEPH-consolida-la-planeacion-academica-para-el-ciclo-escolar-2026-2027-768x369.jpeg 768w, https:\/\/elcardinal.com\/wp-content\/uploads\/2026\/08\/SEPH-consolida-la-planeacion-academica-para-el-ciclo-escolar-2026-2027-1536x737.jpeg 1536w, https:\/\/elcardinal.com\/wp-content\/uploads\/2026\/08\/SEPH-consolida-la-planeacion-academica-para-el-ciclo-escolar-2026-2027-1200x576.jpeg 1200w, https:\/\/elcardinal.com\/wp-content\/uploads\/2026\/08\/SEPH-consolida-la-planeacion-academica-para-el-ciclo-escolar-2026-2027.jpeg 1600w\" \/><\/a>\t\t\t\n\t\t\t\n\t\t\t\n\t\t\t\n\t\t\n\t\t<\/div>\n\t\n\n\t\t\t<div class=\"content-wrap\">\n\t\n\t\t<div class=\"content\">\n\n\t\t\t<div class=\"post-meta post-meta-a meta-contrast has-below\"><div class=\"post-meta-items meta-above\"><span class=\"meta-item cat-labels\">\n\t\t\t\t\t\t\n\t\t\t\t\t\t<a href=\"https:\/\/elcardinal.com\/?cat=404\" class=\"category term-color-404\" rel=\"category\" tabindex=\"-1\">Educaci\u00f3n<\/a>\n\t\t\t\t\t<\/span>\n\t\t\t\t\t<\/div><h2 class=\"is-title post-title\"><a href=\"https:\/\/elcardinal.com\/?p=6836\">SEPH consolida la planeaci\u00f3n acad\u00e9mica para el ciclo escolar 2026-2027<\/a><\/h2><div class=\"post-meta-items meta-below\"><span class=\"meta-item post-author\"><a href=\"https:\/\/elcardinal.com\/?author=2\" rel=\"author\">Antonio Alcaraz<\/a><\/span><span class=\"meta-item date\"><span class=\"date-link\"><time class=\"post-date\" datetime=\"2026-08-26T17:16:52-06:00\">26 agosto, 2026<\/time><\/span><\/span><\/div><\/div>\t\t\t\n\t\t\t\n\t\t\t\n\t\t<\/div>\n\n\t\t\t<\/div>\n\t\n<\/article>\n\t\t\t\t<\/div>\n\t\t\t\t\t\t\t\n\t\t\t\t\t\t\t\n\t\t\t\t<div class=\"item item-medium item-3 pos-bot\">\n\n\t\t\t\t\t\n<article class=\"l-post grid-overlay grid-overlay-a hover-zoom\">\n\n\t\n\t\t\t<div class=\"media\">\n\n\t\t\n\t\t\t<a href=\"https:\/\/elcardinal.com\/?p=6830\" class=\"image-link\" title=\"Encabeza Natividad Castrej\u00f3n el arranque de la Campa\u00f1a Boteo Telet\u00f3n 2026 en la SEPH\"><img loading=\"lazy\" decoding=\"async\" width=\"450\" height=\"300\" src=\"https:\/\/elcardinal.com\/wp-content\/uploads\/2026\/08\/Encabeza-Natividad-Castrejon-el-arranque-de-la-Campana-Boteo-Teleton-2026-en-la-SEPH-3-450x300.jpeg\" class=\"attachment-bunyad-medium size-bunyad-medium wp-post-image\" alt=\"\" sizes=\"(max-width: 768px) 50vw, 350px\" title=\"Encabeza Natividad Castrej\u00f3n el arranque de la Campa\u00f1a Boteo Telet\u00f3n 2026 en la SEPH\" srcset=\"https:\/\/elcardinal.com\/wp-content\/uploads\/2026\/08\/Encabeza-Natividad-Castrejon-el-arranque-de-la-Campana-Boteo-Teleton-2026-en-la-SEPH-3-1024x683.jpeg 1024w, https:\/\/elcardinal.com\/wp-content\/uploads\/2026\/08\/Encabeza-Natividad-Castrejon-el-arranque-de-la-Campana-Boteo-Teleton-2026-en-la-SEPH-3-768x512.jpeg 768w, https:\/\/elcardinal.com\/wp-content\/uploads\/2026\/08\/Encabeza-Natividad-Castrejon-el-arranque-de-la-Campana-Boteo-Teleton-2026-en-la-SEPH-3-1536x1025.jpeg 1536w, https:\/\/elcardinal.com\/wp-content\/uploads\/2026\/08\/Encabeza-Natividad-Castrejon-el-arranque-de-la-Campana-Boteo-Teleton-2026-en-la-SEPH-3-2048x1366.jpeg 2048w, https:\/\/elcardinal.com\/wp-content\/uploads\/2026\/08\/Encabeza-Natividad-Castrejon-el-arranque-de-la-Campana-Boteo-Teleton-2026-en-la-SEPH-3-1200x801.jpeg 1200w\" \/><\/a>\t\t\t\n\t\t\t\n\t\t\t\n\t\t\t\n\t\t\n\t\t<\/div>\n\t\n\n\t\t\t<div class=\"content-wrap\">\n\t\n\t\t<div class=\"content\">\n\n\t\t\t<div class=\"post-meta post-meta-a meta-contrast has-below\"><div class=\"post-meta-items meta-above\"><span class=\"meta-item cat-labels\">\n\t\t\t\t\t\t\n\t\t\t\t\t\t<a href=\"https:\/\/elcardinal.com\/?cat=404\" class=\"category term-color-404\" rel=\"category\" tabindex=\"-1\">Educaci\u00f3n<\/a>\n\t\t\t\t\t<\/span>\n\t\t\t\t\t<\/div><h2 class=\"is-title post-title\"><a href=\"https:\/\/elcardinal.com\/?p=6830\">Encabeza Natividad Castrej\u00f3n el arranque de la Campa\u00f1a Boteo Telet\u00f3n 2026 en la SEPH<\/a><\/h2><div class=\"post-meta-items meta-below\"><span class=\"meta-item post-author\"><a href=\"https:\/\/elcardinal.com\/?author=2\" rel=\"author\">Antonio Alcaraz<\/a><\/span><span class=\"meta-item date\"><span class=\"date-link\"><time class=\"post-date\" datetime=\"2026-08-25T22:19:23-06:00\">25 agosto, 2026<\/time><\/span><\/span><\/div><\/div>\t\t\t\n\t\t\t\n\t\t\t\n\t\t<\/div>\n\n\t\t\t<\/div>\n\t\n<\/article>\n\t\t\t\t<\/div>\n\t\t\t\t\t\t\t\n\t\t\t\t\t\t\t\n\t\t\t\t\t<\/div>\n\t\t\n\t\n\t\t\t\t\t<div class=\"items-wrap slide-wrap\">\n\t\t\t\t\t\n\t\t\t\t\t\t\t\n\t\t\t\t<div class=\"item item-large item-main item-1 pos-bot\">\n\n\t\t\t\t\t\n<article class=\"l-post grid-overlay grid-overlay-a hover-zoom\">\n\n\t\n\t\t\t<div class=\"media\">\n\n\t\t\n\t\t\t<a href=\"https:\/\/elcardinal.com\/?p=6858\" class=\"image-link\" title=\"Diputado propone fortalecer la activaci\u00f3n f\u00edsica y el deporte como pr\u00e1cticas cotidianas e incluyentes\"><img loading=\"lazy\" decoding=\"async\" width=\"768\" height=\"512\" src=\"https:\/\/elcardinal.com\/wp-content\/uploads\/2026\/08\/Sesion-25.08.2026-Permanente-30-768x512.jpg\" class=\"attachment-bunyad-768 size-bunyad-768 wp-post-image\" alt=\"\" sizes=\"(max-width: 585px) 100vw, 585px\" title=\"Diputado propone fortalecer la activaci\u00f3n f\u00edsica y el deporte como pr\u00e1cticas cotidianas e incluyentes\" srcset=\"https:\/\/elcardinal.com\/wp-content\/uploads\/2026\/08\/Sesion-25.08.2026-Permanente-30-768x512.jpg 768w, https:\/\/elcardinal.com\/wp-content\/uploads\/2026\/08\/Sesion-25.08.2026-Permanente-30-1024x683.jpg 1024w, https:\/\/elcardinal.com\/wp-content\/uploads\/2026\/08\/Sesion-25.08.2026-Permanente-30-1536x1024.jpg 1536w, https:\/\/elcardinal.com\/wp-content\/uploads\/2026\/08\/Sesion-25.08.2026-Permanente-30-2048x1365.jpg 2048w, https:\/\/elcardinal.com\/wp-content\/uploads\/2026\/08\/Sesion-25.08.2026-Permanente-30-1200x800.jpg 1200w\" \/><\/a>\t\t\t\n\t\t\t\n\t\t\t\n\t\t\t\n\t\t\n\t\t<\/div>\n\t\n\n\t\t\t<div class=\"content-wrap\">\n\t\n\t\t<div class=\"content\">\n\n\t\t\t<div class=\"post-meta post-meta-a meta-contrast has-below\"><div class=\"post-meta-items meta-above\"><span class=\"meta-item cat-labels\">\n\t\t\t\t\t\t\n\t\t\t\t\t\t<a href=\"https:\/\/elcardinal.com\/?cat=31\" class=\"category term-color-31\" rel=\"category\" tabindex=\"-1\">Hidalgo<\/a>\n\t\t\t\t\t<\/span>\n\t\t\t\t\t<\/div><h2 class=\"is-title post-title\"><a href=\"https:\/\/elcardinal.com\/?p=6858\">Diputado propone fortalecer la activaci\u00f3n f\u00edsica y el deporte como pr\u00e1cticas cotidianas e incluyentes<\/a><\/h2><div class=\"post-meta-items meta-below\"><span class=\"meta-item post-author\"><a href=\"https:\/\/elcardinal.com\/?author=2\" rel=\"author\">Antonio Alcaraz<\/a><\/span><span class=\"meta-item date\"><span class=\"date-link\"><time class=\"post-date\" datetime=\"2026-08-25T09:13:50-06:00\">25 agosto, 2026<\/time><\/span><\/span><\/div><\/div>\t\t\t\n\t\t\t\n\t\t\t\n\t\t<\/div>\n\n\t\t\t<\/div>\n\t\n<\/article>\n\t\t\t\t<\/div>\n\t\t\t\t\t\t\t\n\t\t\t\t\t\t\t\n\t\t\t\t<div class=\"item item-medium item-2 pos-bot\">\n\n\t\t\t\t\t\n<article class=\"l-post grid-overlay grid-overlay-a hover-zoom\">\n\n\t\n\t\t\t<div class=\"media\">\n\n\t\t\n\t\t\t<a href=\"https:\/\/elcardinal.com\/?p=6827\" class=\"image-link\" title=\"Arranca fase intensiva del Consejo T\u00e9cnico Escolar rumbo al nuevo ciclo escolar\"><img loading=\"lazy\" decoding=\"async\" width=\"450\" height=\"289\" src=\"https:\/\/elcardinal.com\/wp-content\/uploads\/2026\/08\/Arranca-Fase-Intensiva-del-Consejo-Tecnico-Escolar-rumbo-al-nuevo-ciclo-escolar-450x289.jpeg\" class=\"attachment-bunyad-medium size-bunyad-medium wp-post-image\" alt=\"\" sizes=\"(max-width: 768px) 50vw, 350px\" title=\"Arranca fase intensiva del Consejo T\u00e9cnico Escolar rumbo al nuevo ciclo escolar\" srcset=\"https:\/\/elcardinal.com\/wp-content\/uploads\/2026\/08\/Arranca-Fase-Intensiva-del-Consejo-Tecnico-Escolar-rumbo-al-nuevo-ciclo-escolar-1024x658.jpeg 1024w, https:\/\/elcardinal.com\/wp-content\/uploads\/2026\/08\/Arranca-Fase-Intensiva-del-Consejo-Tecnico-Escolar-rumbo-al-nuevo-ciclo-escolar-768x493.jpeg 768w, https:\/\/elcardinal.com\/wp-content\/uploads\/2026\/08\/Arranca-Fase-Intensiva-del-Consejo-Tecnico-Escolar-rumbo-al-nuevo-ciclo-escolar-1536x987.jpeg 1536w, https:\/\/elcardinal.com\/wp-content\/uploads\/2026\/08\/Arranca-Fase-Intensiva-del-Consejo-Tecnico-Escolar-rumbo-al-nuevo-ciclo-escolar-1200x771.jpeg 1200w, https:\/\/elcardinal.com\/wp-content\/uploads\/2026\/08\/Arranca-Fase-Intensiva-del-Consejo-Tecnico-Escolar-rumbo-al-nuevo-ciclo-escolar.jpeg 1600w\" \/><\/a>\t\t\t\n\t\t\t\n\t\t\t\n\t\t\t\n\t\t\n\t\t<\/div>\n\t\n\n\t\t\t<div class=\"content-wrap\">\n\t\n\t\t<div class=\"content\">\n\n\t\t\t<div class=\"post-meta post-meta-a meta-contrast has-below\"><div class=\"post-meta-items meta-above\"><span class=\"meta-item cat-labels\">\n\t\t\t\t\t\t\n\t\t\t\t\t\t<a href=\"https:\/\/elcardinal.com\/?cat=404\" class=\"category term-color-404\" rel=\"category\" tabindex=\"-1\">Educaci\u00f3n<\/a>\n\t\t\t\t\t<\/span>\n\t\t\t\t\t<\/div><h2 class=\"is-title post-title\"><a href=\"https:\/\/elcardinal.com\/?p=6827\">Arranca fase intensiva del Consejo T\u00e9cnico Escolar rumbo al nuevo ciclo escolar<\/a><\/h2><div class=\"post-meta-items meta-below\"><span class=\"meta-item post-author\"><a href=\"https:\/\/elcardinal.com\/?author=2\" rel=\"author\">Antonio Alcaraz<\/a><\/span><span class=\"meta-item date\"><span class=\"date-link\"><time class=\"post-date\" datetime=\"2026-08-24T23:37:34-06:00\">24 agosto, 2026<\/time><\/span><\/span><\/div><\/div>\t\t\t\n\t\t\t\n\t\t\t\n\t\t<\/div>\n\n\t\t\t<\/div>\n\t\n<\/article>\n\t\t\t\t<\/div>\n\t\t\t\t\t\t\t\n\t\t\t\t\t\t\t\n\t\t\t\t<div class=\"item item-medium item-3 pos-bot\">\n\n\t\t\t\t\t\n<article class=\"l-post grid-overlay grid-overlay-a hover-zoom\">\n\n\t\n\t\t\t<div class=\"media\">\n\n\t\t\n\t\t\t<a href=\"https:\/\/elcardinal.com\/?p=6815\" class=\"image-link\" title=\"Alg\u00fan d\u00eda nadie recordar\u00e1 tu nombre\"><img loading=\"lazy\" decoding=\"async\" width=\"450\" height=\"377\" src=\"https:\/\/elcardinal.com\/wp-content\/uploads\/2026\/04\/FB_IMG_1775236107813-450x377.jpg\" class=\"attachment-bunyad-medium size-bunyad-medium wp-post-image\" alt=\"\" sizes=\"(max-width: 768px) 50vw, 350px\" title=\"Alg\u00fan d\u00eda nadie recordar\u00e1 tu nombre\" srcset=\"https:\/\/elcardinal.com\/wp-content\/uploads\/2026\/04\/FB_IMG_1775236107813-1024x858.jpg 1024w, https:\/\/elcardinal.com\/wp-content\/uploads\/2026\/04\/FB_IMG_1775236107813-768x644.jpg 768w, https:\/\/elcardinal.com\/wp-content\/uploads\/2026\/04\/FB_IMG_1775236107813.jpg 1126w\" \/><\/a>\t\t\t\n\t\t\t\n\t\t\t\n\t\t\t\n\t\t\n\t\t<\/div>\n\t\n\n\t\t\t<div class=\"content-wrap\">\n\t\n\t\t<div class=\"content\">\n\n\t\t\t<div class=\"post-meta post-meta-a meta-contrast has-below\"><div class=\"post-meta-items meta-above\"><span class=\"meta-item cat-labels\">\n\t\t\t\t\t\t\n\t\t\t\t\t\t<a href=\"https:\/\/elcardinal.com\/?cat=31\" class=\"category term-color-31\" rel=\"category\" tabindex=\"-1\">Hidalgo<\/a>\n\t\t\t\t\t<\/span>\n\t\t\t\t\t<\/div><h2 class=\"is-title post-title\"><a href=\"https:\/\/elcardinal.com\/?p=6815\">Alg\u00fan d\u00eda nadie recordar\u00e1 tu nombre<\/a><\/h2><div class=\"post-meta-items meta-below\"><span class=\"meta-item post-author\"><a href=\"https:\/\/elcardinal.com\/?author=2\" rel=\"author\">Antonio Alcaraz<\/a><\/span><span class=\"meta-item date\"><span class=\"date-link\"><time class=\"post-date\" datetime=\"2026-08-23T14:27:05-06:00\">23 agosto, 2026<\/time><\/span><\/span><\/div><\/div>\t\t\t\n\t\t\t\n\t\t\t\n\t\t<\/div>\n\n\t\t\t<\/div>\n\t\n<\/article>\n\t\t\t\t<\/div>\n\t\t\t\t\t\t\t\n\t\t\t\t\t\t\t\n\t\t\t\t\t<\/div>\n\t\t\n\t\t<\/div>\n\n<\/section>\n\t\t\t<\/div>\n\n\t\t<\/section>\n\t\t\t\t\t\t<\/div>\n\t\t\t\t<\/div>\n\t\t\t\t\t<\/div>\n\t\t<\/div>\n\t\t\t\t\t<\/div>\n\t\t<\/section>\n\t\t\t\t<section class=\"has-el-gap el-gap-default elementor-section elementor-top-section elementor-element elementor-element-5a2f4cf elementor-section-boxed elementor-section-height-default elementor-section-height-default\" data-id=\"5a2f4cf\" data-element_type=\"section\">\n\t\t\t\t\t\t<div class=\"elementor-container elementor-column-gap-no\">\n\t\t\t\t\t<div class=\"elementor-column elementor-col-100 elementor-top-column elementor-element elementor-element-113d0f1\" data-id=\"113d0f1\" data-element_type=\"column\">\n\t\t\t<div class=\"elementor-widget-wrap elementor-element-populated\">\n\t\t\t\t\t\t<div class=\"elementor-element elementor-element-3c681f4 elementor-widget elementor-widget-spacer\" data-id=\"3c681f4\" data-element_type=\"widget\" data-widget_type=\"spacer.default\">\n\t\t\t\t<div class=\"elementor-widget-container\">\n\t\t\t\t\t\t\t<div class=\"elementor-spacer\">\n\t\t\t<div class=\"elementor-spacer-inner\"><\/div>\n\t\t<\/div>\n\t\t\t\t\t\t<\/div>\n\t\t\t\t<\/div>\n\t\t\t\t\t<\/div>\n\t\t<\/div>\n\t\t\t\t\t<\/div>\n\t\t<\/section>\n\t\t\t\t<section class=\"has-el-gap el-gap-default elementor-section elementor-top-section elementor-element elementor-element-586c5c1 elementor-section-boxed elementor-section-height-default elementor-section-height-default\" data-id=\"586c5c1\" data-element_type=\"section\">\n\t\t\t\t\t\t<div class=\"elementor-container elementor-column-gap-no\">\n\t\t\t\t\t<div class=\"elementor-column elementor-col-66 elementor-top-column elementor-element elementor-element-9921d67 main-content\" data-id=\"9921d67\" data-element_type=\"column\">\n\t\t\t<div class=\"elementor-widget-wrap elementor-element-populated\">\n\t\t\t\t\t\t<div class=\"elementor-element elementor-element-4fcfe03 elementor-widget elementor-widget-smartmag-postslist\" data-id=\"4fcfe03\" data-element_type=\"widget\" data-widget_type=\"smartmag-postslist.default\">\n\t\t\t\t<div class=\"elementor-widget-container\">\n\t\t\t\t\t\t\t<section class=\"block-wrap block-posts-list block-sc mb-none\" data-id=\"2\" data-block=\"{&quot;id&quot;:&quot;posts-list&quot;,&quot;props&quot;:{&quot;cat_labels&quot;:1,&quot;cat_labels_pos&quot;:&quot;bot-left&quot;,&quot;reviews&quot;:&quot;radial&quot;,&quot;post_formats_pos&quot;:&quot;center&quot;,&quot;load_more_style&quot;:&quot;a&quot;,&quot;meta_cat_style&quot;:&quot;text&quot;,&quot;media_style_shadow&quot;:0,&quot;meta_sponsor&quot;:1,&quot;meta_sponsor_logo&quot;:0,&quot;meta_sponsor_label&quot;:&quot;Sponsor: {sponsor}&quot;,&quot;meta_above&quot;:[],&quot;meta_below&quot;:[&quot;author&quot;,&quot;date&quot;,&quot;comments&quot;],&quot;meta_sponsor_above&quot;:[],&quot;meta_sponsor_below&quot;:[&quot;sponsor&quot;,&quot;date&quot;],&quot;media_ratio&quot;:&quot;&quot;,&quot;media_ratio_custom&quot;:&quot;&quot;,&quot;media_width&quot;:&quot;&quot;,&quot;read_more&quot;:&quot;none&quot;,&quot;space_below&quot;:&quot;none&quot;,&quot;excerpt_length&quot;:21,&quot;container_width&quot;:66,&quot;cat&quot;:&quot;31&quot;,&quot;heading&quot;:&quot;*HIDA*LGO&quot;,&quot;pagination&quot;:&quot;1&quot;,&quot;terms&quot;:[&quot;31&quot;],&quot;heading_link&quot;:&quot;https:\\\/\\\/elcardinal.com\\\/?cat=31&quot;,&quot;posts&quot;:3,&quot;pagination_links&quot;:null,&quot;meta_sponsor_items_default&quot;:true,&quot;query_type&quot;:&quot;custom&quot;,&quot;sort_days&quot;:null,&quot;is_sc_call&quot;:true,&quot;meta_items_default&quot;:true}}\">\n\n\t\t\t\t\t\t\t\t\n\t\t\t\t\t\t\t\n\t\t\t\t<div class=\"block-head block-head-c is-left term-color-31\">\n\n\t\t\t\t\t<h4 class=\"heading\"><a href=\"https:\/\/elcardinal.com\/?cat=31\"><span class=\"color\">HIDA<\/span>LGO<\/a><\/h4>\t\t\t\t\t\n\t\t\t\t\t\t\t\t\t<\/div>\n\t\t\t\t\n\t\t\t\n\t\t\t\n\t\t\t<div class=\"block-content\">\n\t\t\t\t\t\n\t<div class=\"loop loop-list loop-sep loop-list-sep grid grid-1 md:grid-1 sm:grid-1\">\n\n\t\t\t\t\n\t\t\t\n<article class=\"l-post list-post list-post-on-sm m-pos-left\">\n\n\t\n\t\t\t<div class=\"media\">\n\n\t\t\n\t\t\t<a href=\"https:\/\/elcardinal.com\/?p=6865\" class=\"image-link media-ratio ratio-3-2\" title=\"Regresar\u00e1n a clases 569 mil estudiantes de educaci\u00f3n b\u00e1sica en Hidalgo\"><img loading=\"lazy\" decoding=\"async\" width=\"300\" height=\"200\" src=\"https:\/\/elcardinal.com\/wp-content\/uploads\/2026\/08\/2_Regresaran-a-clases-569-mil-estudiantes-de-educacion-basica-en-Hidalgo-300x200.jpg\" class=\"attachment-medium size-medium wp-post-image\" alt=\"\" sizes=\"(max-width: 300px) 100vw, 300px\" title=\"Regresar\u00e1n a clases 569 mil estudiantes de educaci\u00f3n b\u00e1sica en Hidalgo\" srcset=\"https:\/\/elcardinal.com\/wp-content\/uploads\/2026\/08\/2_Regresaran-a-clases-569-mil-estudiantes-de-educacion-basica-en-Hidalgo-300x200.jpg 300w, https:\/\/elcardinal.com\/wp-content\/uploads\/2026\/08\/2_Regresaran-a-clases-569-mil-estudiantes-de-educacion-basica-en-Hidalgo-1024x682.jpg 1024w, https:\/\/elcardinal.com\/wp-content\/uploads\/2026\/08\/2_Regresaran-a-clases-569-mil-estudiantes-de-educacion-basica-en-Hidalgo-768x512.jpg 768w, https:\/\/elcardinal.com\/wp-content\/uploads\/2026\/08\/2_Regresaran-a-clases-569-mil-estudiantes-de-educacion-basica-en-Hidalgo-150x100.jpg 150w, https:\/\/elcardinal.com\/wp-content\/uploads\/2026\/08\/2_Regresaran-a-clases-569-mil-estudiantes-de-educacion-basica-en-Hidalgo-450x300.jpg 450w, https:\/\/elcardinal.com\/wp-content\/uploads\/2026\/08\/2_Regresaran-a-clases-569-mil-estudiantes-de-educacion-basica-en-Hidalgo-1200x800.jpg 1200w, https:\/\/elcardinal.com\/wp-content\/uploads\/2026\/08\/2_Regresaran-a-clases-569-mil-estudiantes-de-educacion-basica-en-Hidalgo.jpg 1280w\" \/><\/a>\t\t\t\n\t\t\t\n\t\t\t\n\t\t\t\t\t\t\t\n\t\t\t\t<span class=\"cat-labels cat-labels-overlay c-overlay p-bot-left\">\n\t\t\t\t<a href=\"https:\/\/elcardinal.com\/?cat=404\" class=\"category term-color-404\" rel=\"category\" tabindex=\"-1\">Educaci\u00f3n<\/a>\n\t\t\t<\/span>\n\t\t\t\t\t\t\n\t\t\t\n\t\t\n\t\t<\/div>\n\t\n\n\t\n\t\t<div class=\"content\">\n\n\t\t\t<div class=\"post-meta post-meta-a has-below\"><h2 class=\"is-title post-title\"><a href=\"https:\/\/elcardinal.com\/?p=6865\">Regresar\u00e1n a clases 569 mil estudiantes de educaci\u00f3n b\u00e1sica en Hidalgo<\/a><\/h2><div class=\"post-meta-items meta-below\"><span class=\"meta-item post-author\"><span class=\"by\">By<\/span> <a href=\"https:\/\/elcardinal.com\/?author=2\" rel=\"author\">Antonio Alcaraz<\/a><\/span><span class=\"meta-item has-next-icon date\"><span class=\"date-link\"><time class=\"post-date\" datetime=\"2026-08-30T19:41:04-06:00\">30 agosto, 2026<\/time><\/span><\/span><span class=\"meta-item comments has-icon\"><a href=\"https:\/\/elcardinal.com\/?p=6865#respond\"><i class=\"tsi tsi-comment-o\"><\/i>0<\/a><\/span><\/div><\/div>\t\t\t\n\t\t\t\t\t\t\n\t\t\t\t<div class=\"excerpt\">\n\t\t\t\t\t<p>Redacci\u00f3n El secretario de Educaci\u00f3n P\u00fablica de Hidalgo, Natividad Castrej\u00f3n Valdez, inform\u00f3 que 569 mil estudiantes de educaci\u00f3n b\u00e1sica regresar\u00e1n a&hellip;<\/p>\n\t\t\t\t<\/div>\n\t\t\t\n\t\t\t\n\t\t\t\n\t\t<\/div>\n\n\t\n<\/article>\n\t\t\t\t\n\t\t\t\n<article class=\"l-post list-post list-post-on-sm m-pos-left\">\n\n\t\n\t\t\t<div class=\"media\">\n\n\t\t\n\t\t\t<a href=\"https:\/\/elcardinal.com\/?p=6840\" class=\"image-link media-ratio ratio-3-2\" title=\"Andr\u00e9s Vel\u00e1zquez destaca resultados y cercan\u00eda con la ciudadan\u00eda durante su segundo informe\"><img loading=\"lazy\" decoding=\"async\" width=\"300\" height=\"200\" src=\"https:\/\/elcardinal.com\/wp-content\/uploads\/2026\/08\/WhatsApp-Image-2026-08-28-at-8.26.37-PM-1-300x236.jpeg\" class=\"attachment-medium size-medium wp-post-image\" alt=\"\" sizes=\"(max-width: 300px) 100vw, 300px\" title=\"Andr\u00e9s Vel\u00e1zquez destaca resultados y cercan\u00eda con la ciudadan\u00eda durante su segundo informe\" srcset=\"https:\/\/elcardinal.com\/wp-content\/uploads\/2026\/08\/WhatsApp-Image-2026-08-28-at-8.26.37-PM-1-300x236.jpeg 300w, https:\/\/elcardinal.com\/wp-content\/uploads\/2026\/08\/WhatsApp-Image-2026-08-28-at-8.26.37-PM-1-1024x806.jpeg 1024w, https:\/\/elcardinal.com\/wp-content\/uploads\/2026\/08\/WhatsApp-Image-2026-08-28-at-8.26.37-PM-1-768x604.jpeg 768w, https:\/\/elcardinal.com\/wp-content\/uploads\/2026\/08\/WhatsApp-Image-2026-08-28-at-8.26.37-PM-1-450x354.jpeg 450w, https:\/\/elcardinal.com\/wp-content\/uploads\/2026\/08\/WhatsApp-Image-2026-08-28-at-8.26.37-PM-1-1200x944.jpeg 1200w, https:\/\/elcardinal.com\/wp-content\/uploads\/2026\/08\/WhatsApp-Image-2026-08-28-at-8.26.37-PM-1.jpeg 1280w\" \/><\/a>\t\t\t\n\t\t\t\n\t\t\t\n\t\t\t\t\t\t\t\n\t\t\t\t<span class=\"cat-labels cat-labels-overlay c-overlay p-bot-left\">\n\t\t\t\t<a href=\"https:\/\/elcardinal.com\/?cat=31\" class=\"category term-color-31\" rel=\"category\" tabindex=\"-1\">Hidalgo<\/a>\n\t\t\t<\/span>\n\t\t\t\t\t\t\n\t\t\t\n\t\t\n\t\t<\/div>\n\t\n\n\t\n\t\t<div class=\"content\">\n\n\t\t\t<div class=\"post-meta post-meta-a has-below\"><h2 class=\"is-title post-title\"><a href=\"https:\/\/elcardinal.com\/?p=6840\">Andr\u00e9s Vel\u00e1zquez destaca resultados y cercan\u00eda con la ciudadan\u00eda durante su segundo informe<\/a><\/h2><div class=\"post-meta-items meta-below\"><span class=\"meta-item post-author\"><span class=\"by\">By<\/span> <a href=\"https:\/\/elcardinal.com\/?author=2\" rel=\"author\">Antonio Alcaraz<\/a><\/span><span class=\"meta-item has-next-icon date\"><span class=\"date-link\"><time class=\"post-date\" datetime=\"2026-08-28T20:35:13-06:00\">28 agosto, 2026<\/time><\/span><\/span><span class=\"meta-item comments has-icon\"><a href=\"https:\/\/elcardinal.com\/?p=6840#respond\"><i class=\"tsi tsi-comment-o\"><\/i>0<\/a><\/span><\/div><\/div>\t\t\t\n\t\t\t\t\t\t\n\t\t\t\t<div class=\"excerpt\">\n\t\t\t\t\t<p>Por: Jos\u00e9 Antonio Alcaraz Su\u00e1rez Con la presencia del gobernador de Hidalgo, Julio Menchaca Salazar, y de la presidenta del Tribunal&hellip;<\/p>\n\t\t\t\t<\/div>\n\t\t\t\n\t\t\t\n\t\t\t\n\t\t<\/div>\n\n\t\n<\/article>\n\t\t\t\t\n\t\t\t\n<article class=\"l-post list-post list-post-on-sm m-pos-left\">\n\n\t\n\t\t\t<div class=\"media\">\n\n\t\t\n\t\t\t<a href=\"https:\/\/elcardinal.com\/?p=6861\" class=\"image-link media-ratio ratio-3-2\" title=\"\u201cLa pol\u00edtica se mide en la confianza de la gente\u201d: Andr\u00e9s Vel\u00e1zquez V\u00e1zquez presenta su Segundo Informe de Actividades\"><img loading=\"lazy\" decoding=\"async\" width=\"300\" height=\"200\" src=\"https:\/\/elcardinal.com\/wp-content\/uploads\/2026\/08\/28.08.2026-2do.-Informe-Andres-Velazquez-137-300x200.jpg\" class=\"attachment-medium size-medium wp-post-image\" alt=\"\" sizes=\"(max-width: 300px) 100vw, 300px\" title=\"\u201cLa pol\u00edtica se mide en la confianza de la gente\u201d: Andr\u00e9s Vel\u00e1zquez V\u00e1zquez presenta su Segundo Informe de Actividades\" srcset=\"https:\/\/elcardinal.com\/wp-content\/uploads\/2026\/08\/28.08.2026-2do.-Informe-Andres-Velazquez-137-300x200.jpg 300w, https:\/\/elcardinal.com\/wp-content\/uploads\/2026\/08\/28.08.2026-2do.-Informe-Andres-Velazquez-137-1024x683.jpg 1024w, https:\/\/elcardinal.com\/wp-content\/uploads\/2026\/08\/28.08.2026-2do.-Informe-Andres-Velazquez-137-768x512.jpg 768w, https:\/\/elcardinal.com\/wp-content\/uploads\/2026\/08\/28.08.2026-2do.-Informe-Andres-Velazquez-137-1536x1024.jpg 1536w, https:\/\/elcardinal.com\/wp-content\/uploads\/2026\/08\/28.08.2026-2do.-Informe-Andres-Velazquez-137-2048x1365.jpg 2048w, https:\/\/elcardinal.com\/wp-content\/uploads\/2026\/08\/28.08.2026-2do.-Informe-Andres-Velazquez-137-150x100.jpg 150w, https:\/\/elcardinal.com\/wp-content\/uploads\/2026\/08\/28.08.2026-2do.-Informe-Andres-Velazquez-137-450x300.jpg 450w, https:\/\/elcardinal.com\/wp-content\/uploads\/2026\/08\/28.08.2026-2do.-Informe-Andres-Velazquez-137-1200x800.jpg 1200w\" \/><\/a>\t\t\t\n\t\t\t\n\t\t\t\n\t\t\t\t\t\t\t\n\t\t\t\t<span class=\"cat-labels cat-labels-overlay c-overlay p-bot-left\">\n\t\t\t\t<a href=\"https:\/\/elcardinal.com\/?cat=31\" class=\"category term-color-31\" rel=\"category\" tabindex=\"-1\">Hidalgo<\/a>\n\t\t\t<\/span>\n\t\t\t\t\t\t\n\t\t\t\n\t\t\n\t\t<\/div>\n\t\n\n\t\n\t\t<div class=\"content\">\n\n\t\t\t<div class=\"post-meta post-meta-a has-below\"><h2 class=\"is-title post-title\"><a href=\"https:\/\/elcardinal.com\/?p=6861\">\u201cLa pol\u00edtica se mide en la confianza de la gente\u201d: Andr\u00e9s Vel\u00e1zquez V\u00e1zquez presenta su Segundo Informe de Actividades<\/a><\/h2><div class=\"post-meta-items meta-below\"><span class=\"meta-item post-author\"><span class=\"by\">By<\/span> <a href=\"https:\/\/elcardinal.com\/?author=2\" rel=\"author\">Antonio Alcaraz<\/a><\/span><span class=\"meta-item has-next-icon date\"><span class=\"date-link\"><time class=\"post-date\" datetime=\"2026-08-28T09:14:47-06:00\">28 agosto, 2026<\/time><\/span><\/span><span class=\"meta-item comments has-icon\"><a href=\"https:\/\/elcardinal.com\/?p=6861#respond\"><i class=\"tsi tsi-comment-o\"><\/i>0<\/a><\/span><\/div><\/div>\t\t\t\n\t\t\t\t\t\t\n\t\t\t\t<div class=\"excerpt\">\n\t\t\t\t\t<p>Redacci\u00f3n Con un mensaje centrado en la cercan\u00eda ciudadana, la coordinaci\u00f3n institucional y los resultados legislativos, el diputado Andr\u00e9s Vel\u00e1zquez V\u00e1zquez,&hellip;<\/p>\n\t\t\t\t<\/div>\n\t\t\t\n\t\t\t\n\t\t\t\n\t\t<\/div>\n\n\t\n<\/article>\n\t\t\n\t<\/div>\n\n\t\n\n\t<nav class=\"main-pagination pagination-numbers\" data-type=\"numbers-ajax\">\n\t\t<span aria-current=\"page\" class=\"page-numbers current\">1<\/span>\n<a class=\"page-numbers\" href=\"https:\/\/elcardinal.com\/index.php\/?paged=2\">2<\/a>\n<a class=\"page-numbers\" href=\"https:\/\/elcardinal.com\/index.php\/?paged=3\">3<\/a>\n<span class=\"page-numbers dots\">&hellip;<\/span>\n<a class=\"page-numbers\" href=\"https:\/\/elcardinal.com\/index.php\/?paged=187\">187<\/a>\n<a class=\"next page-numbers\" href=\"https:\/\/elcardinal.com\/index.php\/?paged=2\"><span class=\"visuallyhidden\">Next<\/span><i class=\"tsi tsi-angle-right\"><\/i><\/a>\t<\/nav>\n\n\n\t\t\t\t<\/div>\n\n\t\t<\/section>\n\t\t\t\t\t\t<\/div>\n\t\t\t\t<\/div>\n\t\t\t\t<div class=\"elementor-element elementor-element-8303665 elementor-widget elementor-widget-smartmag-postslist\" data-id=\"8303665\" data-element_type=\"widget\" data-widget_type=\"smartmag-postslist.default\">\n\t\t\t\t<div class=\"elementor-widget-container\">\n\t\t\t\t\t\t\t<section class=\"block-wrap block-posts-list block-sc mb-none\" data-id=\"3\" data-block=\"{&quot;id&quot;:&quot;posts-list&quot;,&quot;props&quot;:{&quot;cat_labels&quot;:1,&quot;cat_labels_pos&quot;:&quot;bot-left&quot;,&quot;reviews&quot;:&quot;radial&quot;,&quot;post_formats_pos&quot;:&quot;center&quot;,&quot;load_more_style&quot;:&quot;a&quot;,&quot;meta_cat_style&quot;:&quot;text&quot;,&quot;media_style_shadow&quot;:0,&quot;meta_sponsor&quot;:1,&quot;meta_sponsor_logo&quot;:0,&quot;meta_sponsor_label&quot;:&quot;Sponsor: {sponsor}&quot;,&quot;meta_above&quot;:[],&quot;meta_below&quot;:[&quot;author&quot;,&quot;date&quot;,&quot;comments&quot;],&quot;meta_sponsor_above&quot;:[],&quot;meta_sponsor_below&quot;:[&quot;sponsor&quot;,&quot;date&quot;],&quot;media_ratio&quot;:&quot;&quot;,&quot;media_ratio_custom&quot;:&quot;&quot;,&quot;media_width&quot;:&quot;&quot;,&quot;read_more&quot;:&quot;none&quot;,&quot;space_below&quot;:&quot;none&quot;,&quot;excerpt_length&quot;:21,&quot;container_width&quot;:66,&quot;cat&quot;:&quot;404&quot;,&quot;heading&quot;:&quot;*EDU*CACI\\u00d3N&quot;,&quot;pagination&quot;:&quot;1&quot;,&quot;heading_link&quot;:&quot;https:\\\/\\\/elcardinal.com\\\/?cat=404&quot;,&quot;posts&quot;:1,&quot;pagination_links&quot;:null,&quot;meta_sponsor_items_default&quot;:true,&quot;query_type&quot;:&quot;custom&quot;,&quot;sort_days&quot;:null,&quot;is_sc_call&quot;:true,&quot;meta_items_default&quot;:true}}\">\n\n\t\t\t\t\t\t\t\t\n\t\t\t\t\t\t\t\n\t\t\t\t<div class=\"block-head block-head-c is-left term-color-404\">\n\n\t\t\t\t\t<h4 class=\"heading\"><a href=\"https:\/\/elcardinal.com\/?cat=404\"><span class=\"color\">EDU<\/span>CACI\u00d3N<\/a><\/h4>\t\t\t\t\t\n\t\t\t\t\t\t\t\t\t<\/div>\n\t\t\t\t\n\t\t\t\n\t\t\t\n\t\t\t<div class=\"block-content\">\n\t\t\t\t\t\n\t<div class=\"loop loop-list loop-sep loop-list-sep grid grid-1 md:grid-1 sm:grid-1\">\n\n\t\t\t\t\n\t\t\t\n<article class=\"l-post list-post list-post-on-sm m-pos-left\">\n\n\t\n\t\t\t<div class=\"media\">\n\n\t\t\n\t\t\t<a href=\"https:\/\/elcardinal.com\/?p=6865\" class=\"image-link media-ratio ratio-3-2\" title=\"Regresar\u00e1n a clases 569 mil estudiantes de educaci\u00f3n b\u00e1sica en Hidalgo\"><img loading=\"lazy\" decoding=\"async\" width=\"300\" height=\"200\" src=\"https:\/\/elcardinal.com\/wp-content\/uploads\/2026\/08\/2_Regresaran-a-clases-569-mil-estudiantes-de-educacion-basica-en-Hidalgo-300x200.jpg\" class=\"attachment-medium size-medium wp-post-image\" alt=\"\" sizes=\"(max-width: 300px) 100vw, 300px\" title=\"Regresar\u00e1n a clases 569 mil estudiantes de educaci\u00f3n b\u00e1sica en Hidalgo\" srcset=\"https:\/\/elcardinal.com\/wp-content\/uploads\/2026\/08\/2_Regresaran-a-clases-569-mil-estudiantes-de-educacion-basica-en-Hidalgo-300x200.jpg 300w, https:\/\/elcardinal.com\/wp-content\/uploads\/2026\/08\/2_Regresaran-a-clases-569-mil-estudiantes-de-educacion-basica-en-Hidalgo-1024x682.jpg 1024w, https:\/\/elcardinal.com\/wp-content\/uploads\/2026\/08\/2_Regresaran-a-clases-569-mil-estudiantes-de-educacion-basica-en-Hidalgo-768x512.jpg 768w, https:\/\/elcardinal.com\/wp-content\/uploads\/2026\/08\/2_Regresaran-a-clases-569-mil-estudiantes-de-educacion-basica-en-Hidalgo-150x100.jpg 150w, https:\/\/elcardinal.com\/wp-content\/uploads\/2026\/08\/2_Regresaran-a-clases-569-mil-estudiantes-de-educacion-basica-en-Hidalgo-450x300.jpg 450w, https:\/\/elcardinal.com\/wp-content\/uploads\/2026\/08\/2_Regresaran-a-clases-569-mil-estudiantes-de-educacion-basica-en-Hidalgo-1200x800.jpg 1200w, https:\/\/elcardinal.com\/wp-content\/uploads\/2026\/08\/2_Regresaran-a-clases-569-mil-estudiantes-de-educacion-basica-en-Hidalgo.jpg 1280w\" \/><\/a>\t\t\t\n\t\t\t\n\t\t\t\n\t\t\t\t\t\t\t\n\t\t\t\t<span class=\"cat-labels cat-labels-overlay c-overlay p-bot-left\">\n\t\t\t\t<a href=\"https:\/\/elcardinal.com\/?cat=404\" class=\"category term-color-404\" rel=\"category\" tabindex=\"-1\">Educaci\u00f3n<\/a>\n\t\t\t<\/span>\n\t\t\t\t\t\t\n\t\t\t\n\t\t\n\t\t<\/div>\n\t\n\n\t\n\t\t<div class=\"content\">\n\n\t\t\t<div class=\"post-meta post-meta-a has-below\"><h2 class=\"is-title post-title\"><a href=\"https:\/\/elcardinal.com\/?p=6865\">Regresar\u00e1n a clases 569 mil estudiantes de educaci\u00f3n b\u00e1sica en Hidalgo<\/a><\/h2><div class=\"post-meta-items meta-below\"><span class=\"meta-item post-author\"><span class=\"by\">By<\/span> <a href=\"https:\/\/elcardinal.com\/?author=2\" rel=\"author\">Antonio Alcaraz<\/a><\/span><span class=\"meta-item has-next-icon date\"><span class=\"date-link\"><time class=\"post-date\" datetime=\"2026-08-30T19:41:04-06:00\">30 agosto, 2026<\/time><\/span><\/span><span class=\"meta-item comments has-icon\"><a href=\"https:\/\/elcardinal.com\/?p=6865#respond\"><i class=\"tsi tsi-comment-o\"><\/i>0<\/a><\/span><\/div><\/div>\t\t\t\n\t\t\t\t\t\t\n\t\t\t\t<div class=\"excerpt\">\n\t\t\t\t\t<p>Redacci\u00f3n El secretario de Educaci\u00f3n P\u00fablica de Hidalgo, Natividad Castrej\u00f3n Valdez, inform\u00f3 que 569 mil estudiantes de educaci\u00f3n b\u00e1sica regresar\u00e1n a&hellip;<\/p>\n\t\t\t\t<\/div>\n\t\t\t\n\t\t\t\n\t\t\t\n\t\t<\/div>\n\n\t\n<\/article>\n\t\t\n\t<\/div>\n\n\t\n\n\t<nav class=\"main-pagination pagination-numbers\" data-type=\"numbers-ajax\">\n\t\t<span aria-current=\"page\" class=\"page-numbers current\">1<\/span>\n<a class=\"page-numbers\" href=\"https:\/\/elcardinal.com\/index.php\/?paged=2\">2<\/a>\n<a class=\"page-numbers\" href=\"https:\/\/elcardinal.com\/index.php\/?paged=3\">3<\/a>\n<span class=\"page-numbers dots\">&hellip;<\/span>\n<a class=\"page-numbers\" href=\"https:\/\/elcardinal.com\/index.php\/?paged=71\">71<\/a>\n<a class=\"next page-numbers\" href=\"https:\/\/elcardinal.com\/index.php\/?paged=2\"><span class=\"visuallyhidden\">Next<\/span><i class=\"tsi tsi-angle-right\"><\/i><\/a>\t<\/nav>\n\n\n\t\t\t\t<\/div>\n\n\t\t<\/section>\n\t\t\t\t\t\t<\/div>\n\t\t\t\t<\/div>\n\t\t\t\t\t<\/div>\n\t\t<\/div>\n\t\t\t\t<div class=\"elementor-column elementor-col-33 elementor-top-column elementor-element elementor-element-ca6b821 main-sidebar main-sidebar ts-sticky-col\" data-id=\"ca6b821\" data-element_type=\"column\">\n\t\t\t<div class=\"elementor-widget-wrap elementor-element-populated\">\n\t\t\t\t\t\t<div class=\"elementor-element elementor-element-507a3e9 elementor-widget elementor-widget-spacer\" data-id=\"507a3e9\" data-element_type=\"widget\" data-widget_type=\"spacer.default\">\n\t\t\t\t<div class=\"elementor-widget-container\">\n\t\t\t\t\t\t\t<div class=\"elementor-spacer\">\n\t\t\t<div class=\"elementor-spacer-inner\"><\/div>\n\t\t<\/div>\n\t\t\t\t\t\t<\/div>\n\t\t\t\t<\/div>\n\t\t\t\t<div class=\"elementor-element elementor-element-55eb96b elementor-widget elementor-widget-image\" data-id=\"55eb96b\" data-element_type=\"widget\" data-widget_type=\"image.default\">\n\t\t\t\t<div class=\"elementor-widget-container\">\n\t\t\t\t\t\t\t\t\t\t\t\t\t\t\t\t<a href=\"https:\/\/cuartoinforme.hidalgo.gob.mx\/\">\n\t\t\t\t\t\t\t<img loading=\"lazy\" decoding=\"async\" class=\"attachment-large size-large wp-image-6853 lazyload\" width=\"625\" height=\"521\" src=\"data:image\/svg+xml;base64,PHN2ZyB2aWV3Qm94PScwIDAgNjI1IDUyMScgeG1sbnM9J2h0dHA6Ly93d3cudzMub3JnLzIwMDAvc3ZnJz48L3N2Zz4=\" alt srcset=\"https:\/\/elcardinal.com\/wp-content\/uploads\/2026\/08\/ADS-86-mil-becas-300x250-1.png 625w, https:\/\/elcardinal.com\/wp-content\/uploads\/2026\/08\/ADS-86-mil-becas-300x250-1-300x250.png 300w, https:\/\/elcardinal.com\/wp-content\/uploads\/2026\/08\/ADS-86-mil-becas-300x250-1-150x125.png 150w, https:\/\/elcardinal.com\/wp-content\/uploads\/2026\/08\/ADS-86-mil-becas-300x250-1-450x375.png 450w\" sizes=\"(max-width: 625px) 100vw, 625px\" data-src=\"https:\/\/elcardinal.com\/wp-content\/uploads\/2026\/08\/ADS-86-mil-becas-300x250-1.png\" \/>\t\t\t\t\t\t\t\t<\/a>\n\t\t\t\t\t\t\t\t\t\t\t\t\t\t\t<\/div>\n\t\t\t\t<\/div>\n\t\t\t\t<div class=\"elementor-element elementor-element-de7f719 elementor-widget elementor-widget-spacer\" data-id=\"de7f719\" data-element_type=\"widget\" data-widget_type=\"spacer.default\">\n\t\t\t\t<div class=\"elementor-widget-container\">\n\t\t\t\t\t\t\t<div class=\"elementor-spacer\">\n\t\t\t<div class=\"elementor-spacer-inner\"><\/div>\n\t\t<\/div>\n\t\t\t\t\t\t<\/div>\n\t\t\t\t<\/div>\n\t\t\t\t<div class=\"elementor-element elementor-element-a297ad7 elementor-widget elementor-widget-smartmag-highlights\" data-id=\"a297ad7\" data-element_type=\"widget\" data-widget_type=\"smartmag-highlights.default\">\n\t\t\t\t<div class=\"elementor-widget-container\">\n\t\t\t\t\t\t\t<section class=\"block-wrap block-highlights block-sc\" data-id=\"4\" data-block=\"{&quot;id&quot;:&quot;highlights&quot;,&quot;props&quot;:{&quot;cat_labels&quot;:1,&quot;cat_labels_pos&quot;:&quot;bot-left&quot;,&quot;reviews&quot;:&quot;radial&quot;,&quot;post_formats_pos&quot;:&quot;center&quot;,&quot;load_more_style&quot;:&quot;a&quot;,&quot;meta_cat_style&quot;:&quot;text&quot;,&quot;media_style_shadow&quot;:0,&quot;meta_sponsor&quot;:1,&quot;meta_sponsor_logo&quot;:0,&quot;meta_sponsor_label&quot;:&quot;Sponsor: {sponsor}&quot;,&quot;meta_above&quot;:[],&quot;meta_below&quot;:[&quot;author&quot;,&quot;date&quot;,&quot;comments&quot;],&quot;meta_sponsor_above&quot;:[],&quot;meta_sponsor_below&quot;:[&quot;sponsor&quot;,&quot;date&quot;],&quot;columns&quot;:&quot;1&quot;,&quot;excerpt_length&quot;:9,&quot;container_width&quot;:33,&quot;heading_type&quot;:&quot;g&quot;,&quot;heading&quot;:&quot;METR\\u00d3POLI&quot;,&quot;separators&quot;:&quot;1&quot;,&quot;cat&quot;:&quot;3&quot;,&quot;terms&quot;:[&quot;32&quot;],&quot;posts&quot;:2,&quot;pagination&quot;:&quot;1&quot;,&quot;heading_link&quot;:&quot;https:\\\/\\\/elcardinal.com\\\/?cat=32&quot;,&quot;pagination_links&quot;:null,&quot;meta_sponsor_items_default&quot;:true,&quot;query_type&quot;:&quot;custom&quot;,&quot;sort_days&quot;:null,&quot;is_sc_call&quot;:true,&quot;meta_items_default&quot;:true}}\" data-is-mixed=\"1\">\n\n\t\t\t\t\t\t\t\t\n\t\t\t\t\t\t\t\n\t\t\t\t<div class=\"block-head block-head-ac block-head-g is-left\">\n\n\t\t\t\t\t<h4 class=\"heading\"><a href=\"https:\/\/elcardinal.com\/?cat=32\">METR\u00d3POLI<\/a><\/h4>\t\t\t\t\t\n\t\t\t\t\t\t\t\t\t<\/div>\n\t\t\t\t\n\t\t\t\n\t\t\t\n\t\t\t<div class=\"block-content\">\n\t\t\t\t\t\n\t<div class=\"loops-mixed\">\n\t\t\t\n\t<div class=\"loop loop-grid loop-grid-base grid grid-1 md:grid-1 xs:grid-1\">\n\n\t\t\t\t\t\n<article class=\"l-post grid-post grid-base-post\">\n\n\t\n\t\t\t<div class=\"media\">\n\n\t\t\n\t\t\t<a href=\"https:\/\/elcardinal.com\/?p=6795\" class=\"image-link media-ratio ratio-16-9\" title=\"Mustafa, el hipnotista que promete poner a prueba la mente de Pachuca\"><img loading=\"lazy\" decoding=\"async\" width=\"377\" height=\"212\" src=\"https:\/\/elcardinal.com\/wp-content\/uploads\/2026\/08\/IMG_20260820_095008-450x300.jpg\" class=\"attachment-bunyad-medium size-bunyad-medium wp-post-image\" alt=\"\" sizes=\"(max-width: 377px) 100vw, 377px\" title=\"Mustafa, el hipnotista que promete poner a prueba la mente de Pachuca\" srcset=\"https:\/\/elcardinal.com\/wp-content\/uploads\/2026\/08\/IMG_20260820_095008-450x300.jpg 450w, https:\/\/elcardinal.com\/wp-content\/uploads\/2026\/08\/IMG_20260820_095008-1024x682.jpg 1024w, https:\/\/elcardinal.com\/wp-content\/uploads\/2026\/08\/IMG_20260820_095008-768x512.jpg 768w, https:\/\/elcardinal.com\/wp-content\/uploads\/2026\/08\/IMG_20260820_095008-1536x1023.jpg 1536w, https:\/\/elcardinal.com\/wp-content\/uploads\/2026\/08\/IMG_20260820_095008-1200x799.jpg 1200w, https:\/\/elcardinal.com\/wp-content\/uploads\/2026\/08\/IMG_20260820_095008.jpg 1920w\" \/><\/a>\t\t\t\n\t\t\t\n\t\t\t\n\t\t\t\t\t\t\t\n\t\t\t\t<span class=\"cat-labels cat-labels-overlay c-overlay p-bot-left\">\n\t\t\t\t<a href=\"https:\/\/elcardinal.com\/?cat=31\" class=\"category term-color-31\" rel=\"category\" tabindex=\"-1\">Hidalgo<\/a>\n\t\t\t<\/span>\n\t\t\t\t\t\t\n\t\t\t\n\t\t\n\t\t<\/div>\n\t\n\n\t\n\t\t<div class=\"content\">\n\n\t\t\t<div class=\"post-meta post-meta-a has-below\"><h2 class=\"is-title post-title\"><a href=\"https:\/\/elcardinal.com\/?p=6795\">Mustafa, el hipnotista que promete poner a prueba la mente de Pachuca<\/a><\/h2><div class=\"post-meta-items meta-below\"><span class=\"meta-item post-author\"><span class=\"by\">By<\/span> <a href=\"https:\/\/elcardinal.com\/?author=2\" rel=\"author\">Antonio Alcaraz<\/a><\/span><span class=\"meta-item has-next-icon date\"><span class=\"date-link\"><time class=\"post-date\" datetime=\"2026-08-20T10:10:28-06:00\">20 agosto, 2026<\/time><\/span><\/span><span class=\"meta-item comments has-icon\"><a href=\"https:\/\/elcardinal.com\/?p=6795#respond\"><i class=\"tsi tsi-comment-o\"><\/i>0<\/a><\/span><\/div><\/div>\t\t\t\n\t\t\t\t\t\t\n\t\t\t\t<div class=\"excerpt\">\n\t\t\t\t\t<p>Por: Jos\u00e9 Antonio Alcaraz Su\u00e1rez Con 12 a\u00f1os de&hellip;<\/p>\n\t\t\t\t<\/div>\n\t\t\t\n\t\t\t\n\t\t\t\n\t\t<\/div>\n\n\t\n<\/article>\t\t\n\t<\/div>\n\n\t\t\n\n\t<div class=\"loop loop-small loop-small-a loop-sep loop-small-sep grid grid-1 md:grid-1 sm:grid-1 xs:grid-1\">\n\n\t\t\t\t\t\n<article class=\"l-post small-post small-a-post m-pos-left\">\n\n\t\n\t\t\t<div class=\"media\">\n\n\t\t\n\t\t\t<a href=\"https:\/\/elcardinal.com\/?p=6788\" class=\"image-link media-ratio ar-bunyad-thumb\" title=\"Hidalgo prepara una fiesta en grande para sus adultos mayores\"><img loading=\"lazy\" decoding=\"async\" width=\"110\" height=\"76\" src=\"https:\/\/elcardinal.com\/wp-content\/uploads\/2026\/08\/WhatsApp-Image-2026-08-19-at-4.01.02-PM-215x300.jpeg\" class=\"attachment-medium size-medium wp-post-image\" alt=\"\" sizes=\"(max-width: 110px) 100vw, 110px\" title=\"Hidalgo prepara una fiesta en grande para sus adultos mayores\" srcset=\"https:\/\/elcardinal.com\/wp-content\/uploads\/2026\/08\/WhatsApp-Image-2026-08-19-at-4.01.02-PM-215x300.jpeg 215w, https:\/\/elcardinal.com\/wp-content\/uploads\/2026\/08\/WhatsApp-Image-2026-08-19-at-4.01.02-PM-734x1024.jpeg 734w, https:\/\/elcardinal.com\/wp-content\/uploads\/2026\/08\/WhatsApp-Image-2026-08-19-at-4.01.02-PM-768x1071.jpeg 768w, https:\/\/elcardinal.com\/wp-content\/uploads\/2026\/08\/WhatsApp-Image-2026-08-19-at-4.01.02-PM-150x209.jpeg 150w, https:\/\/elcardinal.com\/wp-content\/uploads\/2026\/08\/WhatsApp-Image-2026-08-19-at-4.01.02-PM-450x627.jpeg 450w, https:\/\/elcardinal.com\/wp-content\/uploads\/2026\/08\/WhatsApp-Image-2026-08-19-at-4.01.02-PM.jpeg 918w\" \/><\/a>\t\t\t\n\t\t\t\n\t\t\t\n\t\t\t\n\t\t\n\t\t<\/div>\n\t\n\n\t\n\t\t<div class=\"content\">\n\n\t\t\t<div class=\"post-meta post-meta-a post-meta-left has-below\"><h4 class=\"is-title post-title\"><a href=\"https:\/\/elcardinal.com\/?p=6788\">Hidalgo prepara una fiesta en grande para sus adultos mayores<\/a><\/h4><div class=\"post-meta-items meta-below\"><span class=\"meta-item date\"><span class=\"date-link\"><time class=\"post-date\" datetime=\"2026-08-20T08:38:30-06:00\">20 agosto, 2026<\/time><\/span><\/span><\/div><\/div>\t\t\t\n\t\t\t\n\t\t\t\n\t\t<\/div>\n\n\t\n<\/article>\t\n\t\t\n\t<\/div>\n\n\t\t\t<\/div>\n\n\n\t\n\n\t<nav class=\"main-pagination pagination-numbers\" data-type=\"numbers-ajax\">\n\t\t<span aria-current=\"page\" class=\"page-numbers current\">1<\/span>\n<a class=\"page-numbers\" href=\"https:\/\/elcardinal.com\/index.php\/?paged=2\">2<\/a>\n<a class=\"page-numbers\" href=\"https:\/\/elcardinal.com\/index.php\/?paged=3\">3<\/a>\n<span class=\"page-numbers dots\">&hellip;<\/span>\n<a class=\"page-numbers\" href=\"https:\/\/elcardinal.com\/index.php\/?paged=57\">57<\/a>\n<a class=\"next page-numbers\" href=\"https:\/\/elcardinal.com\/index.php\/?paged=2\"><span class=\"visuallyhidden\">Next<\/span><i class=\"tsi tsi-angle-right\"><\/i><\/a>\t<\/nav>\n\n\n\t\t\t<\/div>\n\n\t\t<\/section>\n\t\t\t\t\t\t<\/div>\n\t\t\t\t<\/div>\n\t\t\t\t<div class=\"elementor-element elementor-element-f876ccd elementor-widget elementor-widget-image\" data-id=\"f876ccd\" data-element_type=\"widget\" data-widget_type=\"image.default\">\n\t\t\t\t<div class=\"elementor-widget-container\">\n\t\t\t\t\t\t\t\t\t\t\t\t\t\t\t\t<a href=\"https:\/\/cuartoinforme.hidalgo.gob.mx\/\">\n\t\t\t\t\t\t\t<img loading=\"lazy\" decoding=\"async\" class=\"attachment-large size-large wp-image-6852 lazyload\" width=\"625\" height=\"521\" src=\"data:image\/svg+xml;base64,PHN2ZyB2aWV3Qm94PScwIDAgNjI1IDUyMScgeG1sbnM9J2h0dHA6Ly93d3cudzMub3JnLzIwMDAvc3ZnJz48L3N2Zz4=\" alt srcset=\"https:\/\/elcardinal.com\/wp-content\/uploads\/2026\/08\/ADS-316km-carreteras-300x250-1.png 625w, https:\/\/elcardinal.com\/wp-content\/uploads\/2026\/08\/ADS-316km-carreteras-300x250-1-300x250.png 300w, https:\/\/elcardinal.com\/wp-content\/uploads\/2026\/08\/ADS-316km-carreteras-300x250-1-150x125.png 150w, https:\/\/elcardinal.com\/wp-content\/uploads\/2026\/08\/ADS-316km-carreteras-300x250-1-450x375.png 450w\" sizes=\"(max-width: 625px) 100vw, 625px\" data-src=\"https:\/\/elcardinal.com\/wp-content\/uploads\/2026\/08\/ADS-316km-carreteras-300x250-1.png\" \/>\t\t\t\t\t\t\t\t<\/a>\n\t\t\t\t\t\t\t\t\t\t\t\t\t\t\t<\/div>\n\t\t\t\t<\/div>\n\t\t\t\t<div class=\"elementor-element elementor-element-d6b2362 elementor-widget elementor-widget-spacer\" data-id=\"d6b2362\" data-element_type=\"widget\" data-widget_type=\"spacer.default\">\n\t\t\t\t<div class=\"elementor-widget-container\">\n\t\t\t\t\t\t\t<div class=\"elementor-spacer\">\n\t\t\t<div class=\"elementor-spacer-inner\"><\/div>\n\t\t<\/div>\n\t\t\t\t\t\t<\/div>\n\t\t\t\t<\/div>\n\t\t\t\t<div class=\"elementor-element elementor-element-c310bee elementor-widget elementor-widget-spacer\" data-id=\"c310bee\" data-element_type=\"widget\" data-widget_type=\"spacer.default\">\n\t\t\t\t<div class=\"elementor-widget-container\">\n\t\t\t\t\t\t\t<div class=\"elementor-spacer\">\n\t\t\t<div class=\"elementor-spacer-inner\"><\/div>\n\t\t<\/div>\n\t\t\t\t\t\t<\/div>\n\t\t\t\t<\/div>\n\t\t\t\t\t<\/div>\n\t\t<\/div>\n\t\t\t\t\t<\/div>\n\t\t<\/section>\n\t\t\t\t<section class=\"has-el-gap el-gap-default elementor-section elementor-top-section elementor-element elementor-element-39240cd elementor-section-boxed elementor-section-height-default elementor-section-height-default\" data-id=\"39240cd\" data-element_type=\"section\" data-settings=\"{&quot;background_background&quot;:&quot;classic&quot;}\">\n\t\t\t\t\t\t<div class=\"elementor-container elementor-column-gap-no\">\n\t\t\t\t\t<div class=\"elementor-column elementor-col-100 elementor-top-column elementor-element elementor-element-8be0635\" data-id=\"8be0635\" data-element_type=\"column\">\n\t\t\t<div class=\"elementor-widget-wrap elementor-element-populated\">\n\t\t\t\t\t\t<div class=\"elementor-element elementor-element-40aabdc elementor-widget elementor-widget-smartmag-heading\" data-id=\"40aabdc\" data-element_type=\"widget\" data-widget_type=\"smartmag-heading.default\">\n\t\t\t\t<div class=\"elementor-widget-container\">\n\t\t\t\t\t\t\t\t\t\t\n\t\t\t\t\t\t\t\n\t\t\t\t<div class=\"block-head block-head-e block-head-e1 is-left\">\n\n\t\t\t\t\t<h4 class=\"heading\"><a href=\"https:\/\/elcardinal.com\/?cat=39\">POL\u00cdTICA<\/a><\/h4>\t\t\t\t\t\n\t\t\t\t\t\t\t\t\t<\/div>\n\t\t\t\t\n\t\t\t\n\t\t\t\t\t\t<\/div>\n\t\t\t\t<\/div>\n\t\t\t\t<div class=\"elementor-element elementor-element-a3ed485 elementor-widget elementor-widget-smartmag-newsfocus\" data-id=\"a3ed485\" data-element_type=\"widget\" data-widget_type=\"smartmag-newsfocus.default\">\n\t\t\t\t<div class=\"elementor-widget-container\">\n\t\t\t\t\t\t\t<section class=\"block-wrap block-news-focus block-sc\" data-id=\"7\" data-block=\"{&quot;id&quot;:&quot;news-focus&quot;,&quot;props&quot;:{&quot;cat_labels&quot;:1,&quot;cat_labels_pos&quot;:&quot;bot-left&quot;,&quot;reviews&quot;:&quot;radial&quot;,&quot;post_formats_pos&quot;:&quot;center&quot;,&quot;load_more_style&quot;:&quot;a&quot;,&quot;meta_cat_style&quot;:&quot;text&quot;,&quot;media_style_shadow&quot;:0,&quot;meta_sponsor&quot;:1,&quot;meta_sponsor_logo&quot;:0,&quot;meta_sponsor_label&quot;:&quot;Sponsor: {sponsor}&quot;,&quot;meta_sponsor_above&quot;:[],&quot;meta_sponsor_below&quot;:[&quot;sponsor&quot;,&quot;date&quot;],&quot;pagination&quot;:&quot;1&quot;,&quot;container_width&quot;:100,&quot;title_tag&quot;:&quot;h3&quot;,&quot;meta_items_default&quot;:false,&quot;terms&quot;:[&quot;39&quot;],&quot;posts&quot;:7,&quot;pagination_links&quot;:null,&quot;excerpt_length&quot;:15,&quot;meta_sponsor_items_default&quot;:true,&quot;query_type&quot;:&quot;custom&quot;,&quot;sort_days&quot;:null,&quot;is_sc_call&quot;:true}}\" data-is-mixed=\"1\">\n\n\t\t\t\t\n\t\t\t<div class=\"block-content\">\n\t\t\t\t\t\n\t<div class=\"grid cols-not-eq loops-mixed grid-2 md:grid-2 sm:grid-1\">\n\n\t\t\t\n\t<div class=\"loop loop-grid loop-grid-base grid grid-1 md:grid-1 xs:grid-1\">\n\n\t\t\t\t\t\n<article class=\"l-post grid-post grid-base-post\">\n\n\t\n\t\t\t<div class=\"media\">\n\n\t\t\n\t\t\t<a href=\"https:\/\/elcardinal.com\/?p=6840\" class=\"image-link media-ratio ratio-16-9\" title=\"Andr\u00e9s Vel\u00e1zquez destaca resultados y cercan\u00eda con la ciudadan\u00eda durante su segundo informe\"><img loading=\"lazy\" decoding=\"async\" width=\"608\" height=\"342\" src=\"https:\/\/elcardinal.com\/wp-content\/uploads\/2026\/08\/WhatsApp-Image-2026-08-28-at-8.26.37-PM-1-768x604.jpeg\" class=\"attachment-bunyad-768 size-bunyad-768 wp-post-image\" alt=\"\" sizes=\"(max-width: 608px) 100vw, 608px\" title=\"Andr\u00e9s Vel\u00e1zquez destaca resultados y cercan\u00eda con la ciudadan\u00eda durante su segundo informe\" srcset=\"https:\/\/elcardinal.com\/wp-content\/uploads\/2026\/08\/WhatsApp-Image-2026-08-28-at-8.26.37-PM-1-768x604.jpeg 768w, https:\/\/elcardinal.com\/wp-content\/uploads\/2026\/08\/WhatsApp-Image-2026-08-28-at-8.26.37-PM-1-1024x806.jpeg 1024w, https:\/\/elcardinal.com\/wp-content\/uploads\/2026\/08\/WhatsApp-Image-2026-08-28-at-8.26.37-PM-1-450x354.jpeg 450w, https:\/\/elcardinal.com\/wp-content\/uploads\/2026\/08\/WhatsApp-Image-2026-08-28-at-8.26.37-PM-1-1200x944.jpeg 1200w, https:\/\/elcardinal.com\/wp-content\/uploads\/2026\/08\/WhatsApp-Image-2026-08-28-at-8.26.37-PM-1.jpeg 1280w\" \/><\/a>\t\t\t\n\t\t\t\n\t\t\t\n\t\t\t\t\t\t\t\n\t\t\t\t<span class=\"cat-labels cat-labels-overlay c-overlay p-bot-left\">\n\t\t\t\t<a href=\"https:\/\/elcardinal.com\/?cat=31\" class=\"category term-color-31\" rel=\"category\" tabindex=\"-1\">Hidalgo<\/a>\n\t\t\t<\/span>\n\t\t\t\t\t\t\n\t\t\t\n\t\t\n\t\t<\/div>\n\t\n\n\t\n\t\t<div class=\"content\">\n\n\t\t\t<div class=\"post-meta post-meta-a\"><h3 class=\"is-title post-title\"><a href=\"https:\/\/elcardinal.com\/?p=6840\">Andr\u00e9s Vel\u00e1zquez destaca resultados y cercan\u00eda con la ciudadan\u00eda durante su segundo informe<\/a><\/h3><\/div>\t\t\t\n\t\t\t\t\t\t\n\t\t\t\t<div class=\"excerpt\">\n\t\t\t\t\t<p>Por: Jos\u00e9 Antonio Alcaraz Su\u00e1rez Con la presencia del gobernador de Hidalgo, Julio Menchaca Salazar,&hellip;<\/p>\n\t\t\t\t<\/div>\n\t\t\t\n\t\t\t\n\t\t\t\n\t\t<\/div>\n\n\t\n<\/article>\t\t\n\t<\/div>\n\n\t\t\n\n\t\t\n\t<div class=\"loop loop-small loop-small-a grid grid-2 md:grid-1 sm:grid-1 xs:grid-1\">\n\n\t\t\t\t\t\n<article class=\"l-post small-post small-a-post m-pos-left\">\n\n\t\n\t\t\t<div class=\"media\">\n\n\t\t\n\t\t\t<a href=\"https:\/\/elcardinal.com\/?p=6861\" class=\"image-link media-ratio ar-bunyad-thumb\" title=\"\u201cLa pol\u00edtica se mide en la confianza de la gente\u201d: Andr\u00e9s Vel\u00e1zquez V\u00e1zquez presenta su Segundo Informe de Actividades\"><img loading=\"lazy\" decoding=\"async\" width=\"110\" height=\"76\" src=\"https:\/\/elcardinal.com\/wp-content\/uploads\/2026\/08\/28.08.2026-2do.-Informe-Andres-Velazquez-137-300x200.jpg\" class=\"attachment-medium size-medium wp-post-image\" alt=\"\" sizes=\"(max-width: 110px) 100vw, 110px\" title=\"\u201cLa pol\u00edtica se mide en la confianza de la gente\u201d: Andr\u00e9s Vel\u00e1zquez V\u00e1zquez presenta su Segundo Informe de Actividades\" srcset=\"https:\/\/elcardinal.com\/wp-content\/uploads\/2026\/08\/28.08.2026-2do.-Informe-Andres-Velazquez-137-300x200.jpg 300w, https:\/\/elcardinal.com\/wp-content\/uploads\/2026\/08\/28.08.2026-2do.-Informe-Andres-Velazquez-137-1024x683.jpg 1024w, https:\/\/elcardinal.com\/wp-content\/uploads\/2026\/08\/28.08.2026-2do.-Informe-Andres-Velazquez-137-768x512.jpg 768w, https:\/\/elcardinal.com\/wp-content\/uploads\/2026\/08\/28.08.2026-2do.-Informe-Andres-Velazquez-137-1536x1024.jpg 1536w, https:\/\/elcardinal.com\/wp-content\/uploads\/2026\/08\/28.08.2026-2do.-Informe-Andres-Velazquez-137-2048x1365.jpg 2048w, https:\/\/elcardinal.com\/wp-content\/uploads\/2026\/08\/28.08.2026-2do.-Informe-Andres-Velazquez-137-150x100.jpg 150w, https:\/\/elcardinal.com\/wp-content\/uploads\/2026\/08\/28.08.2026-2do.-Informe-Andres-Velazquez-137-450x300.jpg 450w, https:\/\/elcardinal.com\/wp-content\/uploads\/2026\/08\/28.08.2026-2do.-Informe-Andres-Velazquez-137-1200x800.jpg 1200w\" \/><\/a>\t\t\t\n\t\t\t\n\t\t\t\n\t\t\t\n\t\t\n\t\t<\/div>\n\t\n\n\t\n\t\t<div class=\"content\">\n\n\t\t\t<div class=\"post-meta post-meta-a post-meta-left has-below\"><h4 class=\"is-title post-title\"><a href=\"https:\/\/elcardinal.com\/?p=6861\">\u201cLa pol\u00edtica se mide en la confianza de la gente\u201d: Andr\u00e9s Vel\u00e1zquez V\u00e1zquez presenta su Segundo Informe de Actividades<\/a><\/h4><div class=\"post-meta-items meta-below\"><span class=\"meta-item date\"><span class=\"date-link\"><time class=\"post-date\" datetime=\"2026-08-28T09:14:47-06:00\">28 agosto, 2026<\/time><\/span><\/span><\/div><\/div>\t\t\t\n\t\t\t\n\t\t\t\n\t\t<\/div>\n\n\t\n<\/article>\t\n\t\t\t\t\t\n<article class=\"l-post small-post small-a-post m-pos-left\">\n\n\t\n\t\t\t<div class=\"media\">\n\n\t\t\n\t\t\t<a href=\"https:\/\/elcardinal.com\/?p=6858\" class=\"image-link media-ratio ar-bunyad-thumb\" title=\"Diputado propone fortalecer la activaci\u00f3n f\u00edsica y el deporte como pr\u00e1cticas cotidianas e incluyentes\"><img loading=\"lazy\" decoding=\"async\" width=\"110\" height=\"76\" src=\"https:\/\/elcardinal.com\/wp-content\/uploads\/2026\/08\/Sesion-25.08.2026-Permanente-30-300x200.jpg\" class=\"attachment-medium size-medium wp-post-image\" alt=\"\" sizes=\"(max-width: 110px) 100vw, 110px\" title=\"Diputado propone fortalecer la activaci\u00f3n f\u00edsica y el deporte como pr\u00e1cticas cotidianas e incluyentes\" srcset=\"https:\/\/elcardinal.com\/wp-content\/uploads\/2026\/08\/Sesion-25.08.2026-Permanente-30-300x200.jpg 300w, https:\/\/elcardinal.com\/wp-content\/uploads\/2026\/08\/Sesion-25.08.2026-Permanente-30-1024x683.jpg 1024w, https:\/\/elcardinal.com\/wp-content\/uploads\/2026\/08\/Sesion-25.08.2026-Permanente-30-768x512.jpg 768w, https:\/\/elcardinal.com\/wp-content\/uploads\/2026\/08\/Sesion-25.08.2026-Permanente-30-1536x1024.jpg 1536w, https:\/\/elcardinal.com\/wp-content\/uploads\/2026\/08\/Sesion-25.08.2026-Permanente-30-2048x1365.jpg 2048w, https:\/\/elcardinal.com\/wp-content\/uploads\/2026\/08\/Sesion-25.08.2026-Permanente-30-150x100.jpg 150w, https:\/\/elcardinal.com\/wp-content\/uploads\/2026\/08\/Sesion-25.08.2026-Permanente-30-450x300.jpg 450w, https:\/\/elcardinal.com\/wp-content\/uploads\/2026\/08\/Sesion-25.08.2026-Permanente-30-1200x800.jpg 1200w\" \/><\/a>\t\t\t\n\t\t\t\n\t\t\t\n\t\t\t\n\t\t\n\t\t<\/div>\n\t\n\n\t\n\t\t<div class=\"content\">\n\n\t\t\t<div class=\"post-meta post-meta-a post-meta-left has-below\"><h4 class=\"is-title post-title\"><a href=\"https:\/\/elcardinal.com\/?p=6858\">Diputado propone fortalecer la activaci\u00f3n f\u00edsica y el deporte como pr\u00e1cticas cotidianas e incluyentes<\/a><\/h4><div class=\"post-meta-items meta-below\"><span class=\"meta-item date\"><span class=\"date-link\"><time class=\"post-date\" datetime=\"2026-08-25T09:13:50-06:00\">25 agosto, 2026<\/time><\/span><\/span><\/div><\/div>\t\t\t\n\t\t\t\n\t\t\t\n\t\t<\/div>\n\n\t\n<\/article>\t\n\t\t\t\t\t\n<article class=\"l-post small-post small-a-post m-pos-left\">\n\n\t\n\t\t\t<div class=\"media\">\n\n\t\t\n\t\t\t<a href=\"https:\/\/elcardinal.com\/?p=6781\" class=\"image-link media-ratio ar-bunyad-thumb\" title=\"Congreso de Hidalgo atiende solicitudes de habitantes del Cardonal\"><img loading=\"lazy\" decoding=\"async\" width=\"110\" height=\"76\" src=\"https:\/\/elcardinal.com\/wp-content\/uploads\/2026\/08\/19.08.2026-Atencion-ciudadana-El-Cardonal-22-300x200.jpg\" class=\"attachment-medium size-medium wp-post-image\" alt=\"\" sizes=\"(max-width: 110px) 100vw, 110px\" title=\"Congreso de Hidalgo atiende solicitudes de habitantes del Cardonal\" srcset=\"https:\/\/elcardinal.com\/wp-content\/uploads\/2026\/08\/19.08.2026-Atencion-ciudadana-El-Cardonal-22-300x200.jpg 300w, https:\/\/elcardinal.com\/wp-content\/uploads\/2026\/08\/19.08.2026-Atencion-ciudadana-El-Cardonal-22-1024x683.jpg 1024w, https:\/\/elcardinal.com\/wp-content\/uploads\/2026\/08\/19.08.2026-Atencion-ciudadana-El-Cardonal-22-768x512.jpg 768w, https:\/\/elcardinal.com\/wp-content\/uploads\/2026\/08\/19.08.2026-Atencion-ciudadana-El-Cardonal-22-1536x1024.jpg 1536w, https:\/\/elcardinal.com\/wp-content\/uploads\/2026\/08\/19.08.2026-Atencion-ciudadana-El-Cardonal-22-2048x1365.jpg 2048w, https:\/\/elcardinal.com\/wp-content\/uploads\/2026\/08\/19.08.2026-Atencion-ciudadana-El-Cardonal-22-150x100.jpg 150w, https:\/\/elcardinal.com\/wp-content\/uploads\/2026\/08\/19.08.2026-Atencion-ciudadana-El-Cardonal-22-450x300.jpg 450w, https:\/\/elcardinal.com\/wp-content\/uploads\/2026\/08\/19.08.2026-Atencion-ciudadana-El-Cardonal-22-1200x800.jpg 1200w\" \/><\/a>\t\t\t\n\t\t\t\n\t\t\t\n\t\t\t\n\t\t\n\t\t<\/div>\n\t\n\n\t\n\t\t<div class=\"content\">\n\n\t\t\t<div class=\"post-meta post-meta-a post-meta-left has-below\"><h4 class=\"is-title post-title\"><a href=\"https:\/\/elcardinal.com\/?p=6781\">Congreso de Hidalgo atiende solicitudes de habitantes del Cardonal<\/a><\/h4><div class=\"post-meta-items meta-below\"><span class=\"meta-item date\"><span class=\"date-link\"><time class=\"post-date\" datetime=\"2026-08-19T18:31:17-06:00\">19 agosto, 2026<\/time><\/span><\/span><\/div><\/div>\t\t\t\n\t\t\t\n\t\t\t\n\t\t<\/div>\n\n\t\n<\/article>\t\n\t\t\t\t\t\n<article class=\"l-post small-post small-a-post m-pos-left\">\n\n\t\n\t\t\t<div class=\"media\">\n\n\t\t\n\t\t\t<a href=\"https:\/\/elcardinal.com\/?p=6785\" class=\"image-link media-ratio ar-bunyad-thumb\" title=\"Diputada propone talleres reeducativos y servicio social para prevenir la reincidencia de violencia\"><img loading=\"lazy\" decoding=\"async\" width=\"110\" height=\"76\" src=\"https:\/\/elcardinal.com\/wp-content\/uploads\/2026\/08\/IMG_4874-300x225.jpg\" class=\"attachment-medium size-medium wp-post-image\" alt=\"\" sizes=\"(max-width: 110px) 100vw, 110px\" title=\"Diputada propone talleres reeducativos y servicio social para prevenir la reincidencia de violencia\" srcset=\"https:\/\/elcardinal.com\/wp-content\/uploads\/2026\/08\/IMG_4874-300x225.jpg 300w, https:\/\/elcardinal.com\/wp-content\/uploads\/2026\/08\/IMG_4874-1024x768.jpg 1024w, https:\/\/elcardinal.com\/wp-content\/uploads\/2026\/08\/IMG_4874-768x576.jpg 768w, https:\/\/elcardinal.com\/wp-content\/uploads\/2026\/08\/IMG_4874-1536x1152.jpg 1536w, https:\/\/elcardinal.com\/wp-content\/uploads\/2026\/08\/IMG_4874-2048x1536.jpg 2048w, https:\/\/elcardinal.com\/wp-content\/uploads\/2026\/08\/IMG_4874-150x113.jpg 150w, https:\/\/elcardinal.com\/wp-content\/uploads\/2026\/08\/IMG_4874-450x338.jpg 450w, https:\/\/elcardinal.com\/wp-content\/uploads\/2026\/08\/IMG_4874-1200x900.jpg 1200w\" \/><\/a>\t\t\t\n\t\t\t\n\t\t\t\n\t\t\t\n\t\t\n\t\t<\/div>\n\t\n\n\t\n\t\t<div class=\"content\">\n\n\t\t\t<div class=\"post-meta post-meta-a post-meta-left has-below\"><h4 class=\"is-title post-title\"><a href=\"https:\/\/elcardinal.com\/?p=6785\">Diputada propone talleres reeducativos y servicio social para prevenir la reincidencia de violencia<\/a><\/h4><div class=\"post-meta-items meta-below\"><span class=\"meta-item date\"><span class=\"date-link\"><time class=\"post-date\" datetime=\"2026-08-18T22:51:23-06:00\">18 agosto, 2026<\/time><\/span><\/span><\/div><\/div>\t\t\t\n\t\t\t\n\t\t\t\n\t\t<\/div>\n\n\t\n<\/article>\t\n\t\t\t\t\t\n<article class=\"l-post small-post small-a-post m-pos-left\">\n\n\t\n\t\t\t<div class=\"media\">\n\n\t\t\n\t\t\t<a href=\"https:\/\/elcardinal.com\/?p=6775\" class=\"image-link media-ratio ar-bunyad-thumb\" title=\"Congreso de Hidalgo avanza en preparaci\u00f3n de Consulta Ind\u00edgena en los 84 municipios\"><img loading=\"lazy\" decoding=\"async\" width=\"110\" height=\"76\" src=\"https:\/\/elcardinal.com\/wp-content\/uploads\/2026\/08\/DSC_5533-300x200.jpg\" class=\"attachment-medium size-medium wp-post-image\" alt=\"\" sizes=\"(max-width: 110px) 100vw, 110px\" title=\"Congreso de Hidalgo avanza en preparaci\u00f3n de Consulta Ind\u00edgena en los 84 municipios\" srcset=\"https:\/\/elcardinal.com\/wp-content\/uploads\/2026\/08\/DSC_5533-300x200.jpg 300w, https:\/\/elcardinal.com\/wp-content\/uploads\/2026\/08\/DSC_5533-1024x683.jpg 1024w, https:\/\/elcardinal.com\/wp-content\/uploads\/2026\/08\/DSC_5533-768x512.jpg 768w, https:\/\/elcardinal.com\/wp-content\/uploads\/2026\/08\/DSC_5533-1536x1024.jpg 1536w, https:\/\/elcardinal.com\/wp-content\/uploads\/2026\/08\/DSC_5533-2048x1365.jpg 2048w, https:\/\/elcardinal.com\/wp-content\/uploads\/2026\/08\/DSC_5533-150x100.jpg 150w, https:\/\/elcardinal.com\/wp-content\/uploads\/2026\/08\/DSC_5533-450x300.jpg 450w, https:\/\/elcardinal.com\/wp-content\/uploads\/2026\/08\/DSC_5533-1200x800.jpg 1200w\" \/><\/a>\t\t\t\n\t\t\t\n\t\t\t\n\t\t\t\n\t\t\n\t\t<\/div>\n\t\n\n\t\n\t\t<div class=\"content\">\n\n\t\t\t<div class=\"post-meta post-meta-a post-meta-left has-below\"><h4 class=\"is-title post-title\"><a href=\"https:\/\/elcardinal.com\/?p=6775\">Congreso de Hidalgo avanza en preparaci\u00f3n de Consulta Ind\u00edgena en los 84 municipios<\/a><\/h4><div class=\"post-meta-items meta-below\"><span class=\"meta-item date\"><span class=\"date-link\"><time class=\"post-date\" datetime=\"2026-08-18T22:35:10-06:00\">18 agosto, 2026<\/time><\/span><\/span><\/div><\/div>\t\t\t\n\t\t\t\n\t\t\t\n\t\t<\/div>\n\n\t\n<\/article>\t\n\t\t\t\t\t\n<article class=\"l-post small-post small-a-post m-pos-left\">\n\n\t\n\t\t\t<div class=\"media\">\n\n\t\t\n\t\t\t<a href=\"https:\/\/elcardinal.com\/?p=6772\" class=\"image-link media-ratio ar-bunyad-thumb\" title=\"Julio Menchaca convoca a los tres Poderes a trabajar por la entidad\u00a0\u00a0\u00a0\u00a0\u00a0\u00a0\u00a0\u00a0\u00a0\u00a0\"><img loading=\"lazy\" decoding=\"async\" width=\"110\" height=\"76\" src=\"https:\/\/elcardinal.com\/wp-content\/uploads\/2026\/08\/180826_GOBERNADOR_4to-INFORME-DE-ACTIVIDADES-REBECA-ALADRO-ECHEVERRIA_PACHUCA_LG-8-300x200.jpg\" class=\"attachment-medium size-medium wp-post-image\" alt=\"\" sizes=\"(max-width: 110px) 100vw, 110px\" title=\"Julio Menchaca convoca a los tres Poderes a trabajar por la entidad\u00a0\u00a0\u00a0\u00a0\u00a0\u00a0\u00a0\u00a0\u00a0\u00a0\" srcset=\"https:\/\/elcardinal.com\/wp-content\/uploads\/2026\/08\/180826_GOBERNADOR_4to-INFORME-DE-ACTIVIDADES-REBECA-ALADRO-ECHEVERRIA_PACHUCA_LG-8-300x200.jpg 300w, https:\/\/elcardinal.com\/wp-content\/uploads\/2026\/08\/180826_GOBERNADOR_4to-INFORME-DE-ACTIVIDADES-REBECA-ALADRO-ECHEVERRIA_PACHUCA_LG-8-1024x683.jpg 1024w, https:\/\/elcardinal.com\/wp-content\/uploads\/2026\/08\/180826_GOBERNADOR_4to-INFORME-DE-ACTIVIDADES-REBECA-ALADRO-ECHEVERRIA_PACHUCA_LG-8-768x512.jpg 768w, https:\/\/elcardinal.com\/wp-content\/uploads\/2026\/08\/180826_GOBERNADOR_4to-INFORME-DE-ACTIVIDADES-REBECA-ALADRO-ECHEVERRIA_PACHUCA_LG-8-1536x1024.jpg 1536w, https:\/\/elcardinal.com\/wp-content\/uploads\/2026\/08\/180826_GOBERNADOR_4to-INFORME-DE-ACTIVIDADES-REBECA-ALADRO-ECHEVERRIA_PACHUCA_LG-8-2048x1365.jpg 2048w, https:\/\/elcardinal.com\/wp-content\/uploads\/2026\/08\/180826_GOBERNADOR_4to-INFORME-DE-ACTIVIDADES-REBECA-ALADRO-ECHEVERRIA_PACHUCA_LG-8-150x100.jpg 150w, https:\/\/elcardinal.com\/wp-content\/uploads\/2026\/08\/180826_GOBERNADOR_4to-INFORME-DE-ACTIVIDADES-REBECA-ALADRO-ECHEVERRIA_PACHUCA_LG-8-450x300.jpg 450w, https:\/\/elcardinal.com\/wp-content\/uploads\/2026\/08\/180826_GOBERNADOR_4to-INFORME-DE-ACTIVIDADES-REBECA-ALADRO-ECHEVERRIA_PACHUCA_LG-8-1200x800.jpg 1200w\" \/><\/a>\t\t\t\n\t\t\t\n\t\t\t\n\t\t\t\n\t\t\n\t\t<\/div>\n\t\n\n\t\n\t\t<div class=\"content\">\n\n\t\t\t<div class=\"post-meta post-meta-a post-meta-left has-below\"><h4 class=\"is-title post-title\"><a href=\"https:\/\/elcardinal.com\/?p=6772\">Julio Menchaca convoca a los tres Poderes a trabajar por la entidad\u00a0\u00a0\u00a0\u00a0\u00a0\u00a0\u00a0\u00a0\u00a0\u00a0<\/a><\/h4><div class=\"post-meta-items meta-below\"><span class=\"meta-item date\"><span class=\"date-link\"><time class=\"post-date\" datetime=\"2026-08-18T21:19:25-06:00\">18 agosto, 2026<\/time><\/span><\/span><\/div><\/div>\t\t\t\n\t\t\t\n\t\t\t\n\t\t<\/div>\n\n\t\n<\/article>\t\n\t\t\n\t<\/div>\n\n\t\t\t<\/div>\n\t\n\t\n\n\t<nav class=\"main-pagination pagination-numbers\" data-type=\"numbers-ajax\">\n\t\t<span aria-current=\"page\" class=\"page-numbers current\">1<\/span>\n<a class=\"page-numbers\" href=\"https:\/\/elcardinal.com\/index.php\/?paged=2\">2<\/a>\n<a class=\"page-numbers\" href=\"https:\/\/elcardinal.com\/index.php\/?paged=3\">3<\/a>\n<span class=\"page-numbers dots\">&hellip;<\/span>\n<a class=\"page-numbers\" href=\"https:\/\/elcardinal.com\/index.php\/?paged=39\">39<\/a>\n<a class=\"next page-numbers\" href=\"https:\/\/elcardinal.com\/index.php\/?paged=2\"><span class=\"visuallyhidden\">Next<\/span><i class=\"tsi tsi-angle-right\"><\/i><\/a>\t<\/nav>\n\n\n\t\t\t<\/div>\n\n\t\t<\/section>\n\t\t\t\t\t\t<\/div>\n\t\t\t\t<\/div>\n\t\t\t\t\t<\/div>\n\t\t<\/div>\n\t\t\t\t\t<\/div>\n\t\t<\/section>\n\t\t\t\t<section class=\"has-el-gap el-gap-default elementor-section elementor-top-section elementor-element elementor-element-f105c05 elementor-section-boxed elementor-section-height-default elementor-section-height-default\" data-id=\"f105c05\" data-element_type=\"section\">\n\t\t\t\t\t\t<div class=\"elementor-container elementor-column-gap-no\">\n\t\t\t\t\t<div class=\"elementor-column elementor-col-66 elementor-top-column elementor-element elementor-element-e330216 main-content\" data-id=\"e330216\" data-element_type=\"column\">\n\t\t\t<div class=\"elementor-widget-wrap elementor-element-populated\">\n\t\t\t\t\t\t<div class=\"elementor-element elementor-element-8cd055d elementor-widget elementor-widget-smartmag-newsfocus\" data-id=\"8cd055d\" data-element_type=\"widget\" data-widget_type=\"smartmag-newsfocus.default\">\n\t\t\t\t<div class=\"elementor-widget-container\">\n\t\t\t\t\t\t\t<section class=\"block-wrap block-news-focus block-sc\" data-id=\"10\" data-block=\"{&quot;id&quot;:&quot;news-focus&quot;,&quot;props&quot;:{&quot;cat_labels&quot;:1,&quot;cat_labels_pos&quot;:&quot;bot-left&quot;,&quot;reviews&quot;:&quot;radial&quot;,&quot;post_formats_pos&quot;:&quot;center&quot;,&quot;load_more_style&quot;:&quot;a&quot;,&quot;meta_cat_style&quot;:&quot;text&quot;,&quot;media_style_shadow&quot;:0,&quot;meta_sponsor&quot;:1,&quot;meta_sponsor_logo&quot;:0,&quot;meta_sponsor_label&quot;:&quot;Sponsor: {sponsor}&quot;,&quot;meta_above&quot;:[],&quot;meta_below&quot;:[&quot;author&quot;,&quot;date&quot;,&quot;comments&quot;],&quot;meta_sponsor_above&quot;:[],&quot;meta_sponsor_below&quot;:[&quot;sponsor&quot;,&quot;date&quot;],&quot;container_width&quot;:66,&quot;heading_colors&quot;:&quot;force&quot;,&quot;heading&quot;:&quot;*SEG*URIDAD&quot;,&quot;separators&quot;:&quot;1&quot;,&quot;cat&quot;:&quot;5&quot;,&quot;filters&quot;:&quot;category&quot;,&quot;filters_terms&quot;:[9,3,13],&quot;terms&quot;:[&quot;38&quot;],&quot;heading_link&quot;:&quot;https:\\\/\\\/elcardinal.com\\\/?cat=38&quot;,&quot;posts&quot;:3,&quot;pagination_type&quot;:null,&quot;pagination_links&quot;:null,&quot;excerpt_length&quot;:15,&quot;meta_sponsor_items_default&quot;:true,&quot;query_type&quot;:&quot;custom&quot;,&quot;sort_days&quot;:null,&quot;is_sc_call&quot;:true,&quot;meta_items_default&quot;:true}}\" data-is-mixed=\"1\">\n\n\t\t\t\t\t\t\t\t\n\t\t\t\t\t\t\t\n\t\t\t\t<div class=\"block-head block-head-c is-left\">\n\n\t\t\t\t\t<h4 class=\"heading\"><a href=\"https:\/\/elcardinal.com\/?cat=38\"><span class=\"color\">SEG<\/span>URIDAD<\/a><\/h4>\t\t\t\t\t\n\t\t\t\t\t\t\t\t\t<\/div>\n\t\t\t\t\n\t\t\t\n\t\t\t\n\t\t\t<div class=\"block-content\">\n\t\t\t\t\t\n\t<div class=\"grid cols-not-eq loops-mixed grid-2 md:grid-2 sm:grid-1\">\n\n\t\t\t\n\t<div class=\"loop loop-grid loop-grid-base grid grid-1 md:grid-1 xs:grid-1\">\n\n\t\t\t\t\t\n<article class=\"l-post grid-post grid-base-post\">\n\n\t\n\t\t\t<div class=\"media\">\n\n\t\t\n\t\t\t<a href=\"https:\/\/elcardinal.com\/?p=6725\" class=\"image-link media-ratio ratio-16-9\" title=\"Estrategia de combate al narcomenudeo permite la detenci\u00f3n de 27 personas\"><img loading=\"lazy\" decoding=\"async\" width=\"377\" height=\"212\" src=\"https:\/\/elcardinal.com\/wp-content\/uploads\/2026\/08\/100826_GOBERNADOR_Reunion-semanal-del-Gabinete-de-Seguridad-450x253.jpeg\" class=\"attachment-bunyad-medium size-bunyad-medium wp-post-image\" alt=\"\" sizes=\"(max-width: 377px) 100vw, 377px\" title=\"Estrategia de combate al narcomenudeo permite la detenci\u00f3n de 27 personas\" srcset=\"https:\/\/elcardinal.com\/wp-content\/uploads\/2026\/08\/100826_GOBERNADOR_Reunion-semanal-del-Gabinete-de-Seguridad-450x253.jpeg 450w, https:\/\/elcardinal.com\/wp-content\/uploads\/2026\/08\/100826_GOBERNADOR_Reunion-semanal-del-Gabinete-de-Seguridad-300x169.jpeg 300w, https:\/\/elcardinal.com\/wp-content\/uploads\/2026\/08\/100826_GOBERNADOR_Reunion-semanal-del-Gabinete-de-Seguridad-1024x576.jpeg 1024w, https:\/\/elcardinal.com\/wp-content\/uploads\/2026\/08\/100826_GOBERNADOR_Reunion-semanal-del-Gabinete-de-Seguridad-768x432.jpeg 768w, https:\/\/elcardinal.com\/wp-content\/uploads\/2026\/08\/100826_GOBERNADOR_Reunion-semanal-del-Gabinete-de-Seguridad-1536x864.jpeg 1536w, https:\/\/elcardinal.com\/wp-content\/uploads\/2026\/08\/100826_GOBERNADOR_Reunion-semanal-del-Gabinete-de-Seguridad-2048x1152.jpeg 2048w, https:\/\/elcardinal.com\/wp-content\/uploads\/2026\/08\/100826_GOBERNADOR_Reunion-semanal-del-Gabinete-de-Seguridad-150x84.jpeg 150w, https:\/\/elcardinal.com\/wp-content\/uploads\/2026\/08\/100826_GOBERNADOR_Reunion-semanal-del-Gabinete-de-Seguridad-1200x675.jpeg 1200w\" \/><\/a>\t\t\t\n\t\t\t\n\t\t\t\n\t\t\t\t\t\t\t\n\t\t\t\t<span class=\"cat-labels cat-labels-overlay c-overlay p-bot-left\">\n\t\t\t\t<a href=\"https:\/\/elcardinal.com\/?cat=31\" class=\"category term-color-31\" rel=\"category\" tabindex=\"-1\">Hidalgo<\/a>\n\t\t\t<\/span>\n\t\t\t\t\t\t\n\t\t\t\n\t\t\n\t\t<\/div>\n\t\n\n\t\n\t\t<div class=\"content\">\n\n\t\t\t<div class=\"post-meta post-meta-a has-below\"><h2 class=\"is-title post-title\"><a href=\"https:\/\/elcardinal.com\/?p=6725\">Estrategia de combate al narcomenudeo permite la detenci\u00f3n de 27 personas<\/a><\/h2><div class=\"post-meta-items meta-below\"><span class=\"meta-item post-author\"><span class=\"by\">By<\/span> <a href=\"https:\/\/elcardinal.com\/?author=2\" rel=\"author\">Antonio Alcaraz<\/a><\/span><span class=\"meta-item has-next-icon date\"><span class=\"date-link\"><time class=\"post-date\" datetime=\"2026-08-10T15:15:59-06:00\">10 agosto, 2026<\/time><\/span><\/span><span class=\"meta-item comments has-icon\"><a href=\"https:\/\/elcardinal.com\/?p=6725#respond\"><i class=\"tsi tsi-comment-o\"><\/i>0<\/a><\/span><\/div><\/div>\t\t\t\n\t\t\t\t\t\t\n\t\t\t\t<div class=\"excerpt\">\n\t\t\t\t\t<p>Redacci\u00f3n\u00a0 \u00a0\u00a0 Siguiendo la encomienda del gobernador Julio Menchaca Salazar de combatir la venta y&hellip;<\/p>\n\t\t\t\t<\/div>\n\t\t\t\n\t\t\t\n\t\t\t\n\t\t<\/div>\n\n\t\n<\/article>\t\t\n\t<\/div>\n\n\t\t\n\n\t\t\n\t<div class=\"loop loop-small loop-small-a loop-sep loop-small-sep grid grid-1 md:grid-1 sm:grid-1 xs:grid-1\">\n\n\t\t\t\t\t\n<article class=\"l-post small-post small-a-post m-pos-left\">\n\n\t\n\t\t\t<div class=\"media\">\n\n\t\t\n\t\t\t<a href=\"https:\/\/elcardinal.com\/?p=6630\" class=\"image-link media-ratio ar-bunyad-thumb\" title=\"Julio Menchaca prioriza atenci\u00f3n de emergencias con nuevas instalaciones para bomberos y PC\u00a0\u00a0\u00a0\u00a0\u00a0\"><img loading=\"lazy\" decoding=\"async\" width=\"110\" height=\"76\" src=\"https:\/\/elcardinal.com\/wp-content\/uploads\/2026\/07\/WhatsApp-Image-2026-07-28-at-7.34.58-PM-300x169.jpeg\" class=\"attachment-medium size-medium wp-post-image\" alt=\"\" sizes=\"(max-width: 110px) 100vw, 110px\" title=\"Julio Menchaca prioriza atenci\u00f3n de emergencias con nuevas instalaciones para bomberos y PC\u00a0\u00a0\u00a0\u00a0\u00a0\" srcset=\"https:\/\/elcardinal.com\/wp-content\/uploads\/2026\/07\/WhatsApp-Image-2026-07-28-at-7.34.58-PM-300x169.jpeg 300w, https:\/\/elcardinal.com\/wp-content\/uploads\/2026\/07\/WhatsApp-Image-2026-07-28-at-7.34.58-PM-1024x576.jpeg 1024w, https:\/\/elcardinal.com\/wp-content\/uploads\/2026\/07\/WhatsApp-Image-2026-07-28-at-7.34.58-PM-768x432.jpeg 768w, https:\/\/elcardinal.com\/wp-content\/uploads\/2026\/07\/WhatsApp-Image-2026-07-28-at-7.34.58-PM-1536x864.jpeg 1536w, https:\/\/elcardinal.com\/wp-content\/uploads\/2026\/07\/WhatsApp-Image-2026-07-28-at-7.34.58-PM-150x84.jpeg 150w, https:\/\/elcardinal.com\/wp-content\/uploads\/2026\/07\/WhatsApp-Image-2026-07-28-at-7.34.58-PM-450x253.jpeg 450w, https:\/\/elcardinal.com\/wp-content\/uploads\/2026\/07\/WhatsApp-Image-2026-07-28-at-7.34.58-PM-1200x675.jpeg 1200w, https:\/\/elcardinal.com\/wp-content\/uploads\/2026\/07\/WhatsApp-Image-2026-07-28-at-7.34.58-PM.jpeg 1600w\" \/><\/a>\t\t\t\n\t\t\t\n\t\t\t\n\t\t\t\n\t\t\n\t\t<\/div>\n\t\n\n\t\n\t\t<div class=\"content\">\n\n\t\t\t<div class=\"post-meta post-meta-a post-meta-left has-below\"><h4 class=\"is-title post-title\"><a href=\"https:\/\/elcardinal.com\/?p=6630\">Julio Menchaca prioriza atenci\u00f3n de emergencias con nuevas instalaciones para bomberos y PC\u00a0\u00a0\u00a0\u00a0\u00a0<\/a><\/h4><div class=\"post-meta-items meta-below\"><span class=\"meta-item date\"><span class=\"date-link\"><time class=\"post-date\" datetime=\"2026-07-28T20:07:18-06:00\">28 julio, 2026<\/time><\/span><\/span><\/div><\/div>\t\t\t\n\t\t\t\n\t\t\t\n\t\t<\/div>\n\n\t\n<\/article>\t\n\t\t\t\t\t\n<article class=\"l-post small-post small-a-post m-pos-left\">\n\n\t\n\t\t\t<div class=\"media\">\n\n\t\t\n\t\t\t<a href=\"https:\/\/elcardinal.com\/?p=6544\" class=\"image-link media-ratio ar-bunyad-thumb\" title=\"Presunto operador del C\u00e1rtel del Noreste obtuvo contratos por 23 mdp en el gobierno de Omar Fayad\"><img loading=\"lazy\" decoding=\"async\" width=\"110\" height=\"76\" src=\"https:\/\/elcardinal.com\/wp-content\/uploads\/2026\/07\/Screenshot_8-300x207.jpg\" class=\"attachment-medium size-medium wp-post-image\" alt=\"\" sizes=\"(max-width: 110px) 100vw, 110px\" title=\"Presunto operador del C\u00e1rtel del Noreste obtuvo contratos por 23 mdp en el gobierno de Omar Fayad\" srcset=\"https:\/\/elcardinal.com\/wp-content\/uploads\/2026\/07\/Screenshot_8-300x207.jpg 300w, https:\/\/elcardinal.com\/wp-content\/uploads\/2026\/07\/Screenshot_8-1024x707.jpg 1024w, https:\/\/elcardinal.com\/wp-content\/uploads\/2026\/07\/Screenshot_8-768x530.jpg 768w, https:\/\/elcardinal.com\/wp-content\/uploads\/2026\/07\/Screenshot_8-150x104.jpg 150w, https:\/\/elcardinal.com\/wp-content\/uploads\/2026\/07\/Screenshot_8-450x311.jpg 450w, https:\/\/elcardinal.com\/wp-content\/uploads\/2026\/07\/Screenshot_8.jpg 1073w\" \/><\/a>\t\t\t\n\t\t\t\n\t\t\t\n\t\t\t\n\t\t\n\t\t<\/div>\n\t\n\n\t\n\t\t<div class=\"content\">\n\n\t\t\t<div class=\"post-meta post-meta-a post-meta-left has-below\"><h4 class=\"is-title post-title\"><a href=\"https:\/\/elcardinal.com\/?p=6544\">Presunto operador del C\u00e1rtel del Noreste obtuvo contratos por 23 mdp en el gobierno de Omar Fayad<\/a><\/h4><div class=\"post-meta-items meta-below\"><span class=\"meta-item date\"><span class=\"date-link\"><time class=\"post-date\" datetime=\"2026-07-20T16:34:12-06:00\">20 julio, 2026<\/time><\/span><\/span><\/div><\/div>\t\t\t\n\t\t\t\n\t\t\t\n\t\t<\/div>\n\n\t\n<\/article>\t\n\t\t\n\t<\/div>\n\n\t\t\t<\/div>\n\t\n\t\t\t\t<\/div>\n\n\t\t<\/section>\n\t\t\t\t\t\t<\/div>\n\t\t\t\t<\/div>\n\t\t\t\t<div class=\"elementor-element elementor-element-cb5b744 elementor-widget elementor-widget-smartmag-focusgrid\" data-id=\"cb5b744\" data-element_type=\"widget\" data-widget_type=\"smartmag-focusgrid.default\">\n\t\t\t\t<div class=\"elementor-widget-container\">\n\t\t\t\t\t\t\t<section class=\"block-wrap block-focus-grid block-sc cols-gap-sm mb-none\" data-id=\"13\" data-is-mixed=\"1\">\n\n\t\t\t\t\t\t\t\t\n\t\t\t\t\t\t\t\n\t\t\t\t<div class=\"block-head block-head-ac block-head-c is-left\">\n\n\t\t\t\t\t<h4 class=\"heading\"><a href=\"https:\/\/elcardinal.com\/?cat=40\"><span class=\"color\">M\u00c9X<\/span>ICO<\/a><\/h4>\t\t\t\t\t\n\t\t\t\t\t\t\t\t\t<\/div>\n\t\t\t\t\n\t\t\t\n\t\t\t\n\t\t\t<div class=\"block-content\">\n\t\t\t\t\t\n\t<div class=\"grid grid-2 sm:grid-1 cols-not-eq loops-mixed\">\n\n\t\t\t\n\t<div class=\"loop loop-grid loop-grid-base grid grid-1 md:grid-1 xs:grid-1\">\n\n\t\t\t\t\t\n<article class=\"l-post grid-post grid-base-post\">\n\n\t\n\t\t\t<div class=\"media\">\n\n\t\t\n\t\t\t<a href=\"https:\/\/elcardinal.com\/?p=6795\" class=\"image-link media-ratio ratio-16-9\" title=\"Mustafa, el hipnotista que promete poner a prueba la mente de Pachuca\"><img loading=\"lazy\" decoding=\"async\" width=\"803\" height=\"451\" src=\"https:\/\/elcardinal.com\/wp-content\/uploads\/2026\/08\/IMG_20260820_095008-1024x682.jpg\" class=\"attachment-large size-large wp-post-image\" alt=\"\" sizes=\"(max-width: 803px) 100vw, 803px\" title=\"Mustafa, el hipnotista que promete poner a prueba la mente de Pachuca\" srcset=\"https:\/\/elcardinal.com\/wp-content\/uploads\/2026\/08\/IMG_20260820_095008-1024x682.jpg 1024w, https:\/\/elcardinal.com\/wp-content\/uploads\/2026\/08\/IMG_20260820_095008-768x512.jpg 768w, https:\/\/elcardinal.com\/wp-content\/uploads\/2026\/08\/IMG_20260820_095008-1536x1023.jpg 1536w, https:\/\/elcardinal.com\/wp-content\/uploads\/2026\/08\/IMG_20260820_095008-1200x799.jpg 1200w, https:\/\/elcardinal.com\/wp-content\/uploads\/2026\/08\/IMG_20260820_095008.jpg 1920w\" \/><\/a>\t\t\t\n\t\t\t\n\t\t\t\n\t\t\t\t\t\t\t\n\t\t\t\t<span class=\"cat-labels cat-labels-overlay c-overlay p-bot-left\">\n\t\t\t\t<a href=\"https:\/\/elcardinal.com\/?cat=31\" class=\"category term-color-31\" rel=\"category\" tabindex=\"-1\">Hidalgo<\/a>\n\t\t\t<\/span>\n\t\t\t\t\t\t\n\t\t\t\n\t\t\n\t\t<\/div>\n\t\n\n\t\n\t\t<div class=\"content\">\n\n\t\t\t<div class=\"post-meta post-meta-a has-below\"><h2 class=\"is-title post-title limit-lines l-lines-3\"><a href=\"https:\/\/elcardinal.com\/?p=6795\">Mustafa, el hipnotista que promete poner a prueba la mente de Pachuca<\/a><\/h2><div class=\"post-meta-items meta-below\"><span class=\"meta-item post-author\"><span class=\"by\">By<\/span> <a href=\"https:\/\/elcardinal.com\/?author=2\" rel=\"author\">Antonio Alcaraz<\/a><\/span><span class=\"meta-item has-next-icon date\"><span class=\"date-link\"><time class=\"post-date\" datetime=\"2026-08-20T10:10:28-06:00\">20 agosto, 2026<\/time><\/span><\/span><span class=\"meta-item comments has-icon\"><a href=\"https:\/\/elcardinal.com\/?p=6795#respond\"><i class=\"tsi tsi-comment-o\"><\/i>0<\/a><\/span><\/div><\/div>\t\t\t\n\t\t\t\t\t\t\n\t\t\t\t<div class=\"excerpt\">\n\t\t\t\t\t<p>Por: Jos\u00e9 Antonio Alcaraz Su\u00e1rez Con 12 a\u00f1os de trayectoria, m\u00e1s de 200 espect\u00e1culos y alrededor de 10 mil personas&hellip;<\/p>\n\t\t\t\t<\/div>\n\t\t\t\n\t\t\t\n\t\t\t\n\t\t<\/div>\n\n\t\n<\/article>\t\t\n\t<\/div>\n\n\t\t\n\t\n\t<div class=\"loop loop-grid loop-grid-sm grid grid-2 md:grid-2 sm:grid-2\">\n\n\t\t\t\t\t\n<article class=\"l-post grid-post grid-sm-post\">\n\n\t\n\t\t\t<div class=\"media\">\n\n\t\t\n\t\t\t<a href=\"https:\/\/elcardinal.com\/?p=6766\" class=\"image-link media-ratio ratio-16-9\" title=\"Denuncian presunto trato discriminatorio y hostil en oficinas del SAT en Pachuca\"><img loading=\"lazy\" decoding=\"async\" width=\"377\" height=\"212\" src=\"https:\/\/elcardinal.com\/wp-content\/uploads\/2026\/08\/Imagen-de-WhatsApp-2025-04-09-a-las-19.57.45_1564b94a-1-450x338.jpg\" class=\"attachment-bunyad-medium size-bunyad-medium wp-post-image\" alt=\"\" sizes=\"(max-width: 377px) 100vw, 377px\" title=\"Denuncian presunto trato discriminatorio y hostil en oficinas del SAT en Pachuca\" srcset=\"https:\/\/elcardinal.com\/wp-content\/uploads\/2026\/08\/Imagen-de-WhatsApp-2025-04-09-a-las-19.57.45_1564b94a-1-450x338.jpg 450w, https:\/\/elcardinal.com\/wp-content\/uploads\/2026\/08\/Imagen-de-WhatsApp-2025-04-09-a-las-19.57.45_1564b94a-1-300x225.jpg 300w, https:\/\/elcardinal.com\/wp-content\/uploads\/2026\/08\/Imagen-de-WhatsApp-2025-04-09-a-las-19.57.45_1564b94a-1-1024x768.jpg 1024w, https:\/\/elcardinal.com\/wp-content\/uploads\/2026\/08\/Imagen-de-WhatsApp-2025-04-09-a-las-19.57.45_1564b94a-1-768x576.jpg 768w, https:\/\/elcardinal.com\/wp-content\/uploads\/2026\/08\/Imagen-de-WhatsApp-2025-04-09-a-las-19.57.45_1564b94a-1-1536x1152.jpg 1536w, https:\/\/elcardinal.com\/wp-content\/uploads\/2026\/08\/Imagen-de-WhatsApp-2025-04-09-a-las-19.57.45_1564b94a-1-1200x900.jpg 1200w, https:\/\/elcardinal.com\/wp-content\/uploads\/2026\/08\/Imagen-de-WhatsApp-2025-04-09-a-las-19.57.45_1564b94a-1.jpg 1600w\" \/><\/a>\t\t\t\n\t\t\t\n\t\t\t\n\t\t\t\n\t\t\n\t\t<\/div>\n\t\n\n\t\n\t\t<div class=\"content\">\n\n\t\t\t<div class=\"post-meta post-meta-a has-below\"><h2 class=\"is-title post-title limit-lines l-lines-3\"><a href=\"https:\/\/elcardinal.com\/?p=6766\">Denuncian presunto trato discriminatorio y hostil en oficinas del SAT en Pachuca<\/a><\/h2><div class=\"post-meta-items meta-below\"><span class=\"meta-item date\"><span class=\"date-link\"><time class=\"post-date\" datetime=\"2026-08-18T01:37:04-06:00\">18 agosto, 2026<\/time><\/span><\/span><\/div><\/div>\t\t\t\n\t\t\t\n\t\t\t\n\t\t<\/div>\n\n\t\n<\/article>\t\t\t\t\t\n<article class=\"l-post grid-post grid-sm-post\">\n\n\t\n\t\t\t<div class=\"media\">\n\n\t\t\n\t\t\t<a href=\"https:\/\/elcardinal.com\/?p=6743\" class=\"image-link media-ratio ratio-16-9\" title=\"Hidalgo, l\u00edder en crecimiento industrial: Julio Menchaca\u00a0 \u00a0 \u00a0 \u00a0 \u00a0\u00a0  \u00a0 \u00a0 \u00a0 \u00a0\"><img loading=\"lazy\" decoding=\"async\" width=\"377\" height=\"212\" src=\"https:\/\/elcardinal.com\/wp-content\/uploads\/2026\/08\/120826_GOBERNADOR_MOMENTUM-HIDALGO-2026_PACHUCA_LG-10-450x300.jpg\" class=\"attachment-bunyad-medium size-bunyad-medium wp-post-image\" alt=\"\" sizes=\"(max-width: 377px) 100vw, 377px\" title=\"Hidalgo, l\u00edder en crecimiento industrial: Julio Menchaca\u00a0 \u00a0 \u00a0 \u00a0 \u00a0\u00a0  \u00a0 \u00a0 \u00a0 \u00a0\" srcset=\"https:\/\/elcardinal.com\/wp-content\/uploads\/2026\/08\/120826_GOBERNADOR_MOMENTUM-HIDALGO-2026_PACHUCA_LG-10-450x300.jpg 450w, https:\/\/elcardinal.com\/wp-content\/uploads\/2026\/08\/120826_GOBERNADOR_MOMENTUM-HIDALGO-2026_PACHUCA_LG-10-1024x683.jpg 1024w, https:\/\/elcardinal.com\/wp-content\/uploads\/2026\/08\/120826_GOBERNADOR_MOMENTUM-HIDALGO-2026_PACHUCA_LG-10-768x512.jpg 768w, https:\/\/elcardinal.com\/wp-content\/uploads\/2026\/08\/120826_GOBERNADOR_MOMENTUM-HIDALGO-2026_PACHUCA_LG-10-1536x1024.jpg 1536w, https:\/\/elcardinal.com\/wp-content\/uploads\/2026\/08\/120826_GOBERNADOR_MOMENTUM-HIDALGO-2026_PACHUCA_LG-10-2048x1365.jpg 2048w, https:\/\/elcardinal.com\/wp-content\/uploads\/2026\/08\/120826_GOBERNADOR_MOMENTUM-HIDALGO-2026_PACHUCA_LG-10-1200x800.jpg 1200w\" \/><\/a>\t\t\t\n\t\t\t\n\t\t\t\n\t\t\t\n\t\t\n\t\t<\/div>\n\t\n\n\t\n\t\t<div class=\"content\">\n\n\t\t\t<div class=\"post-meta post-meta-a has-below\"><h2 class=\"is-title post-title limit-lines l-lines-3\"><a href=\"https:\/\/elcardinal.com\/?p=6743\">Hidalgo, l\u00edder en crecimiento industrial: Julio Menchaca\u00a0 \u00a0 \u00a0 \u00a0 \u00a0\u00a0  \u00a0 \u00a0 \u00a0 \u00a0<\/a><\/h2><div class=\"post-meta-items meta-below\"><span class=\"meta-item date\"><span class=\"date-link\"><time class=\"post-date\" datetime=\"2026-08-12T17:42:06-06:00\">12 agosto, 2026<\/time><\/span><\/span><\/div><\/div>\t\t\t\n\t\t\t\n\t\t\t\n\t\t<\/div>\n\n\t\n<\/article>\t\t\t\t\t\n<article class=\"l-post grid-post grid-sm-post\">\n\n\t\n\t\t\t<div class=\"media\">\n\n\t\t\n\t\t\t<a href=\"https:\/\/elcardinal.com\/?p=6704\" class=\"image-link media-ratio ratio-16-9\" title=\"Hidalgo ocupa el primer lugar nacional en crecimiento del Fondo General de Participaciones\"><img loading=\"lazy\" decoding=\"async\" width=\"377\" height=\"212\" src=\"https:\/\/elcardinal.com\/wp-content\/uploads\/2026\/08\/HACIENDA-Reunion-de-trabajo-del-Gobernador-Julio-Menchaca-Salazar-Secretaria-Esther-Ramirez-Vargas-1-450x268.jpeg\" class=\"attachment-bunyad-medium size-bunyad-medium wp-post-image\" alt=\"\" sizes=\"(max-width: 377px) 100vw, 377px\" title=\"Hidalgo ocupa el primer lugar nacional en crecimiento del Fondo General de Participaciones\" srcset=\"https:\/\/elcardinal.com\/wp-content\/uploads\/2026\/08\/HACIENDA-Reunion-de-trabajo-del-Gobernador-Julio-Menchaca-Salazar-Secretaria-Esther-Ramirez-Vargas-1-450x268.jpeg 450w, https:\/\/elcardinal.com\/wp-content\/uploads\/2026\/08\/HACIENDA-Reunion-de-trabajo-del-Gobernador-Julio-Menchaca-Salazar-Secretaria-Esther-Ramirez-Vargas-1-300x179.jpeg 300w, https:\/\/elcardinal.com\/wp-content\/uploads\/2026\/08\/HACIENDA-Reunion-de-trabajo-del-Gobernador-Julio-Menchaca-Salazar-Secretaria-Esther-Ramirez-Vargas-1-1024x609.jpeg 1024w, https:\/\/elcardinal.com\/wp-content\/uploads\/2026\/08\/HACIENDA-Reunion-de-trabajo-del-Gobernador-Julio-Menchaca-Salazar-Secretaria-Esther-Ramirez-Vargas-1-768x457.jpeg 768w, https:\/\/elcardinal.com\/wp-content\/uploads\/2026\/08\/HACIENDA-Reunion-de-trabajo-del-Gobernador-Julio-Menchaca-Salazar-Secretaria-Esther-Ramirez-Vargas-1-1536x914.jpeg 1536w, https:\/\/elcardinal.com\/wp-content\/uploads\/2026\/08\/HACIENDA-Reunion-de-trabajo-del-Gobernador-Julio-Menchaca-Salazar-Secretaria-Esther-Ramirez-Vargas-1-150x89.jpeg 150w, https:\/\/elcardinal.com\/wp-content\/uploads\/2026\/08\/HACIENDA-Reunion-de-trabajo-del-Gobernador-Julio-Menchaca-Salazar-Secretaria-Esther-Ramirez-Vargas-1-1200x714.jpeg 1200w, https:\/\/elcardinal.com\/wp-content\/uploads\/2026\/08\/HACIENDA-Reunion-de-trabajo-del-Gobernador-Julio-Menchaca-Salazar-Secretaria-Esther-Ramirez-Vargas-1.jpeg 1600w\" \/><\/a>\t\t\t\n\t\t\t\n\t\t\t\n\t\t\t\n\t\t\n\t\t<\/div>\n\t\n\n\t\n\t\t<div class=\"content\">\n\n\t\t\t<div class=\"post-meta post-meta-a has-below\"><h2 class=\"is-title post-title limit-lines l-lines-3\"><a href=\"https:\/\/elcardinal.com\/?p=6704\">Hidalgo ocupa el primer lugar nacional en crecimiento del Fondo General de Participaciones<\/a><\/h2><div class=\"post-meta-items meta-below\"><span class=\"meta-item date\"><span class=\"date-link\"><time class=\"post-date\" datetime=\"2026-08-05T18:19:59-06:00\">5 agosto, 2026<\/time><\/span><\/span><\/div><\/div>\t\t\t\n\t\t\t\n\t\t\t\n\t\t<\/div>\n\n\t\n<\/article>\t\t\t\t\t\n<article class=\"l-post grid-post grid-sm-post\">\n\n\t\n\t\t\t<div class=\"media\">\n\n\t\t\n\t\t\t<a href=\"https:\/\/elcardinal.com\/?p=6680\" class=\"image-link media-ratio ratio-16-9\" title=\"Julio Menchaca consolida integraci\u00f3n de ocho municipios hidalguenses a la Zona Metropolitana del Valle de M\u00e9xico\"><img loading=\"lazy\" decoding=\"async\" width=\"377\" height=\"212\" src=\"https:\/\/elcardinal.com\/wp-content\/uploads\/2026\/08\/030826_GOBERNADOR_PRIMERA-SESION-ORDINARIA-2026-DEL-CONSEJO-DE-DESARROLLO-METROPOLITANO-DEL-VALLE-DE-MEXICO_AIFA_LG-6-450x300.jpg\" class=\"attachment-bunyad-medium size-bunyad-medium wp-post-image\" alt=\"\" sizes=\"(max-width: 377px) 100vw, 377px\" title=\"Julio Menchaca consolida integraci\u00f3n de ocho municipios hidalguenses a la Zona Metropolitana del Valle de M\u00e9xico\" srcset=\"https:\/\/elcardinal.com\/wp-content\/uploads\/2026\/08\/030826_GOBERNADOR_PRIMERA-SESION-ORDINARIA-2026-DEL-CONSEJO-DE-DESARROLLO-METROPOLITANO-DEL-VALLE-DE-MEXICO_AIFA_LG-6-450x300.jpg 450w, https:\/\/elcardinal.com\/wp-content\/uploads\/2026\/08\/030826_GOBERNADOR_PRIMERA-SESION-ORDINARIA-2026-DEL-CONSEJO-DE-DESARROLLO-METROPOLITANO-DEL-VALLE-DE-MEXICO_AIFA_LG-6-1024x683.jpg 1024w, https:\/\/elcardinal.com\/wp-content\/uploads\/2026\/08\/030826_GOBERNADOR_PRIMERA-SESION-ORDINARIA-2026-DEL-CONSEJO-DE-DESARROLLO-METROPOLITANO-DEL-VALLE-DE-MEXICO_AIFA_LG-6-768x512.jpg 768w, https:\/\/elcardinal.com\/wp-content\/uploads\/2026\/08\/030826_GOBERNADOR_PRIMERA-SESION-ORDINARIA-2026-DEL-CONSEJO-DE-DESARROLLO-METROPOLITANO-DEL-VALLE-DE-MEXICO_AIFA_LG-6-1536x1024.jpg 1536w, https:\/\/elcardinal.com\/wp-content\/uploads\/2026\/08\/030826_GOBERNADOR_PRIMERA-SESION-ORDINARIA-2026-DEL-CONSEJO-DE-DESARROLLO-METROPOLITANO-DEL-VALLE-DE-MEXICO_AIFA_LG-6-2048x1365.jpg 2048w, https:\/\/elcardinal.com\/wp-content\/uploads\/2026\/08\/030826_GOBERNADOR_PRIMERA-SESION-ORDINARIA-2026-DEL-CONSEJO-DE-DESARROLLO-METROPOLITANO-DEL-VALLE-DE-MEXICO_AIFA_LG-6-1200x800.jpg 1200w\" \/><\/a>\t\t\t\n\t\t\t\n\t\t\t\n\t\t\t\n\t\t\n\t\t<\/div>\n\t\n\n\t\n\t\t<div class=\"content\">\n\n\t\t\t<div class=\"post-meta post-meta-a has-below\"><h2 class=\"is-title post-title limit-lines l-lines-3\"><a href=\"https:\/\/elcardinal.com\/?p=6680\">Julio Menchaca consolida integraci\u00f3n de ocho municipios hidalguenses a la Zona Metropolitana del Valle de M\u00e9xico<\/a><\/h2><div class=\"post-meta-items meta-below\"><span class=\"meta-item date\"><span class=\"date-link\"><time class=\"post-date\" datetime=\"2026-08-03T19:22:36-06:00\">3 agosto, 2026<\/time><\/span><\/span><\/div><\/div>\t\t\t\n\t\t\t\n\t\t\t\n\t\t<\/div>\n\n\t\n<\/article>\t\t\n\t<\/div>\n\n\t\t\n\t<\/div>\n\n\t\t\t\t<\/div>\n\n\t\t<\/section>\n\t\t\t\t\t\t<\/div>\n\t\t\t\t<\/div>\n\t\t\t\t<div class=\"elementor-element elementor-element-948c15c elementor-post-navigation-borders-yes elementor-widget elementor-widget-post-navigation\" data-id=\"948c15c\" data-element_type=\"widget\" data-widget_type=\"post-navigation.default\">\n\t\t\t\t<div class=\"elementor-widget-container\">\n\t\t\t\t\t\t\t<div class=\"elementor-post-navigation\">\n\t\t\t<div class=\"elementor-post-navigation__prev elementor-post-navigation__link\">\n\t\t\t\t<a href=\"https:\/\/elcardinal.com\/?p=6676\" rel=\"prev\"><span class=\"post-navigation__arrow-wrapper post-navigation__arrow-prev\"><i class=\"fa fa-angle-left\" aria-hidden=\"true\"><\/i><span class=\"elementor-screen-only\">Prev<\/span><\/span><span class=\"elementor-post-navigation__link__prev\"><span class=\"post-navigation__prev--label\">ANTERIOR<\/span><span class=\"post-navigation__prev--title\">Hidalgo, entre las ocho entidades con cobertura total en &#8220;Vive Saludable, Vive Feliz&#8221;<\/span><\/span><\/a>\t\t\t<\/div>\n\t\t\t\t\t\t\t<div class=\"elementor-post-navigation__separator-wrapper\">\n\t\t\t\t\t<div class=\"elementor-post-navigation__separator\"><\/div>\n\t\t\t\t<\/div>\n\t\t\t\t\t\t<div class=\"elementor-post-navigation__next elementor-post-navigation__link\">\n\t\t\t\t<a href=\"https:\/\/elcardinal.com\/?p=6683\" rel=\"next\"><span class=\"elementor-post-navigation__link__next\"><span class=\"post-navigation__next--label\">SIGUIENTE<\/span><span class=\"post-navigation__next--title\">Crecimiento, empleo y certeza impulsan a Hidalgo como potencia econ\u00f3mica en marcha<\/span><\/span><span class=\"post-navigation__arrow-wrapper post-navigation__arrow-next\"><i class=\"fa fa-angle-right\" aria-hidden=\"true\"><\/i><span class=\"elementor-screen-only\">Next<\/span><\/span><\/a>\t\t\t<\/div>\n\t\t<\/div>\n\t\t\t\t\t\t<\/div>\n\t\t\t\t<\/div>\n\t\t\t\t\t<\/div>\n\t\t<\/div>\n\t\t\t\t<div class=\"elementor-column elementor-col-33 elementor-top-column elementor-element elementor-element-6eab40f main-sidebar\" data-id=\"6eab40f\" data-element_type=\"column\">\n\t\t\t<div class=\"elementor-widget-wrap elementor-element-populated\">\n\t\t\t\t\t\t<div class=\"elementor-element elementor-element-4233714 elementor-widget elementor-widget-spacer\" data-id=\"4233714\" data-element_type=\"widget\" data-widget_type=\"spacer.default\">\n\t\t\t\t<div class=\"elementor-widget-container\">\n\t\t\t\t\t\t\t<div class=\"elementor-spacer\">\n\t\t\t<div class=\"elementor-spacer-inner\"><\/div>\n\t\t<\/div>\n\t\t\t\t\t\t<\/div>\n\t\t\t\t<\/div>\n\t\t\t\t<div class=\"elementor-element elementor-element-e0ed0bd elementor-widget elementor-widget-smartmag-grid\" data-id=\"e0ed0bd\" data-element_type=\"widget\" data-widget_type=\"smartmag-grid.default\">\n\t\t\t\t<div class=\"elementor-widget-container\">\n\t\t\t\t\t\t\t<section class=\"block-wrap block-grid block-sc mb-none\" data-id=\"16\">\n\n\t\t\t\t\t\t\t\t\n\t\t\t\t\t\t\t\n\t\t\t\t<div class=\"block-head block-head-ac block-head-g is-left\">\n\n\t\t\t\t\t<h4 class=\"heading\"><a href=\"https:\/\/elcardinal.com\/?cat=35\">OPINI\u00d3N<\/a><\/h4>\t\t\t\t\t\n\t\t\t\t\t\t\t\t\t<\/div>\n\t\t\t\t\n\t\t\t\n\t\t\t\n\t\t\t<div class=\"block-content\">\n\t\t\t\t\t\n\t<div class=\"loop loop-grid loop-grid-base has-nums has-nums-a grid grid-1 md:grid-1 xs:grid-1\">\n\n\t\t\t\t\t\n<article class=\"l-post grid-post grid-base-post\">\n\n\t\n\t\t\t<div class=\"media\">\n\n\t\t\n\t\t\t<a href=\"https:\/\/elcardinal.com\/?p=6815\" class=\"image-link media-ratio ratio-16-9\" title=\"Alg\u00fan d\u00eda nadie recordar\u00e1 tu nombre\"><img loading=\"lazy\" decoding=\"async\" width=\"377\" height=\"212\" src=\"https:\/\/elcardinal.com\/wp-content\/uploads\/2026\/04\/FB_IMG_1775236107813-450x377.jpg\" class=\"attachment-bunyad-medium size-bunyad-medium wp-post-image\" alt=\"\" sizes=\"(max-width: 377px) 100vw, 377px\" title=\"Alg\u00fan d\u00eda nadie recordar\u00e1 tu nombre\" srcset=\"https:\/\/elcardinal.com\/wp-content\/uploads\/2026\/04\/FB_IMG_1775236107813-450x377.jpg 450w, https:\/\/elcardinal.com\/wp-content\/uploads\/2026\/04\/FB_IMG_1775236107813-300x252.jpg 300w, https:\/\/elcardinal.com\/wp-content\/uploads\/2026\/04\/FB_IMG_1775236107813-1024x858.jpg 1024w, https:\/\/elcardinal.com\/wp-content\/uploads\/2026\/04\/FB_IMG_1775236107813-768x644.jpg 768w, https:\/\/elcardinal.com\/wp-content\/uploads\/2026\/04\/FB_IMG_1775236107813.jpg 1126w\" \/><\/a>\t\t\t\n\t\t\t\n\t\t\t\n\t\t\t\t\t\t\t\n\t\t\t\t<span class=\"cat-labels cat-labels-overlay c-overlay p-bot-left\">\n\t\t\t\t<a href=\"https:\/\/elcardinal.com\/?cat=31\" class=\"category term-color-31\" rel=\"category\" tabindex=\"-1\">Hidalgo<\/a>\n\t\t\t<\/span>\n\t\t\t\t\t\t\n\t\t\t\n\t\t\n\t\t<\/div>\n\t\n\n\t\n\t\t<div class=\"content\">\n\n\t\t\t<div class=\"post-meta post-meta-a has-below\"><h2 class=\"is-title post-title\"><a href=\"https:\/\/elcardinal.com\/?p=6815\">Alg\u00fan d\u00eda nadie recordar\u00e1 tu nombre<\/a><\/h2><div class=\"post-meta-items meta-below\"><span class=\"meta-item post-author\"><span class=\"by\">By<\/span> <a href=\"https:\/\/elcardinal.com\/?author=2\" rel=\"author\">Antonio Alcaraz<\/a><\/span><span class=\"meta-item has-next-icon date\"><span class=\"date-link\"><time class=\"post-date\" datetime=\"2026-08-23T14:27:05-06:00\">23 agosto, 2026<\/time><\/span><\/span><span class=\"meta-item comments has-icon\"><a href=\"https:\/\/elcardinal.com\/?p=6815#respond\"><i class=\"tsi tsi-comment-o\"><\/i>0<\/a><\/span><\/div><\/div>\t\t\t\n\t\t\t\n\t\t\t\n\t\t<\/div>\n\n\t\n<\/article>\t\t\t\t\t\n<article class=\"l-post grid-post grid-base-post\">\n\n\t\n\t\t\t<div class=\"media\">\n\n\t\t\n\t\t\t<a href=\"https:\/\/elcardinal.com\/?p=6746\" class=\"image-link media-ratio ratio-16-9\" title=\"Ra\u00edz y Canto\u00a0\"><img loading=\"lazy\" decoding=\"async\" width=\"377\" height=\"212\" src=\"https:\/\/elcardinal.com\/wp-content\/uploads\/2026\/05\/IMG-20260531-WA0126-450x338.jpg\" class=\"attachment-bunyad-medium size-bunyad-medium wp-post-image\" alt=\"\" sizes=\"(max-width: 377px) 100vw, 377px\" title=\"Ra\u00edz y Canto\u00a0\" srcset=\"https:\/\/elcardinal.com\/wp-content\/uploads\/2026\/05\/IMG-20260531-WA0126-450x338.jpg 450w, https:\/\/elcardinal.com\/wp-content\/uploads\/2026\/05\/IMG-20260531-WA0126-300x225.jpg 300w, https:\/\/elcardinal.com\/wp-content\/uploads\/2026\/05\/IMG-20260531-WA0126-1024x768.jpg 1024w, https:\/\/elcardinal.com\/wp-content\/uploads\/2026\/05\/IMG-20260531-WA0126-768x576.jpg 768w, https:\/\/elcardinal.com\/wp-content\/uploads\/2026\/05\/IMG-20260531-WA0126.jpg 1080w\" \/><\/a>\t\t\t\n\t\t\t\n\t\t\t\n\t\t\t\t\t\t\t\n\t\t\t\t<span class=\"cat-labels cat-labels-overlay c-overlay p-bot-left\">\n\t\t\t\t<a href=\"https:\/\/elcardinal.com\/?cat=31\" class=\"category term-color-31\" rel=\"category\" tabindex=\"-1\">Hidalgo<\/a>\n\t\t\t<\/span>\n\t\t\t\t\t\t\n\t\t\t\n\t\t\n\t\t<\/div>\n\t\n\n\t\n\t\t<div class=\"content\">\n\n\t\t\t<div class=\"post-meta post-meta-a has-below\"><h2 class=\"is-title post-title\"><a href=\"https:\/\/elcardinal.com\/?p=6746\">Ra\u00edz y Canto\u00a0<\/a><\/h2><div class=\"post-meta-items meta-below\"><span class=\"meta-item post-author\"><span class=\"by\">By<\/span> <a href=\"https:\/\/elcardinal.com\/?author=2\" rel=\"author\">Antonio Alcaraz<\/a><\/span><span class=\"meta-item has-next-icon date\"><span class=\"date-link\"><time class=\"post-date\" datetime=\"2026-08-13T12:17:52-06:00\">13 agosto, 2026<\/time><\/span><\/span><span class=\"meta-item comments has-icon\"><a href=\"https:\/\/elcardinal.com\/?p=6746#respond\"><i class=\"tsi tsi-comment-o\"><\/i>0<\/a><\/span><\/div><\/div>\t\t\t\n\t\t\t\n\t\t\t\n\t\t<\/div>\n\n\t\n<\/article>\t\t\n\t<\/div>\n\n\t\t\n\t\t\t<\/div>\n\n\t\t<\/section>\n\t\t\t\t\t\t<\/div>\n\t\t\t\t<\/div>\n\t\t\t\t<div class=\"elementor-element elementor-element-50e301f elementor-widget elementor-widget-spacer\" data-id=\"50e301f\" data-element_type=\"widget\" data-widget_type=\"spacer.default\">\n\t\t\t\t<div class=\"elementor-widget-container\">\n\t\t\t\t\t\t\t<div class=\"elementor-spacer\">\n\t\t\t<div class=\"elementor-spacer-inner\"><\/div>\n\t\t<\/div>\n\t\t\t\t\t\t<\/div>\n\t\t\t\t<\/div>\n\t\t\t\t<div class=\"elementor-element elementor-element-cc69e93 elementor-widget elementor-widget-image\" data-id=\"cc69e93\" data-element_type=\"widget\" data-widget_type=\"image.default\">\n\t\t\t\t<div class=\"elementor-widget-container\">\n\t\t\t\t\t\t\t\t\t\t\t\t\t\t\t\t<a href=\"https:\/\/hidalgo.travel\/inicio\/\">\n\t\t\t\t\t\t\t<img loading=\"lazy\" decoding=\"async\" class=\"attachment-large size-large wp-image-6854 lazyload\" width=\"625\" height=\"521\" src=\"data:image\/svg+xml;base64,PHN2ZyB2aWV3Qm94PScwIDAgNjI1IDUyMScgeG1sbnM9J2h0dHA6Ly93d3cudzMub3JnLzIwMDAvc3ZnJz48L3N2Zz4=\" alt srcset=\"https:\/\/elcardinal.com\/wp-content\/uploads\/2026\/08\/147-mil-millones-en-inversion_Ads-300x250-1.png 625w, https:\/\/elcardinal.com\/wp-content\/uploads\/2026\/08\/147-mil-millones-en-inversion_Ads-300x250-1-300x250.png 300w, https:\/\/elcardinal.com\/wp-content\/uploads\/2026\/08\/147-mil-millones-en-inversion_Ads-300x250-1-150x125.png 150w, https:\/\/elcardinal.com\/wp-content\/uploads\/2026\/08\/147-mil-millones-en-inversion_Ads-300x250-1-450x375.png 450w\" sizes=\"(max-width: 625px) 100vw, 625px\" data-src=\"https:\/\/elcardinal.com\/wp-content\/uploads\/2026\/08\/147-mil-millones-en-inversion_Ads-300x250-1.png\" \/>\t\t\t\t\t\t\t\t<\/a>\n\t\t\t\t\t\t\t\t\t\t\t\t\t\t\t<\/div>\n\t\t\t\t<\/div>\n\t\t\t\t<div class=\"elementor-element elementor-element-9548544 elementor-widget elementor-widget-spacer\" data-id=\"9548544\" data-element_type=\"widget\" data-widget_type=\"spacer.default\">\n\t\t\t\t<div class=\"elementor-widget-container\">\n\t\t\t\t\t\t\t<div class=\"elementor-spacer\">\n\t\t\t<div class=\"elementor-spacer-inner\"><\/div>\n\t\t<\/div>\n\t\t\t\t\t\t<\/div>\n\t\t\t\t<\/div>\n\t\t\t\t\t<\/div>\n\t\t<\/div>\n\t\t\t\t\t<\/div>\n\t\t<\/section>\n\t\t\t\t<section class=\"has-el-gap el-gap-default elementor-section elementor-top-section elementor-element elementor-element-0a2f859 elementor-section-boxed elementor-section-height-default elementor-section-height-default\" data-id=\"0a2f859\" data-element_type=\"section\">\n\t\t\t\t\t\t<div class=\"elementor-container elementor-column-gap-no\">\n\t\t\t\t\t<div class=\"elementor-column elementor-col-100 elementor-top-column elementor-element elementor-element-28b580e\" data-id=\"28b580e\" data-element_type=\"column\">\n\t\t\t<div class=\"elementor-widget-wrap elementor-element-populated\">\n\t\t\t\t\t\t<div class=\"elementor-element elementor-element-f9e65a4 elementor-widget elementor-widget-smartmag-heading\" data-id=\"f9e65a4\" data-element_type=\"widget\" data-widget_type=\"smartmag-heading.default\">\n\t\t\t\t<div class=\"elementor-widget-container\">\n\t\t\t\t\t\t\t\t\t\t\n\t\t\t\t\t\t\t\n\t\t\t\t<div class=\"block-head block-head-e block-head-e1 is-center\">\n\n\t\t\t\t\t<h4 class=\"heading\"><a href=\"https:\/\/elcardinal.com\/?cat=36\"><span class=\"color\">HIST<\/span>ORIAS<\/a><\/h4>\t\t\t\t\t\n\t\t\t\t\t\t\t\t\t<\/div>\n\t\t\t\t\n\t\t\t\n\t\t\t\t\t\t<\/div>\n\t\t\t\t<\/div>\n\t\t\t\t<div class=\"elementor-element elementor-element-16a41d9 elementor-widget elementor-widget-smartmag-overlay\" data-id=\"16a41d9\" data-element_type=\"widget\" data-widget_type=\"smartmag-overlay.default\">\n\t\t\t\t<div class=\"elementor-widget-container\">\n\t\t\t\t\t\t\t<section class=\"block-wrap block-overlay block-sc cols-gap-sm mb-none\" data-id=\"17\">\n\n\t\t\t\t\n\t\t\t<div class=\"block-content\">\n\t\t\t\t\t\n\t<div class=\"loop loop-overlay grid grid-2 md:grid-2 xs:grid-1\">\n\n\t\t\n\t<\/div>\n\n\t\t\n\t\t\t<\/div>\n\n\t\t<\/section>\n\t\t\t\t\t\t<\/div>\n\t\t\t\t<\/div>\n\t\t\t\t<div class=\"elementor-element elementor-element-2e1b58f elementor-widget elementor-widget-smartmag-featgrid\" data-id=\"2e1b58f\" data-element_type=\"widget\" data-widget_type=\"smartmag-featgrid.default\">\n\t\t\t\t<div class=\"elementor-widget-container\">\n\t\t\t\t\t\t\t<section class=\"block-wrap block-feat-grid block-sc\" data-id=\"18\">\n\n\t\t\t\t\n\t\t\t<div class=\"block-content\">\n\t\t\t\t\t\n<section class=\"feat-grid feat-grid-eq2 slider common-slider arrow-hover feat-grid-ratio feat-grid-equals\">\n\n\t<div class=\"slides\" data-parallax data-slider=\"feat-grid\" data-scroll-num=\"2\" data-scroll-num-md=\"2\">\n\t\n\t\n\t\t\t\t\t\n\t\t\t\t\t\t\t\n\t\t\t\t<div class=\"item item-main item-large item-1 pos-bot\">\n\n\t\t\t\t\t\n<article class=\"l-post grid-overlay grid-overlay-a hover-zoom\">\n\n\t\n\t\t\t<div class=\"media\">\n\n\t\t\n\t\t\t<a href=\"https:\/\/elcardinal.com\/?p=6795\" class=\"image-link\" title=\"Mustafa, el hipnotista que promete poner a prueba la mente de Pachuca\"><img loading=\"lazy\" decoding=\"async\" width=\"768\" height=\"512\" src=\"https:\/\/elcardinal.com\/wp-content\/uploads\/2026\/08\/IMG_20260820_095008-768x512.jpg\" class=\"attachment-bunyad-768 size-bunyad-768 wp-post-image\" alt=\"\" sizes=\"(max-width: 585px) 100vw, 585px\" title=\"Mustafa, el hipnotista que promete poner a prueba la mente de Pachuca\" srcset=\"https:\/\/elcardinal.com\/wp-content\/uploads\/2026\/08\/IMG_20260820_095008-768x512.jpg 768w, https:\/\/elcardinal.com\/wp-content\/uploads\/2026\/08\/IMG_20260820_095008-1024x682.jpg 1024w, https:\/\/elcardinal.com\/wp-content\/uploads\/2026\/08\/IMG_20260820_095008-1536x1023.jpg 1536w, https:\/\/elcardinal.com\/wp-content\/uploads\/2026\/08\/IMG_20260820_095008-1200x799.jpg 1200w, https:\/\/elcardinal.com\/wp-content\/uploads\/2026\/08\/IMG_20260820_095008.jpg 1920w\" \/><\/a>\t\t\t\n\t\t\t\n\t\t\t\n\t\t\t\n\t\t\n\t\t<\/div>\n\t\n\n\t\t\t<div class=\"content-wrap\">\n\t\n\t\t<div class=\"content\">\n\n\t\t\t<div class=\"post-meta post-meta-a meta-contrast has-below\"><div class=\"post-meta-items meta-above\"><span class=\"meta-item cat-labels\">\n\t\t\t\t\t\t\n\t\t\t\t\t\t<a href=\"https:\/\/elcardinal.com\/?cat=31\" class=\"category term-color-31\" rel=\"category\" tabindex=\"-1\">Hidalgo<\/a>\n\t\t\t\t\t<\/span>\n\t\t\t\t\t<\/div><h2 class=\"is-title post-title\"><a href=\"https:\/\/elcardinal.com\/?p=6795\">Mustafa, el hipnotista que promete poner a prueba la mente de Pachuca<\/a><\/h2><div class=\"post-meta-items meta-below\"><span class=\"meta-item post-author\"><a href=\"https:\/\/elcardinal.com\/?author=2\" rel=\"author\">Antonio Alcaraz<\/a><\/span><span class=\"meta-item date\"><span class=\"date-link\"><time class=\"post-date\" datetime=\"2026-08-20T10:10:28-06:00\">20 agosto, 2026<\/time><\/span><\/span><\/div><\/div>\t\t\t\n\t\t\t\n\t\t\t\n\t\t<\/div>\n\n\t\t\t<\/div>\n\t\n<\/article>\n\t\t\t\t<\/div>\n\t\t\t\t\t\t\t\n\t\t\t\t\t\t\t\n\t\t\n\t\n\t\t\t\t\t\n\t\t\t\t\t\t\t\n\t\t\t\t<div class=\"item item-main item-large item-2 pos-bot\">\n\n\t\t\t\t\t\n<article class=\"l-post grid-overlay grid-overlay-a hover-zoom\">\n\n\t\n\t\t\t<div class=\"media\">\n\n\t\t\n\t\t\t<a href=\"https:\/\/elcardinal.com\/?p=6624\" class=\"image-link\" title=\"Los hongos toman Pachuca: Llega el Festival Broto con talleres, arte, gastronom\u00eda y experiencias para reconectar con la naturaleza\"><img loading=\"lazy\" decoding=\"async\" width=\"768\" height=\"576\" src=\"https:\/\/elcardinal.com\/wp-content\/uploads\/2026\/07\/WhatsApp-Image-2026-07-26-at-21.06.09-1-768x576.jpeg\" class=\"attachment-bunyad-768 size-bunyad-768 wp-post-image\" alt=\"\" sizes=\"(max-width: 585px) 100vw, 585px\" title=\"Los hongos toman Pachuca: Llega el Festival Broto con talleres, arte, gastronom\u00eda y experiencias para reconectar con la naturaleza\" srcset=\"https:\/\/elcardinal.com\/wp-content\/uploads\/2026\/07\/WhatsApp-Image-2026-07-26-at-21.06.09-1-768x576.jpeg 768w, https:\/\/elcardinal.com\/wp-content\/uploads\/2026\/07\/WhatsApp-Image-2026-07-26-at-21.06.09-1-1024x768.jpeg 1024w, https:\/\/elcardinal.com\/wp-content\/uploads\/2026\/07\/WhatsApp-Image-2026-07-26-at-21.06.09-1-1536x1152.jpeg 1536w, https:\/\/elcardinal.com\/wp-content\/uploads\/2026\/07\/WhatsApp-Image-2026-07-26-at-21.06.09-1-2048x1536.jpeg 2048w, https:\/\/elcardinal.com\/wp-content\/uploads\/2026\/07\/WhatsApp-Image-2026-07-26-at-21.06.09-1-1200x900.jpeg 1200w\" \/><\/a>\t\t\t\n\t\t\t\n\t\t\t\n\t\t\t\n\t\t\n\t\t<\/div>\n\t\n\n\t\t\t<div class=\"content-wrap\">\n\t\n\t\t<div class=\"content\">\n\n\t\t\t<div class=\"post-meta post-meta-a meta-contrast has-below\"><div class=\"post-meta-items meta-above\"><span class=\"meta-item cat-labels\">\n\t\t\t\t\t\t\n\t\t\t\t\t\t<a href=\"https:\/\/elcardinal.com\/?cat=31\" class=\"category term-color-31\" rel=\"category\" tabindex=\"-1\">Hidalgo<\/a>\n\t\t\t\t\t<\/span>\n\t\t\t\t\t<\/div><h2 class=\"is-title post-title\"><a href=\"https:\/\/elcardinal.com\/?p=6624\">Los hongos toman Pachuca: Llega el Festival Broto con talleres, arte, gastronom\u00eda y experiencias para reconectar con la naturaleza<\/a><\/h2><div class=\"post-meta-items meta-below\"><span class=\"meta-item post-author\"><a href=\"https:\/\/elcardinal.com\/?author=2\" rel=\"author\">Antonio Alcaraz<\/a><\/span><span class=\"meta-item date\"><span class=\"date-link\"><time class=\"post-date\" datetime=\"2026-07-27T18:13:43-06:00\">27 julio, 2026<\/time><\/span><\/span><\/div><\/div>\t\t\t\n\t\t\t\n\t\t\t\n\t\t<\/div>\n\n\t\t\t<\/div>\n\t\n<\/article>\n\t\t\t\t<\/div>\n\t\t\t\t\t\t\t\n\t\t\t\t\t\t\t\n\t\t\n\t\t<\/div>\n\n<\/section>\n\t\t\t<\/div>\n\n\t\t<\/section>\n\t\t\t\t\t\t<\/div>\n\t\t\t\t<\/div>\n\t\t\t\t<div class=\"elementor-element elementor-element-1676e4f elementor-widget elementor-widget-smartmag-grid\" data-id=\"1676e4f\" data-element_type=\"widget\" data-widget_type=\"smartmag-grid.default\">\n\t\t\t\t<div class=\"elementor-widget-container\">\n\t\t\t\t\t\t\t<section class=\"block-wrap block-grid block-sc mb-none\" data-id=\"19\">\n\n\t\t\t\t\n\t\t\t<div class=\"block-content\">\n\t\t\t\t\t\n\t<div class=\"loop loop-grid loop-grid-sm grid grid-4 md:grid-2 xs:grid-1\">\n\n\t\t\n\t<\/div>\n\n\t\t\n\t\t\t<\/div>\n\n\t\t<\/section>\n\t\t\t\t\t\t<\/div>\n\t\t\t\t<\/div>\n\t\t\t\t\t<\/div>\n\t\t<\/div>\n\t\t\t\t\t<\/div>\n\t\t<\/section>\n\t\t\t\t<\/div>\n\t\t","protected":false},"excerpt":{"rendered":"<p>MINUTO A MINUTO Hidalgo Andr\u00e9s Vel\u00e1zquez destaca resultados y cercan\u00eda con la ciudadan\u00eda durante su segundo informe Antonio Alcaraz28 agosto, 2026 Educaci\u00f3n Fortalece SEPH la evaluaci\u00f3n de aprendizajes para mejorar la pr\u00e1ctica educativa Antonio Alcaraz27 agosto, 2026 Educaci\u00f3n SEPH consolida la planeaci\u00f3n acad\u00e9mica para el ciclo escolar 2026-2027 Antonio Alcaraz26 agosto, 2026 Educaci\u00f3n Encabeza Natividad<\/p>\n","protected":false},"author":1,"featured_media":0,"parent":0,"menu_order":0,"comment_status":"closed","ping_status":"closed","template":"page-templates\/no-wrapper.php","meta":{"footnotes":""},"class_list":["post-6","page","type-page","status-publish"],"yoast_head":"<!-- This site is optimized with the Yoast SEO plugin v28.0 - https:\/\/yoast.com\/product\/yoast-seo-wordpress\/ -->\n<title>El Cardinal - El Cardinal<\/title>\n<meta name=\"robots\" content=\"index, follow, max-snippet:-1, max-image-preview:large, max-video-preview:-1\" \/>\n<link rel=\"canonical\" href=\"https:\/\/elcardinal.com\/\" \/>\n<meta property=\"og:locale\" content=\"es_MX\" \/>\n<meta property=\"og:type\" content=\"article\" \/>\n<meta property=\"og:title\" content=\"El Cardinal - El Cardinal\" \/>\n<meta property=\"og:description\" content=\"MINUTO A MINUTO Hidalgo Andr\u00e9s Vel\u00e1zquez destaca resultados y cercan\u00eda con la ciudadan\u00eda durante su segundo informe Antonio Alcaraz28 agosto, 2026 Educaci\u00f3n Fortalece SEPH la evaluaci\u00f3n de aprendizajes para mejorar la pr\u00e1ctica educativa Antonio Alcaraz27 agosto, 2026 Educaci\u00f3n SEPH consolida la planeaci\u00f3n acad\u00e9mica para el ciclo escolar 2026-2027 Antonio Alcaraz26 agosto, 2026 Educaci\u00f3n Encabeza Natividad\" \/>\n<meta property=\"og:url\" content=\"https:\/\/elcardinal.com\/\" \/>\n<meta property=\"og:site_name\" content=\"El Cardinal\" \/>\n<meta property=\"article:publisher\" content=\"https:\/\/www.facebook.com\/profile.php?id=100063093107011\" \/>\n<meta property=\"article:modified_time\" content=\"2026-08-29T16:15:27+00:00\" \/>\n<meta property=\"og:image\" content=\"https:\/\/elcardinal.com\/wp-content\/uploads\/2026\/08\/WhatsApp-Image-2026-08-28-at-8.26.37-PM-1-768x604.jpeg\" \/>\n<meta name=\"twitter:card\" content=\"summary_large_image\" \/>\n<meta name=\"twitter:site\" content=\"@ElCardinal_Mx\" \/>\n<meta name=\"twitter:label1\" content=\"Tiempo de lectura\" \/>\n\t<meta name=\"twitter:data1\" content=\"15 minutos\" \/>\n<script type=\"application\/ld+json\" class=\"yoast-schema-graph\">{\"@context\":\"https:\\\/\\\/schema.org\",\"@graph\":[{\"@type\":\"WebPage\",\"@id\":\"https:\\\/\\\/elcardinal.com\\\/\",\"url\":\"https:\\\/\\\/elcardinal.com\\\/\",\"name\":\"El Cardinal - El Cardinal\",\"isPartOf\":{\"@id\":\"https:\\\/\\\/elcardinal.com\\\/#website\"},\"primaryImageOfPage\":{\"@id\":\"https:\\\/\\\/elcardinal.com\\\/#primaryimage\"},\"image\":{\"@id\":\"https:\\\/\\\/elcardinal.com\\\/#primaryimage\"},\"thumbnailUrl\":\"https:\\\/\\\/elcardinal.com\\\/wp-content\\\/uploads\\\/2026\\\/08\\\/WhatsApp-Image-2026-08-28-at-8.26.37-PM-1-768x604.jpeg\",\"datePublished\":\"2021-01-13T16:29:55+00:00\",\"dateModified\":\"2026-08-29T16:15:27+00:00\",\"breadcrumb\":{\"@id\":\"https:\\\/\\\/elcardinal.com\\\/#breadcrumb\"},\"inLanguage\":\"es\",\"potentialAction\":[{\"@type\":\"ReadAction\",\"target\":[\"https:\\\/\\\/elcardinal.com\\\/\"]}]},{\"@type\":\"ImageObject\",\"inLanguage\":\"es\",\"@id\":\"https:\\\/\\\/elcardinal.com\\\/#primaryimage\",\"url\":\"https:\\\/\\\/elcardinal.com\\\/wp-content\\\/uploads\\\/2026\\\/08\\\/WhatsApp-Image-2026-08-28-at-8.26.37-PM-1-768x604.jpeg\",\"contentUrl\":\"https:\\\/\\\/elcardinal.com\\\/wp-content\\\/uploads\\\/2026\\\/08\\\/WhatsApp-Image-2026-08-28-at-8.26.37-PM-1-768x604.jpeg\"},{\"@type\":\"BreadcrumbList\",\"@id\":\"https:\\\/\\\/elcardinal.com\\\/#breadcrumb\",\"itemListElement\":[{\"@type\":\"ListItem\",\"position\":1,\"name\":\"Inicio\",\"item\":\"https:\\\/\\\/elcardinal.com\\\/\"},{\"@type\":\"ListItem\",\"position\":2,\"name\":\"El Cardinal\"}]},{\"@type\":\"WebSite\",\"@id\":\"https:\\\/\\\/elcardinal.com\\\/#website\",\"url\":\"https:\\\/\\\/elcardinal.com\\\/\",\"name\":\"El Cardinal\",\"description\":\"Periodismo honesto, con valor, sentido humano, a veces sarc\u00e1stico y divertido.\",\"publisher\":{\"@id\":\"https:\\\/\\\/elcardinal.com\\\/#organization\"},\"alternateName\":\"El Cardinal Noticias\",\"potentialAction\":[{\"@type\":\"SearchAction\",\"target\":{\"@type\":\"EntryPoint\",\"urlTemplate\":\"https:\\\/\\\/elcardinal.com\\\/?s={search_term_string}\"},\"query-input\":{\"@type\":\"PropertyValueSpecification\",\"valueRequired\":true,\"valueName\":\"search_term_string\"}}],\"inLanguage\":\"es\"},{\"@type\":\"Organization\",\"@id\":\"https:\\\/\\\/elcardinal.com\\\/#organization\",\"name\":\"El Cardinal\",\"url\":\"https:\\\/\\\/elcardinal.com\\\/\",\"logo\":{\"@type\":\"ImageObject\",\"inLanguage\":\"es\",\"@id\":\"https:\\\/\\\/elcardinal.com\\\/#\\\/schema\\\/logo\\\/image\\\/\",\"url\":\"https:\\\/\\\/elcardinal.com\\\/wp-content\\\/uploads\\\/2025\\\/04\\\/LOGO-EL-CARDINAL-Periodismo-con-valor.png\",\"contentUrl\":\"https:\\\/\\\/elcardinal.com\\\/wp-content\\\/uploads\\\/2025\\\/04\\\/LOGO-EL-CARDINAL-Periodismo-con-valor.png\",\"width\":755,\"height\":636,\"caption\":\"El Cardinal\"},\"image\":{\"@id\":\"https:\\\/\\\/elcardinal.com\\\/#\\\/schema\\\/logo\\\/image\\\/\"},\"sameAs\":[\"https:\\\/\\\/www.facebook.com\\\/profile.php?id=100063093107011\",\"https:\\\/\\\/x.com\\\/ElCardinal_Mx\"]}]}<\/script>\n<!-- \/ Yoast SEO plugin. -->","yoast_head_json":{"title":"El Cardinal - El Cardinal","robots":{"index":"index","follow":"follow","max-snippet":"max-snippet:-1","max-image-preview":"max-image-preview:large","max-video-preview":"max-video-preview:-1"},"canonical":"https:\/\/elcardinal.com\/","og_locale":"es_MX","og_type":"article","og_title":"El Cardinal - El Cardinal","og_description":"MINUTO A MINUTO Hidalgo Andr\u00e9s Vel\u00e1zquez destaca resultados y cercan\u00eda con la ciudadan\u00eda durante su segundo informe Antonio Alcaraz28 agosto, 2026 Educaci\u00f3n Fortalece SEPH la evaluaci\u00f3n de aprendizajes para mejorar la pr\u00e1ctica educativa Antonio Alcaraz27 agosto, 2026 Educaci\u00f3n SEPH consolida la planeaci\u00f3n acad\u00e9mica para el ciclo escolar 2026-2027 Antonio Alcaraz26 agosto, 2026 Educaci\u00f3n Encabeza Natividad","og_url":"https:\/\/elcardinal.com\/","og_site_name":"El Cardinal","article_publisher":"https:\/\/www.facebook.com\/profile.php?id=100063093107011","article_modified_time":"2026-08-29T16:15:27+00:00","og_image":[{"url":"https:\/\/elcardinal.com\/wp-content\/uploads\/2026\/08\/WhatsApp-Image-2026-08-28-at-8.26.37-PM-1-768x604.jpeg","type":"","width":"","height":""}],"twitter_card":"summary_large_image","twitter_site":"@ElCardinal_Mx","twitter_misc":{"Tiempo de lectura":"15 minutos"},"schema":{"@context":"https:\/\/schema.org","@graph":[{"@type":"WebPage","@id":"https:\/\/elcardinal.com\/","url":"https:\/\/elcardinal.com\/","name":"El Cardinal - El Cardinal","isPartOf":{"@id":"https:\/\/elcardinal.com\/#website"},"primaryImageOfPage":{"@id":"https:\/\/elcardinal.com\/#primaryimage"},"image":{"@id":"https:\/\/elcardinal.com\/#primaryimage"},"thumbnailUrl":"https:\/\/elcardinal.com\/wp-content\/uploads\/2026\/08\/WhatsApp-Image-2026-08-28-at-8.26.37-PM-1-768x604.jpeg","datePublished":"2021-01-13T16:29:55+00:00","dateModified":"2026-08-29T16:15:27+00:00","breadcrumb":{"@id":"https:\/\/elcardinal.com\/#breadcrumb"},"inLanguage":"es","potentialAction":[{"@type":"ReadAction","target":["https:\/\/elcardinal.com\/"]}]},{"@type":"ImageObject","inLanguage":"es","@id":"https:\/\/elcardinal.com\/#primaryimage","url":"https:\/\/elcardinal.com\/wp-content\/uploads\/2026\/08\/WhatsApp-Image-2026-08-28-at-8.26.37-PM-1-768x604.jpeg","contentUrl":"https:\/\/elcardinal.com\/wp-content\/uploads\/2026\/08\/WhatsApp-Image-2026-08-28-at-8.26.37-PM-1-768x604.jpeg"},{"@type":"BreadcrumbList","@id":"https:\/\/elcardinal.com\/#breadcrumb","itemListElement":[{"@type":"ListItem","position":1,"name":"Inicio","item":"https:\/\/elcardinal.com\/"},{"@type":"ListItem","position":2,"name":"El Cardinal"}]},{"@type":"WebSite","@id":"https:\/\/elcardinal.com\/#website","url":"https:\/\/elcardinal.com\/","name":"El Cardinal","description":"Periodismo honesto, con valor, sentido humano, a veces sarc\u00e1stico y divertido.","publisher":{"@id":"https:\/\/elcardinal.com\/#organization"},"alternateName":"El Cardinal Noticias","potentialAction":[{"@type":"SearchAction","target":{"@type":"EntryPoint","urlTemplate":"https:\/\/elcardinal.com\/?s={search_term_string}"},"query-input":{"@type":"PropertyValueSpecification","valueRequired":true,"valueName":"search_term_string"}}],"inLanguage":"es"},{"@type":"Organization","@id":"https:\/\/elcardinal.com\/#organization","name":"El Cardinal","url":"https:\/\/elcardinal.com\/","logo":{"@type":"ImageObject","inLanguage":"es","@id":"https:\/\/elcardinal.com\/#\/schema\/logo\/image\/","url":"https:\/\/elcardinal.com\/wp-content\/uploads\/2025\/04\/LOGO-EL-CARDINAL-Periodismo-con-valor.png","contentUrl":"https:\/\/elcardinal.com\/wp-content\/uploads\/2025\/04\/LOGO-EL-CARDINAL-Periodismo-con-valor.png","width":755,"height":636,"caption":"El Cardinal"},"image":{"@id":"https:\/\/elcardinal.com\/#\/schema\/logo\/image\/"},"sameAs":["https:\/\/www.facebook.com\/profile.php?id=100063093107011","https:\/\/x.com\/ElCardinal_Mx"]}]}},"_links":{"self":[{"href":"https:\/\/elcardinal.com\/index.php?rest_route=\/wp\/v2\/pages\/6","targetHints":{"allow":["GET"]}}],"collection":[{"href":"https:\/\/elcardinal.com\/index.php?rest_route=\/wp\/v2\/pages"}],"about":[{"href":"https:\/\/elcardinal.com\/index.php?rest_route=\/wp\/v2\/types\/page"}],"author":[{"embeddable":true,"href":"https:\/\/elcardinal.com\/index.php?rest_route=\/wp\/v2\/users\/1"}],"replies":[{"embeddable":true,"href":"https:\/\/elcardinal.com\/index.php?rest_route=%2Fwp%2Fv2%2Fcomments&post=6"}],"version-history":[{"count":182,"href":"https:\/\/elcardinal.com\/index.php?rest_route=\/wp\/v2\/pages\/6\/revisions"}],"predecessor-version":[{"id":6857,"href":"https:\/\/elcardinal.com\/index.php?rest_route=\/wp\/v2\/pages\/6\/revisions\/6857"}],"wp:attachment":[{"href":"https:\/\/elcardinal.com\/index.php?rest_route=%2Fwp%2Fv2%2Fmedia&parent=6"}],"curies":[{"name":"wp","href":"https:\/\/api.w.org\/{rel}","templated":true}]}}