{"id":6,"date":"2021-01-13T16:29:55","date_gmt":"2021-01-13T16:29:55","guid":{"rendered":"https:\/\/smartmag.theme-sphere.com\/good-news\/"},"modified":"2025-10-20T19:49:26","modified_gmt":"2025-10-21T01:49:26","slug":"homepage","status":"publish","type":"page","link":"https:\/\/elcardinal.com\/","title":{"rendered":"El Cardinal"},"content":{"rendered":"\t\t<div data-elementor-type=\"wp-page\" data-elementor-id=\"6\" class=\"elementor elementor-6\" data-elementor-post-type=\"page\">\n\t\t\t\t\t\t<section class=\"has-el-gap el-gap-default elementor-section elementor-top-section elementor-element elementor-element-e272790 elementor-section-boxed elementor-section-height-default elementor-section-height-default\" data-id=\"e272790\" data-element_type=\"section\" data-settings=\"{&quot;motion_fx_motion_fx_scrolling&quot;:&quot;yes&quot;,&quot;motion_fx_devices&quot;:[&quot;desktop&quot;,&quot;tablet&quot;,&quot;mobile&quot;]}\">\n\t\t\t\t\t\t<div class=\"elementor-container elementor-column-gap-no\">\n\t\t\t\t\t<div class=\"elementor-column elementor-col-100 elementor-top-column elementor-element elementor-element-283ca30\" data-id=\"283ca30\" data-element_type=\"column\">\n\t\t\t<div class=\"elementor-widget-wrap elementor-element-populated\">\n\t\t\t\t\t\t<div class=\"elementor-element elementor-element-d77d069 elementor-widget elementor-widget-heading\" data-id=\"d77d069\" data-element_type=\"widget\" data-widget_type=\"heading.default\">\n\t\t\t\t<div class=\"elementor-widget-container\">\n\t\t\t\t\t<h2 class=\"elementor-heading-title elementor-size-default\"><a href=\"https:\/\/elcardinal.com\/?cat=44\">MINUTO A MINUTO<\/a><\/h2>\t\t\t\t<\/div>\n\t\t\t\t<\/div>\n\t\t\t\t<div class=\"elementor-element elementor-element-3ac4e37 elementor-widget elementor-widget-smartmag-featgrid\" data-id=\"3ac4e37\" data-element_type=\"widget\" data-widget_type=\"smartmag-featgrid.default\">\n\t\t\t\t<div class=\"elementor-widget-container\">\n\t\t\t\t\t\t\t<section class=\"block-wrap block-feat-grid block-sc\" data-id=\"1\">\n\n\t\t\t\t\n\t\t\t<div class=\"block-content\">\n\t\t\t\t\t\n<section class=\"feat-grid feat-grid-c slider common-slider arrow-hover feat-grid-ratio\">\n\n\t<div class=\"slides\" data-parallax data-slider=\"feat-grid\" data-scroll-num=\"1\" data-scroll-num-md=\"1\">\n\t\n\t\n\t\t\t\t\t<div class=\"items-wrap slide-wrap\">\n\t\t\t\t\t\n\t\t\t\t\t\t\t\n\t\t\t\t<div class=\"item item-large item-main item-1 pos-bot\">\n\n\t\t\t\t\t\n<article class=\"l-post grid-overlay grid-overlay-a hover-zoom\">\n\n\t\n\t\t\t<div class=\"media\">\n\n\t\t\n\t\t\t<a href=\"https:\/\/elcardinal.com\/?p=5788\" class=\"image-link\" title=\"Congreso del Estado recibe la Cuenta P\u00fablica de Pachuca 2025\"><img fetchpriority=\"high\" decoding=\"async\" width=\"768\" height=\"686\" src=\"https:\/\/elcardinal.com\/wp-content\/uploads\/2026\/04\/28.04.2026-Comision-Inspectora-Entrega-Cuenta-Publica-Mpio.-Pachuca-62-768x686.jpg\" class=\"attachment-bunyad-768 size-bunyad-768 wp-post-image\" alt=\"\" sizes=\"(max-width: 585px) 100vw, 585px\" title=\"Congreso del Estado recibe la Cuenta P\u00fablica de Pachuca 2025\" srcset=\"https:\/\/elcardinal.com\/wp-content\/uploads\/2026\/04\/28.04.2026-Comision-Inspectora-Entrega-Cuenta-Publica-Mpio.-Pachuca-62-768x686.jpg 768w, https:\/\/elcardinal.com\/wp-content\/uploads\/2026\/04\/28.04.2026-Comision-Inspectora-Entrega-Cuenta-Publica-Mpio.-Pachuca-62-300x268.jpg 300w, https:\/\/elcardinal.com\/wp-content\/uploads\/2026\/04\/28.04.2026-Comision-Inspectora-Entrega-Cuenta-Publica-Mpio.-Pachuca-62-1024x915.jpg 1024w, https:\/\/elcardinal.com\/wp-content\/uploads\/2026\/04\/28.04.2026-Comision-Inspectora-Entrega-Cuenta-Publica-Mpio.-Pachuca-62-1536x1373.jpg 1536w, https:\/\/elcardinal.com\/wp-content\/uploads\/2026\/04\/28.04.2026-Comision-Inspectora-Entrega-Cuenta-Publica-Mpio.-Pachuca-62-150x134.jpg 150w, https:\/\/elcardinal.com\/wp-content\/uploads\/2026\/04\/28.04.2026-Comision-Inspectora-Entrega-Cuenta-Publica-Mpio.-Pachuca-62-450x402.jpg 450w, https:\/\/elcardinal.com\/wp-content\/uploads\/2026\/04\/28.04.2026-Comision-Inspectora-Entrega-Cuenta-Publica-Mpio.-Pachuca-62-1200x1072.jpg 1200w, https:\/\/elcardinal.com\/wp-content\/uploads\/2026\/04\/28.04.2026-Comision-Inspectora-Entrega-Cuenta-Publica-Mpio.-Pachuca-62.jpg 2014w\" \/><\/a>\t\t\t\n\t\t\t\n\t\t\t\n\t\t\t\n\t\t\n\t\t<\/div>\n\t\n\n\t\t\t<div class=\"content-wrap\">\n\t\n\t\t<div class=\"content\">\n\n\t\t\t<div class=\"post-meta post-meta-a meta-contrast has-below\"><div class=\"post-meta-items meta-above\"><span class=\"meta-item cat-labels\">\n\t\t\t\t\t\t\n\t\t\t\t\t\t<a href=\"https:\/\/elcardinal.com\/?cat=31\" class=\"category term-color-31\" rel=\"category\" tabindex=\"-1\">Hidalgo<\/a>\n\t\t\t\t\t<\/span>\n\t\t\t\t\t<\/div><h2 class=\"is-title post-title\"><a href=\"https:\/\/elcardinal.com\/?p=5788\">Congreso del Estado recibe la Cuenta P\u00fablica de Pachuca 2025<\/a><\/h2><div class=\"post-meta-items meta-below\"><span class=\"meta-item post-author\"><a href=\"https:\/\/elcardinal.com\/?author=2\" title=\"Entradas de Antonio Alcaraz\" rel=\"author\">Antonio Alcaraz<\/a><\/span><span class=\"meta-item date\"><span class=\"date-link\"><time class=\"post-date\" datetime=\"2026-04-28T17:13:47-06:00\">28 abril, 2026<\/time><\/span><\/span><\/div><\/div>\t\t\t\n\t\t\t\n\t\t\t\n\t\t<\/div>\n\n\t\t\t<\/div>\n\t\n<\/article>\n\t\t\t\t<\/div>\n\t\t\t\t\t\t\t\n\t\t\t\t\t\t\t\n\t\t\t\t<div class=\"item item-medium item-2 pos-bot\">\n\n\t\t\t\t\t\n<article class=\"l-post grid-overlay grid-overlay-a hover-zoom\">\n\n\t\n\t\t\t<div class=\"media\">\n\n\t\t\n\t\t\t<a href=\"https:\/\/elcardinal.com\/?p=5781\" class=\"image-link\" title=\"Perdi\u00f3 sus manos, pero no las ganas de vivir: la historia de Florentino Hern\u00e1ndez\"><img decoding=\"async\" width=\"450\" height=\"338\" src=\"https:\/\/elcardinal.com\/wp-content\/uploads\/2026\/04\/WhatsApp-Image-2026-04-28-at-10.12.31-AM-1-450x338.jpeg\" class=\"attachment-bunyad-medium size-bunyad-medium wp-post-image\" alt=\"\" sizes=\"(max-width: 768px) 50vw, 350px\" title=\"Perdi\u00f3 sus manos, pero no las ganas de vivir: la historia de Florentino Hern\u00e1ndez\" srcset=\"https:\/\/elcardinal.com\/wp-content\/uploads\/2026\/04\/WhatsApp-Image-2026-04-28-at-10.12.31-AM-1-1024x768.jpeg 1024w, https:\/\/elcardinal.com\/wp-content\/uploads\/2026\/04\/WhatsApp-Image-2026-04-28-at-10.12.31-AM-1-768x576.jpeg 768w, https:\/\/elcardinal.com\/wp-content\/uploads\/2026\/04\/WhatsApp-Image-2026-04-28-at-10.12.31-AM-1-1536x1152.jpeg 1536w, https:\/\/elcardinal.com\/wp-content\/uploads\/2026\/04\/WhatsApp-Image-2026-04-28-at-10.12.31-AM-1-1200x900.jpeg 1200w, https:\/\/elcardinal.com\/wp-content\/uploads\/2026\/04\/WhatsApp-Image-2026-04-28-at-10.12.31-AM-1.jpeg 1600w\" \/><\/a>\t\t\t\n\t\t\t\n\t\t\t\n\t\t\t\n\t\t\n\t\t<\/div>\n\t\n\n\t\t\t<div class=\"content-wrap\">\n\t\n\t\t<div class=\"content\">\n\n\t\t\t<div class=\"post-meta post-meta-a meta-contrast has-below\"><div class=\"post-meta-items meta-above\"><span class=\"meta-item cat-labels\">\n\t\t\t\t\t\t\n\t\t\t\t\t\t<a href=\"https:\/\/elcardinal.com\/?cat=31\" class=\"category term-color-31\" rel=\"category\" tabindex=\"-1\">Hidalgo<\/a>\n\t\t\t\t\t<\/span>\n\t\t\t\t\t<\/div><h2 class=\"is-title post-title\"><a href=\"https:\/\/elcardinal.com\/?p=5781\">Perdi\u00f3 sus manos, pero no las ganas de vivir: la historia de Florentino Hern\u00e1ndez<\/a><\/h2><div class=\"post-meta-items meta-below\"><span class=\"meta-item post-author\"><a href=\"https:\/\/elcardinal.com\/?author=2\" title=\"Entradas de Antonio Alcaraz\" rel=\"author\">Antonio Alcaraz<\/a><\/span><span class=\"meta-item date\"><span class=\"date-link\"><time class=\"post-date\" datetime=\"2026-04-28T10:19:11-06:00\">28 abril, 2026<\/time><\/span><\/span><\/div><\/div>\t\t\t\n\t\t\t\n\t\t\t\n\t\t<\/div>\n\n\t\t\t<\/div>\n\t\n<\/article>\n\t\t\t\t<\/div>\n\t\t\t\t\t\t\t\n\t\t\t\t\t\t\t\n\t\t\t\t<div class=\"item item-medium item-3 pos-bot\">\n\n\t\t\t\t\t\n<article class=\"l-post grid-overlay grid-overlay-a hover-zoom\">\n\n\t\n\t\t\t<div class=\"media\">\n\n\t\t\n\t\t\t<a href=\"https:\/\/elcardinal.com\/?p=5778\" class=\"image-link\" title=\"Congreso de Hidalgo impulsa la integraci\u00f3n catastral metropolitana\"><img decoding=\"async\" width=\"450\" height=\"300\" src=\"https:\/\/elcardinal.com\/wp-content\/uploads\/2026\/04\/22.04.2026-Segundo-encuentro-Metropolitano-Valle-de-Mexico-140-450x300.jpg\" class=\"attachment-bunyad-medium size-bunyad-medium wp-post-image\" alt=\"\" sizes=\"(max-width: 768px) 50vw, 350px\" title=\"Congreso de Hidalgo impulsa la integraci\u00f3n catastral metropolitana\" srcset=\"https:\/\/elcardinal.com\/wp-content\/uploads\/2026\/04\/22.04.2026-Segundo-encuentro-Metropolitano-Valle-de-Mexico-140-1024x683.jpg 1024w, https:\/\/elcardinal.com\/wp-content\/uploads\/2026\/04\/22.04.2026-Segundo-encuentro-Metropolitano-Valle-de-Mexico-140-768x512.jpg 768w, https:\/\/elcardinal.com\/wp-content\/uploads\/2026\/04\/22.04.2026-Segundo-encuentro-Metropolitano-Valle-de-Mexico-140-1536x1024.jpg 1536w, https:\/\/elcardinal.com\/wp-content\/uploads\/2026\/04\/22.04.2026-Segundo-encuentro-Metropolitano-Valle-de-Mexico-140-2048x1365.jpg 2048w, https:\/\/elcardinal.com\/wp-content\/uploads\/2026\/04\/22.04.2026-Segundo-encuentro-Metropolitano-Valle-de-Mexico-140-1200x800.jpg 1200w\" \/><\/a>\t\t\t\n\t\t\t\n\t\t\t\n\t\t\t\n\t\t\n\t\t<\/div>\n\t\n\n\t\t\t<div class=\"content-wrap\">\n\t\n\t\t<div class=\"content\">\n\n\t\t\t<div class=\"post-meta post-meta-a meta-contrast has-below\"><div class=\"post-meta-items meta-above\"><span class=\"meta-item cat-labels\">\n\t\t\t\t\t\t\n\t\t\t\t\t\t<a href=\"https:\/\/elcardinal.com\/?cat=31\" class=\"category term-color-31\" rel=\"category\" tabindex=\"-1\">Hidalgo<\/a>\n\t\t\t\t\t<\/span>\n\t\t\t\t\t<\/div><h2 class=\"is-title post-title\"><a href=\"https:\/\/elcardinal.com\/?p=5778\">Congreso de Hidalgo impulsa la integraci\u00f3n catastral metropolitana<\/a><\/h2><div class=\"post-meta-items meta-below\"><span class=\"meta-item post-author\"><a href=\"https:\/\/elcardinal.com\/?author=2\" title=\"Entradas de Antonio Alcaraz\" rel=\"author\">Antonio Alcaraz<\/a><\/span><span class=\"meta-item date\"><span class=\"date-link\"><time class=\"post-date\" datetime=\"2026-04-23T23:04:20-06:00\">23 abril, 2026<\/time><\/span><\/span><\/div><\/div>\t\t\t\n\t\t\t\n\t\t\t\n\t\t<\/div>\n\n\t\t\t<\/div>\n\t\n<\/article>\n\t\t\t\t<\/div>\n\t\t\t\t\t\t\t\n\t\t\t\t\t\t\t\n\t\t\t\t\t<\/div>\n\t\t\n\t\n\t\t\t\t\t<div class=\"items-wrap slide-wrap\">\n\t\t\t\t\t\n\t\t\t\t\t\t\t\n\t\t\t\t<div class=\"item item-large item-main item-1 pos-bot\">\n\n\t\t\t\t\t\n<article class=\"l-post grid-overlay grid-overlay-a hover-zoom\">\n\n\t\n\t\t\t<div class=\"media\">\n\n\t\t\n\t\t\t<a href=\"https:\/\/elcardinal.com\/?p=5771\" class=\"image-link\" title=\"Regidores de Morena y MC promueven campa\u00f1as de desinformaci\u00f3n y violencia digital en Villa de Tezontepec por \u201cproyecto inexistente\u201d de relleno sanitario\"><img loading=\"lazy\" decoding=\"async\" width=\"768\" height=\"512\" src=\"https:\/\/elcardinal.com\/wp-content\/uploads\/2026\/04\/ChatGPT-Image-21-abr-2026-11_12_13-p.m-768x512.png\" class=\"attachment-bunyad-768 size-bunyad-768 wp-post-image\" alt=\"\" sizes=\"(max-width: 585px) 100vw, 585px\" title=\"Regidores de Morena y MC promueven campa\u00f1as de desinformaci\u00f3n y violencia digital en Villa de Tezontepec por \u201cproyecto inexistente\u201d de relleno sanitario\" srcset=\"https:\/\/elcardinal.com\/wp-content\/uploads\/2026\/04\/ChatGPT-Image-21-abr-2026-11_12_13-p.m-768x512.png 768w, https:\/\/elcardinal.com\/wp-content\/uploads\/2026\/04\/ChatGPT-Image-21-abr-2026-11_12_13-p.m-1024x683.png 1024w, https:\/\/elcardinal.com\/wp-content\/uploads\/2026\/04\/ChatGPT-Image-21-abr-2026-11_12_13-p.m-1200x800.png 1200w, https:\/\/elcardinal.com\/wp-content\/uploads\/2026\/04\/ChatGPT-Image-21-abr-2026-11_12_13-p.m.png 1536w\" \/><\/a>\t\t\t\n\t\t\t\n\t\t\t\n\t\t\t\n\t\t\n\t\t<\/div>\n\t\n\n\t\t\t<div class=\"content-wrap\">\n\t\n\t\t<div class=\"content\">\n\n\t\t\t<div class=\"post-meta post-meta-a meta-contrast has-below\"><div class=\"post-meta-items meta-above\"><span class=\"meta-item cat-labels\">\n\t\t\t\t\t\t\n\t\t\t\t\t\t<a href=\"https:\/\/elcardinal.com\/?cat=31\" class=\"category term-color-31\" rel=\"category\" tabindex=\"-1\">Hidalgo<\/a>\n\t\t\t\t\t<\/span>\n\t\t\t\t\t<\/div><h2 class=\"is-title post-title\"><a href=\"https:\/\/elcardinal.com\/?p=5771\">Regidores de Morena y MC promueven campa\u00f1as de desinformaci\u00f3n y violencia digital en Villa de Tezontepec por \u201cproyecto inexistente\u201d de relleno sanitario<\/a><\/h2><div class=\"post-meta-items meta-below\"><span class=\"meta-item post-author\"><a href=\"https:\/\/elcardinal.com\/?author=2\" title=\"Entradas de Antonio Alcaraz\" rel=\"author\">Antonio Alcaraz<\/a><\/span><span class=\"meta-item date\"><span class=\"date-link\"><time class=\"post-date\" datetime=\"2026-04-21T23:17:40-06:00\">21 abril, 2026<\/time><\/span><\/span><\/div><\/div>\t\t\t\n\t\t\t\n\t\t\t\n\t\t<\/div>\n\n\t\t\t<\/div>\n\t\n<\/article>\n\t\t\t\t<\/div>\n\t\t\t\t\t\t\t\n\t\t\t\t\t\t\t\n\t\t\t\t<div class=\"item item-medium item-2 pos-bot\">\n\n\t\t\t\t\t\n<article class=\"l-post grid-overlay grid-overlay-a hover-zoom\">\n\n\t\n\t\t\t<div class=\"media\">\n\n\t\t\n\t\t\t<a href=\"https:\/\/elcardinal.com\/?p=5768\" class=\"image-link\" title=\"Congreso de Hidalgo impulsa di\u00e1logo plural por el bienestar y la protecci\u00f3n animal\"><img loading=\"lazy\" decoding=\"async\" width=\"450\" height=\"342\" src=\"https:\/\/elcardinal.com\/wp-content\/uploads\/2026\/04\/21.04.2026-Dialogo-por-el-bienestar-y-la-proteccion-animal-22-450x342.jpg\" class=\"attachment-bunyad-medium size-bunyad-medium wp-post-image\" alt=\"\" sizes=\"(max-width: 768px) 50vw, 350px\" title=\"Congreso de Hidalgo impulsa di\u00e1logo plural por el bienestar y la protecci\u00f3n animal\" srcset=\"https:\/\/elcardinal.com\/wp-content\/uploads\/2026\/04\/21.04.2026-Dialogo-por-el-bienestar-y-la-proteccion-animal-22-1024x779.jpg 1024w, https:\/\/elcardinal.com\/wp-content\/uploads\/2026\/04\/21.04.2026-Dialogo-por-el-bienestar-y-la-proteccion-animal-22-768x584.jpg 768w, https:\/\/elcardinal.com\/wp-content\/uploads\/2026\/04\/21.04.2026-Dialogo-por-el-bienestar-y-la-proteccion-animal-22-1536x1168.jpg 1536w, https:\/\/elcardinal.com\/wp-content\/uploads\/2026\/04\/21.04.2026-Dialogo-por-el-bienestar-y-la-proteccion-animal-22-2048x1557.jpg 2048w, https:\/\/elcardinal.com\/wp-content\/uploads\/2026\/04\/21.04.2026-Dialogo-por-el-bienestar-y-la-proteccion-animal-22-1200x913.jpg 1200w\" \/><\/a>\t\t\t\n\t\t\t\n\t\t\t\n\t\t\t\n\t\t\n\t\t<\/div>\n\t\n\n\t\t\t<div class=\"content-wrap\">\n\t\n\t\t<div class=\"content\">\n\n\t\t\t<div class=\"post-meta post-meta-a meta-contrast has-below\"><div class=\"post-meta-items meta-above\"><span class=\"meta-item cat-labels\">\n\t\t\t\t\t\t\n\t\t\t\t\t\t<a href=\"https:\/\/elcardinal.com\/?cat=31\" class=\"category term-color-31\" rel=\"category\" tabindex=\"-1\">Hidalgo<\/a>\n\t\t\t\t\t<\/span>\n\t\t\t\t\t<\/div><h2 class=\"is-title post-title\"><a href=\"https:\/\/elcardinal.com\/?p=5768\">Congreso de Hidalgo impulsa di\u00e1logo plural por el bienestar y la protecci\u00f3n animal<\/a><\/h2><div class=\"post-meta-items meta-below\"><span class=\"meta-item post-author\"><a href=\"https:\/\/elcardinal.com\/?author=2\" title=\"Entradas de Antonio Alcaraz\" rel=\"author\">Antonio Alcaraz<\/a><\/span><span class=\"meta-item date\"><span class=\"date-link\"><time class=\"post-date\" datetime=\"2026-04-21T22:18:16-06:00\">21 abril, 2026<\/time><\/span><\/span><\/div><\/div>\t\t\t\n\t\t\t\n\t\t\t\n\t\t<\/div>\n\n\t\t\t<\/div>\n\t\n<\/article>\n\t\t\t\t<\/div>\n\t\t\t\t\t\t\t\n\t\t\t\t\t\t\t\n\t\t\t\t<div class=\"item item-medium item-3 pos-bot\">\n\n\t\t\t\t\t\n<article class=\"l-post grid-overlay grid-overlay-a hover-zoom\">\n\n\t\n\t\t\t<div class=\"media\">\n\n\t\t\n\t\t\t<a href=\"https:\/\/elcardinal.com\/?p=5765\" class=\"image-link\" title=\"Legisladores exhortan a municipios a fortalecer la capacitaci\u00f3n en protecci\u00f3n civil\"><img loading=\"lazy\" decoding=\"async\" width=\"450\" height=\"292\" src=\"https:\/\/elcardinal.com\/wp-content\/uploads\/2026\/04\/Sesion-21.04.2026-Ordinaria-90-450x292.jpg\" class=\"attachment-bunyad-medium size-bunyad-medium wp-post-image\" alt=\"\" sizes=\"(max-width: 768px) 50vw, 350px\" title=\"Legisladores exhortan a municipios a fortalecer la capacitaci\u00f3n en protecci\u00f3n civil\" srcset=\"https:\/\/elcardinal.com\/wp-content\/uploads\/2026\/04\/Sesion-21.04.2026-Ordinaria-90-1024x664.jpg 1024w, https:\/\/elcardinal.com\/wp-content\/uploads\/2026\/04\/Sesion-21.04.2026-Ordinaria-90-768x498.jpg 768w, https:\/\/elcardinal.com\/wp-content\/uploads\/2026\/04\/Sesion-21.04.2026-Ordinaria-90-1536x997.jpg 1536w, https:\/\/elcardinal.com\/wp-content\/uploads\/2026\/04\/Sesion-21.04.2026-Ordinaria-90-2048x1329.jpg 2048w, https:\/\/elcardinal.com\/wp-content\/uploads\/2026\/04\/Sesion-21.04.2026-Ordinaria-90-1200x779.jpg 1200w\" \/><\/a>\t\t\t\n\t\t\t\n\t\t\t\n\t\t\t\n\t\t\n\t\t<\/div>\n\t\n\n\t\t\t<div class=\"content-wrap\">\n\t\n\t\t<div class=\"content\">\n\n\t\t\t<div class=\"post-meta post-meta-a meta-contrast has-below\"><div class=\"post-meta-items meta-above\"><span class=\"meta-item cat-labels\">\n\t\t\t\t\t\t\n\t\t\t\t\t\t<a href=\"https:\/\/elcardinal.com\/?cat=31\" class=\"category term-color-31\" rel=\"category\" tabindex=\"-1\">Hidalgo<\/a>\n\t\t\t\t\t<\/span>\n\t\t\t\t\t<\/div><h2 class=\"is-title post-title\"><a href=\"https:\/\/elcardinal.com\/?p=5765\">Legisladores exhortan a municipios a fortalecer la capacitaci\u00f3n en protecci\u00f3n civil<\/a><\/h2><div class=\"post-meta-items meta-below\"><span class=\"meta-item post-author\"><a href=\"https:\/\/elcardinal.com\/?author=2\" title=\"Entradas de Antonio Alcaraz\" rel=\"author\">Antonio Alcaraz<\/a><\/span><span class=\"meta-item date\"><span class=\"date-link\"><time class=\"post-date\" datetime=\"2026-04-21T22:08:55-06:00\">21 abril, 2026<\/time><\/span><\/span><\/div><\/div>\t\t\t\n\t\t\t\n\t\t\t\n\t\t<\/div>\n\n\t\t\t<\/div>\n\t\n<\/article>\n\t\t\t\t<\/div>\n\t\t\t\t\t\t\t\n\t\t\t\t\t\t\t\n\t\t\t\t\t<\/div>\n\t\t\n\t\n\t\t\t\t\t<div class=\"items-wrap slide-wrap\">\n\t\t\t\t\t\n\t\t\t\t\t\t\t\n\t\t\t\t<div class=\"item item-large item-main item-1 pos-bot\">\n\n\t\t\t\t\t\n<article class=\"l-post grid-overlay grid-overlay-a hover-zoom\">\n\n\t\n\t\t\t<div class=\"media\">\n\n\t\t\n\t\t\t<a href=\"https:\/\/elcardinal.com\/?p=5762\" class=\"image-link\" title=\"Congreso fortalece la seguridad institucional con clausura de curso de manejo\"><img loading=\"lazy\" decoding=\"async\" width=\"768\" height=\"512\" src=\"https:\/\/elcardinal.com\/wp-content\/uploads\/2026\/04\/20.04.2026-Clausura-curso-de-manejo-34-768x512.jpg\" class=\"attachment-bunyad-768 size-bunyad-768 wp-post-image\" alt=\"\" sizes=\"(max-width: 585px) 100vw, 585px\" title=\"Congreso fortalece la seguridad institucional con clausura de curso de manejo\" srcset=\"https:\/\/elcardinal.com\/wp-content\/uploads\/2026\/04\/20.04.2026-Clausura-curso-de-manejo-34-768x512.jpg 768w, https:\/\/elcardinal.com\/wp-content\/uploads\/2026\/04\/20.04.2026-Clausura-curso-de-manejo-34-1024x683.jpg 1024w, https:\/\/elcardinal.com\/wp-content\/uploads\/2026\/04\/20.04.2026-Clausura-curso-de-manejo-34-1536x1024.jpg 1536w, https:\/\/elcardinal.com\/wp-content\/uploads\/2026\/04\/20.04.2026-Clausura-curso-de-manejo-34-2048x1365.jpg 2048w, https:\/\/elcardinal.com\/wp-content\/uploads\/2026\/04\/20.04.2026-Clausura-curso-de-manejo-34-1200x800.jpg 1200w\" \/><\/a>\t\t\t\n\t\t\t\n\t\t\t\n\t\t\t\n\t\t\n\t\t<\/div>\n\t\n\n\t\t\t<div class=\"content-wrap\">\n\t\n\t\t<div class=\"content\">\n\n\t\t\t<div class=\"post-meta post-meta-a meta-contrast has-below\"><div class=\"post-meta-items meta-above\"><span class=\"meta-item cat-labels\">\n\t\t\t\t\t\t\n\t\t\t\t\t\t<a href=\"https:\/\/elcardinal.com\/?cat=31\" class=\"category term-color-31\" rel=\"category\" tabindex=\"-1\">Hidalgo<\/a>\n\t\t\t\t\t<\/span>\n\t\t\t\t\t<\/div><h2 class=\"is-title post-title\"><a href=\"https:\/\/elcardinal.com\/?p=5762\">Congreso fortalece la seguridad institucional con clausura de curso de manejo<\/a><\/h2><div class=\"post-meta-items meta-below\"><span class=\"meta-item post-author\"><a href=\"https:\/\/elcardinal.com\/?author=2\" title=\"Entradas de Antonio Alcaraz\" rel=\"author\">Antonio Alcaraz<\/a><\/span><span class=\"meta-item date\"><span class=\"date-link\"><time class=\"post-date\" datetime=\"2026-04-20T22:50:13-06:00\">20 abril, 2026<\/time><\/span><\/span><\/div><\/div>\t\t\t\n\t\t\t\n\t\t\t\n\t\t<\/div>\n\n\t\t\t<\/div>\n\t\n<\/article>\n\t\t\t\t<\/div>\n\t\t\t\t\t\t\t\n\t\t\t\t\t\t\t\n\t\t\t\t<div class=\"item item-medium item-2 pos-bot\">\n\n\t\t\t\t\t\n<article class=\"l-post grid-overlay grid-overlay-a hover-zoom\">\n\n\t\n\t\t\t<div class=\"media\">\n\n\t\t\n\t\t\t<a href=\"https:\/\/elcardinal.com\/?p=5756\" class=\"image-link\" title=\"Congreso de Hidalgo avala reforma educativa para ense\u00f1ar primeros auxilios y fortalecer valores c\u00edvicos en estudiantes\"><img loading=\"lazy\" decoding=\"async\" width=\"450\" height=\"300\" src=\"https:\/\/elcardinal.com\/wp-content\/uploads\/2026\/04\/Sesion-15.04.2026-Ordinaria-6-450x300.jpg\" class=\"attachment-bunyad-medium size-bunyad-medium wp-post-image\" alt=\"\" sizes=\"(max-width: 768px) 50vw, 350px\" title=\"Congreso de Hidalgo avala reforma educativa para ense\u00f1ar primeros auxilios y fortalecer valores c\u00edvicos en estudiantes\" srcset=\"https:\/\/elcardinal.com\/wp-content\/uploads\/2026\/04\/Sesion-15.04.2026-Ordinaria-6-1024x683.jpg 1024w, https:\/\/elcardinal.com\/wp-content\/uploads\/2026\/04\/Sesion-15.04.2026-Ordinaria-6-768x512.jpg 768w, https:\/\/elcardinal.com\/wp-content\/uploads\/2026\/04\/Sesion-15.04.2026-Ordinaria-6-1536x1024.jpg 1536w, https:\/\/elcardinal.com\/wp-content\/uploads\/2026\/04\/Sesion-15.04.2026-Ordinaria-6-2048x1365.jpg 2048w, https:\/\/elcardinal.com\/wp-content\/uploads\/2026\/04\/Sesion-15.04.2026-Ordinaria-6-1200x800.jpg 1200w\" \/><\/a>\t\t\t\n\t\t\t\n\t\t\t\n\t\t\t\n\t\t\n\t\t<\/div>\n\t\n\n\t\t\t<div class=\"content-wrap\">\n\t\n\t\t<div class=\"content\">\n\n\t\t\t<div class=\"post-meta post-meta-a meta-contrast has-below\"><div class=\"post-meta-items meta-above\"><span class=\"meta-item cat-labels\">\n\t\t\t\t\t\t\n\t\t\t\t\t\t<a href=\"https:\/\/elcardinal.com\/?cat=31\" class=\"category term-color-31\" rel=\"category\" tabindex=\"-1\">Hidalgo<\/a>\n\t\t\t\t\t<\/span>\n\t\t\t\t\t<\/div><h2 class=\"is-title post-title\"><a href=\"https:\/\/elcardinal.com\/?p=5756\">Congreso de Hidalgo avala reforma educativa para ense\u00f1ar primeros auxilios y fortalecer valores c\u00edvicos en estudiantes<\/a><\/h2><div class=\"post-meta-items meta-below\"><span class=\"meta-item post-author\"><a href=\"https:\/\/elcardinal.com\/?author=2\" title=\"Entradas de Antonio Alcaraz\" rel=\"author\">Antonio Alcaraz<\/a><\/span><span class=\"meta-item date\"><span class=\"date-link\"><time class=\"post-date\" datetime=\"2026-04-15T22:30:36-06:00\">15 abril, 2026<\/time><\/span><\/span><\/div><\/div>\t\t\t\n\t\t\t\n\t\t\t\n\t\t<\/div>\n\n\t\t\t<\/div>\n\t\n<\/article>\n\t\t\t\t<\/div>\n\t\t\t\t\t\t\t\n\t\t\t\t\t\t\t\n\t\t\t\t<div class=\"item item-medium item-3 pos-bot\">\n\n\t\t\t\t\t\n<article class=\"l-post grid-overlay grid-overlay-a hover-zoom\">\n\n\t\n\t\t\t<div class=\"media\">\n\n\t\t\n\t\t\t<a href=\"https:\/\/elcardinal.com\/?p=5751\" class=\"image-link\" title=\"Poder Legislativo enaltece al huapango de la Huasteca hidalguense\"><img loading=\"lazy\" decoding=\"async\" width=\"450\" height=\"300\" src=\"https:\/\/elcardinal.com\/wp-content\/uploads\/2026\/04\/14.04.2026-Orgullo-huasteco-11-450x300.jpg\" class=\"attachment-bunyad-medium size-bunyad-medium wp-post-image\" alt=\"\" sizes=\"(max-width: 768px) 50vw, 350px\" title=\"Poder Legislativo enaltece al huapango de la Huasteca hidalguense\" srcset=\"https:\/\/elcardinal.com\/wp-content\/uploads\/2026\/04\/14.04.2026-Orgullo-huasteco-11-1024x683.jpg 1024w, https:\/\/elcardinal.com\/wp-content\/uploads\/2026\/04\/14.04.2026-Orgullo-huasteco-11-768x512.jpg 768w, https:\/\/elcardinal.com\/wp-content\/uploads\/2026\/04\/14.04.2026-Orgullo-huasteco-11-1536x1024.jpg 1536w, https:\/\/elcardinal.com\/wp-content\/uploads\/2026\/04\/14.04.2026-Orgullo-huasteco-11-2048x1365.jpg 2048w, https:\/\/elcardinal.com\/wp-content\/uploads\/2026\/04\/14.04.2026-Orgullo-huasteco-11-1200x800.jpg 1200w\" \/><\/a>\t\t\t\n\t\t\t\n\t\t\t\n\t\t\t\n\t\t\n\t\t<\/div>\n\t\n\n\t\t\t<div class=\"content-wrap\">\n\t\n\t\t<div class=\"content\">\n\n\t\t\t<div class=\"post-meta post-meta-a meta-contrast has-below\"><div class=\"post-meta-items meta-above\"><span class=\"meta-item cat-labels\">\n\t\t\t\t\t\t\n\t\t\t\t\t\t<a href=\"https:\/\/elcardinal.com\/?cat=31\" class=\"category term-color-31\" rel=\"category\" tabindex=\"-1\">Hidalgo<\/a>\n\t\t\t\t\t<\/span>\n\t\t\t\t\t<\/div><h2 class=\"is-title post-title\"><a href=\"https:\/\/elcardinal.com\/?p=5751\">Poder Legislativo enaltece al huapango de la Huasteca hidalguense<\/a><\/h2><div class=\"post-meta-items meta-below\"><span class=\"meta-item post-author\"><a href=\"https:\/\/elcardinal.com\/?author=2\" title=\"Entradas de Antonio Alcaraz\" rel=\"author\">Antonio Alcaraz<\/a><\/span><span class=\"meta-item date\"><span class=\"date-link\"><time class=\"post-date\" datetime=\"2026-04-14T21:52:18-06:00\">14 abril, 2026<\/time><\/span><\/span><\/div><\/div>\t\t\t\n\t\t\t\n\t\t\t\n\t\t<\/div>\n\n\t\t\t<\/div>\n\t\n<\/article>\n\t\t\t\t<\/div>\n\t\t\t\t\t\t\t\n\t\t\t\t\t\t\t\n\t\t\t\t\t<\/div>\n\t\t\n\t\t<\/div>\n\n<\/section>\n\t\t\t<\/div>\n\n\t\t<\/section>\n\t\t\t\t\t\t<\/div>\n\t\t\t\t<\/div>\n\t\t\t\t<div class=\"elementor-element elementor-element-1c4a2e2 elementor-widget elementor-widget-image\" data-id=\"1c4a2e2\" data-element_type=\"widget\" data-widget_type=\"image.default\">\n\t\t\t\t<div class=\"elementor-widget-container\">\n\t\t\t\t\t\t\t\t\t\t\t\t\t\t\t\t<a href=\"https:\/\/www.facebook.com\/share\/1Gz6KC1ZDm\/?mibextid=wwXIfr\">\n\t\t\t\t\t\t\t<img loading=\"lazy\" decoding=\"async\" class=\"attachment-full size-full wp-image-5184 lazyload\" width=\"2275\" height=\"281\" src=\"data:image\/svg+xml;base64,PHN2ZyB2aWV3Qm94PScwIDAgMjI3NSAyODEnIHhtbG5zPSdodHRwOi8vd3d3LnczLm9yZy8yMDAwL3N2Zyc+PC9zdmc+\" alt srcset=\"https:\/\/elcardinal.com\/wp-content\/uploads\/2025\/10\/Nuevas-728x90px.png 2275w, https:\/\/elcardinal.com\/wp-content\/uploads\/2025\/10\/Nuevas-728x90px-300x37.png 300w, https:\/\/elcardinal.com\/wp-content\/uploads\/2025\/10\/Nuevas-728x90px-1024x126.png 1024w, https:\/\/elcardinal.com\/wp-content\/uploads\/2025\/10\/Nuevas-728x90px-768x95.png 768w, https:\/\/elcardinal.com\/wp-content\/uploads\/2025\/10\/Nuevas-728x90px-1536x190.png 1536w, https:\/\/elcardinal.com\/wp-content\/uploads\/2025\/10\/Nuevas-728x90px-2048x253.png 2048w, https:\/\/elcardinal.com\/wp-content\/uploads\/2025\/10\/Nuevas-728x90px-150x19.png 150w, https:\/\/elcardinal.com\/wp-content\/uploads\/2025\/10\/Nuevas-728x90px-450x56.png 450w, https:\/\/elcardinal.com\/wp-content\/uploads\/2025\/10\/Nuevas-728x90px-1200x148.png 1200w\" sizes=\"(max-width: 2275px) 100vw, 2275px\" data-src=\"https:\/\/elcardinal.com\/wp-content\/uploads\/2025\/10\/Nuevas-728x90px.png\" \/>\t\t\t\t\t\t\t\t<\/a>\n\t\t\t\t\t\t\t\t\t\t\t\t\t\t\t<\/div>\n\t\t\t\t<\/div>\n\t\t\t\t<div class=\"elementor-element elementor-element-d6dacee elementor-widget elementor-widget-spacer\" data-id=\"d6dacee\" data-element_type=\"widget\" data-widget_type=\"spacer.default\">\n\t\t\t\t<div class=\"elementor-widget-container\">\n\t\t\t\t\t\t\t<div class=\"elementor-spacer\">\n\t\t\t<div class=\"elementor-spacer-inner\"><\/div>\n\t\t<\/div>\n\t\t\t\t\t\t<\/div>\n\t\t\t\t<\/div>\n\t\t\t\t\t<\/div>\n\t\t<\/div>\n\t\t\t\t\t<\/div>\n\t\t<\/section>\n\t\t\t\t<section class=\"has-el-gap el-gap-default elementor-section elementor-top-section elementor-element elementor-element-586c5c1 elementor-section-boxed elementor-section-height-default elementor-section-height-default\" data-id=\"586c5c1\" data-element_type=\"section\">\n\t\t\t\t\t\t<div class=\"elementor-container elementor-column-gap-no\">\n\t\t\t\t\t<div class=\"elementor-column elementor-col-66 elementor-top-column elementor-element elementor-element-9921d67 main-content\" data-id=\"9921d67\" data-element_type=\"column\">\n\t\t\t<div class=\"elementor-widget-wrap elementor-element-populated\">\n\t\t\t\t\t\t<div class=\"elementor-element elementor-element-4fcfe03 elementor-widget elementor-widget-smartmag-postslist\" data-id=\"4fcfe03\" data-element_type=\"widget\" data-widget_type=\"smartmag-postslist.default\">\n\t\t\t\t<div class=\"elementor-widget-container\">\n\t\t\t\t\t\t\t<section class=\"block-wrap block-posts-list block-sc mb-none\" data-id=\"2\" data-block=\"{&quot;id&quot;:&quot;posts-list&quot;,&quot;props&quot;:{&quot;cat_labels&quot;:1,&quot;cat_labels_pos&quot;:&quot;bot-left&quot;,&quot;reviews&quot;:&quot;radial&quot;,&quot;post_formats_pos&quot;:&quot;center&quot;,&quot;load_more_style&quot;:&quot;a&quot;,&quot;meta_cat_style&quot;:&quot;text&quot;,&quot;media_style_shadow&quot;:0,&quot;meta_sponsor&quot;:1,&quot;meta_sponsor_logo&quot;:0,&quot;meta_sponsor_label&quot;:&quot;Sponsor: {sponsor}&quot;,&quot;meta_above&quot;:[],&quot;meta_below&quot;:[&quot;author&quot;,&quot;date&quot;,&quot;comments&quot;],&quot;meta_sponsor_above&quot;:[],&quot;meta_sponsor_below&quot;:[&quot;sponsor&quot;,&quot;date&quot;],&quot;media_ratio&quot;:&quot;&quot;,&quot;media_ratio_custom&quot;:&quot;&quot;,&quot;media_width&quot;:&quot;&quot;,&quot;read_more&quot;:&quot;none&quot;,&quot;space_below&quot;:&quot;none&quot;,&quot;excerpt_length&quot;:21,&quot;container_width&quot;:66,&quot;cat&quot;:&quot;31&quot;,&quot;heading&quot;:&quot;*HIDA*LGO&quot;,&quot;pagination&quot;:&quot;1&quot;,&quot;terms&quot;:[&quot;31&quot;],&quot;heading_link&quot;:&quot;https:\\\/\\\/elcardinal.com\\\/?cat=31&quot;,&quot;pagination_links&quot;:null,&quot;meta_sponsor_items_default&quot;:true,&quot;query_type&quot;:&quot;custom&quot;,&quot;sort_days&quot;:null,&quot;is_sc_call&quot;:true,&quot;meta_items_default&quot;:true}}\">\n\n\t\t\t\t\t\t\t\t\n\t\t\t\t\t\t\t\n\t\t\t\t<div class=\"block-head block-head-c is-left term-color-31\">\n\n\t\t\t\t\t<h4 class=\"heading\"><a href=\"https:\/\/elcardinal.com\/?cat=31\"><span class=\"color\">HIDA<\/span>LGO<\/a><\/h4>\t\t\t\t\t\n\t\t\t\t\t\t\t\t\t<\/div>\n\t\t\t\t\n\t\t\t\n\t\t\t\n\t\t\t<div class=\"block-content\">\n\t\t\t\t\t\n\t<div class=\"loop loop-list loop-sep loop-list-sep grid grid-1 md:grid-1 sm:grid-1\">\n\n\t\t\t\t\n\t\t\t\n<article class=\"l-post list-post list-post-on-sm m-pos-left\">\n\n\t\n\t\t\t<div class=\"media\">\n\n\t\t\n\t\t\t<a href=\"https:\/\/elcardinal.com\/?p=5788\" class=\"image-link media-ratio ratio-3-2\" title=\"Congreso del Estado recibe la Cuenta P\u00fablica de Pachuca 2025\"><img loading=\"lazy\" decoding=\"async\" width=\"300\" height=\"200\" src=\"https:\/\/elcardinal.com\/wp-content\/uploads\/2026\/04\/28.04.2026-Comision-Inspectora-Entrega-Cuenta-Publica-Mpio.-Pachuca-62-300x268.jpg\" class=\"attachment-medium size-medium wp-post-image\" alt=\"\" sizes=\"(max-width: 300px) 100vw, 300px\" title=\"Congreso del Estado recibe la Cuenta P\u00fablica de Pachuca 2025\" srcset=\"https:\/\/elcardinal.com\/wp-content\/uploads\/2026\/04\/28.04.2026-Comision-Inspectora-Entrega-Cuenta-Publica-Mpio.-Pachuca-62-300x268.jpg 300w, https:\/\/elcardinal.com\/wp-content\/uploads\/2026\/04\/28.04.2026-Comision-Inspectora-Entrega-Cuenta-Publica-Mpio.-Pachuca-62-1024x915.jpg 1024w, https:\/\/elcardinal.com\/wp-content\/uploads\/2026\/04\/28.04.2026-Comision-Inspectora-Entrega-Cuenta-Publica-Mpio.-Pachuca-62-768x686.jpg 768w, https:\/\/elcardinal.com\/wp-content\/uploads\/2026\/04\/28.04.2026-Comision-Inspectora-Entrega-Cuenta-Publica-Mpio.-Pachuca-62-1536x1373.jpg 1536w, https:\/\/elcardinal.com\/wp-content\/uploads\/2026\/04\/28.04.2026-Comision-Inspectora-Entrega-Cuenta-Publica-Mpio.-Pachuca-62-450x402.jpg 450w, https:\/\/elcardinal.com\/wp-content\/uploads\/2026\/04\/28.04.2026-Comision-Inspectora-Entrega-Cuenta-Publica-Mpio.-Pachuca-62-1200x1072.jpg 1200w, https:\/\/elcardinal.com\/wp-content\/uploads\/2026\/04\/28.04.2026-Comision-Inspectora-Entrega-Cuenta-Publica-Mpio.-Pachuca-62.jpg 2014w\" \/><\/a>\t\t\t\n\t\t\t\n\t\t\t\n\t\t\t\t\t\t\t\n\t\t\t\t<span class=\"cat-labels cat-labels-overlay c-overlay p-bot-left\">\n\t\t\t\t<a href=\"https:\/\/elcardinal.com\/?cat=31\" class=\"category term-color-31\" rel=\"category\" tabindex=\"-1\">Hidalgo<\/a>\n\t\t\t<\/span>\n\t\t\t\t\t\t\n\t\t\t\n\t\t\n\t\t<\/div>\n\t\n\n\t\n\t\t<div class=\"content\">\n\n\t\t\t<div class=\"post-meta post-meta-a has-below\"><h2 class=\"is-title post-title\"><a href=\"https:\/\/elcardinal.com\/?p=5788\">Congreso del Estado recibe la Cuenta P\u00fablica de Pachuca 2025<\/a><\/h2><div class=\"post-meta-items meta-below\"><span class=\"meta-item post-author\"><span class=\"by\">By<\/span> <a href=\"https:\/\/elcardinal.com\/?author=2\" title=\"Entradas de Antonio Alcaraz\" rel=\"author\">Antonio Alcaraz<\/a><\/span><span class=\"meta-item has-next-icon date\"><span class=\"date-link\"><time class=\"post-date\" datetime=\"2026-04-28T17:13:47-06:00\">28 abril, 2026<\/time><\/span><\/span><span class=\"meta-item comments has-icon\"><a href=\"https:\/\/elcardinal.com\/?p=5788#respond\"><i class=\"tsi tsi-comment-o\"><\/i>0<\/a><\/span><\/div><\/div>\t\t\t\n\t\t\t\t\t\t\n\t\t\t\t<div class=\"excerpt\">\n\t\t\t\t\t<p>Redacci\u00f3n En sesi\u00f3n de la Comisi\u00f3n Inspectora de la Auditor\u00eda Superior, el Congreso del Estado Libre y Soberano de Hidalgo recibi\u00f3&hellip;<\/p>\n\t\t\t\t<\/div>\n\t\t\t\n\t\t\t\n\t\t\t\n\t\t<\/div>\n\n\t\n<\/article>\n\t\t\t\t\n\t\t\t\n<article class=\"l-post list-post list-post-on-sm m-pos-left\">\n\n\t\n\t\t\t<div class=\"media\">\n\n\t\t\n\t\t\t<a href=\"https:\/\/elcardinal.com\/?p=5781\" class=\"image-link media-ratio ratio-3-2\" title=\"Perdi\u00f3 sus manos, pero no las ganas de vivir: la historia de Florentino Hern\u00e1ndez\"><img loading=\"lazy\" decoding=\"async\" width=\"300\" height=\"200\" src=\"https:\/\/elcardinal.com\/wp-content\/uploads\/2026\/04\/WhatsApp-Image-2026-04-28-at-10.12.31-AM-1-300x225.jpeg\" class=\"attachment-medium size-medium wp-post-image\" alt=\"\" sizes=\"(max-width: 300px) 100vw, 300px\" title=\"Perdi\u00f3 sus manos, pero no las ganas de vivir: la historia de Florentino Hern\u00e1ndez\" srcset=\"https:\/\/elcardinal.com\/wp-content\/uploads\/2026\/04\/WhatsApp-Image-2026-04-28-at-10.12.31-AM-1-300x225.jpeg 300w, https:\/\/elcardinal.com\/wp-content\/uploads\/2026\/04\/WhatsApp-Image-2026-04-28-at-10.12.31-AM-1-1024x768.jpeg 1024w, https:\/\/elcardinal.com\/wp-content\/uploads\/2026\/04\/WhatsApp-Image-2026-04-28-at-10.12.31-AM-1-768x576.jpeg 768w, https:\/\/elcardinal.com\/wp-content\/uploads\/2026\/04\/WhatsApp-Image-2026-04-28-at-10.12.31-AM-1-1536x1152.jpeg 1536w, https:\/\/elcardinal.com\/wp-content\/uploads\/2026\/04\/WhatsApp-Image-2026-04-28-at-10.12.31-AM-1-450x338.jpeg 450w, https:\/\/elcardinal.com\/wp-content\/uploads\/2026\/04\/WhatsApp-Image-2026-04-28-at-10.12.31-AM-1-1200x900.jpeg 1200w, https:\/\/elcardinal.com\/wp-content\/uploads\/2026\/04\/WhatsApp-Image-2026-04-28-at-10.12.31-AM-1.jpeg 1600w\" \/><\/a>\t\t\t\n\t\t\t\n\t\t\t\n\t\t\t\t\t\t\t\n\t\t\t\t<span class=\"cat-labels cat-labels-overlay c-overlay p-bot-left\">\n\t\t\t\t<a href=\"https:\/\/elcardinal.com\/?cat=31\" class=\"category term-color-31\" rel=\"category\" tabindex=\"-1\">Hidalgo<\/a>\n\t\t\t<\/span>\n\t\t\t\t\t\t\n\t\t\t\n\t\t\n\t\t<\/div>\n\t\n\n\t\n\t\t<div class=\"content\">\n\n\t\t\t<div class=\"post-meta post-meta-a has-below\"><h2 class=\"is-title post-title\"><a href=\"https:\/\/elcardinal.com\/?p=5781\">Perdi\u00f3 sus manos, pero no las ganas de vivir: la historia de Florentino Hern\u00e1ndez<\/a><\/h2><div class=\"post-meta-items meta-below\"><span class=\"meta-item post-author\"><span class=\"by\">By<\/span> <a href=\"https:\/\/elcardinal.com\/?author=2\" title=\"Entradas de Antonio Alcaraz\" rel=\"author\">Antonio Alcaraz<\/a><\/span><span class=\"meta-item has-next-icon date\"><span class=\"date-link\"><time class=\"post-date\" datetime=\"2026-04-28T10:19:11-06:00\">28 abril, 2026<\/time><\/span><\/span><span class=\"meta-item comments has-icon\"><a href=\"https:\/\/elcardinal.com\/?p=5781#respond\"><i class=\"tsi tsi-comment-o\"><\/i>0<\/a><\/span><\/div><\/div>\t\t\t\n\t\t\t\t\t\t\n\t\t\t\t<div class=\"excerpt\">\n\t\t\t\t\t<p>Por: Jos\u00e9 Antonio Alcaraz Su\u00e1rez Huejutla, Hgo.\u2014 En medio del intenso calor de 37 grados de la huasteca hidalguense, Florentino Hern\u00e1ndez&hellip;<\/p>\n\t\t\t\t<\/div>\n\t\t\t\n\t\t\t\n\t\t\t\n\t\t<\/div>\n\n\t\n<\/article>\n\t\t\t\t\n\t\t\t\n<article class=\"l-post list-post list-post-on-sm m-pos-left\">\n\n\t\n\t\t\t<div class=\"media\">\n\n\t\t\n\t\t\t<a href=\"https:\/\/elcardinal.com\/?p=5778\" class=\"image-link media-ratio ratio-3-2\" title=\"Congreso de Hidalgo impulsa la integraci\u00f3n catastral metropolitana\"><img loading=\"lazy\" decoding=\"async\" width=\"300\" height=\"200\" src=\"https:\/\/elcardinal.com\/wp-content\/uploads\/2026\/04\/22.04.2026-Segundo-encuentro-Metropolitano-Valle-de-Mexico-140-300x200.jpg\" class=\"attachment-medium size-medium wp-post-image\" alt=\"\" sizes=\"(max-width: 300px) 100vw, 300px\" title=\"Congreso de Hidalgo impulsa la integraci\u00f3n catastral metropolitana\" srcset=\"https:\/\/elcardinal.com\/wp-content\/uploads\/2026\/04\/22.04.2026-Segundo-encuentro-Metropolitano-Valle-de-Mexico-140-300x200.jpg 300w, https:\/\/elcardinal.com\/wp-content\/uploads\/2026\/04\/22.04.2026-Segundo-encuentro-Metropolitano-Valle-de-Mexico-140-1024x683.jpg 1024w, https:\/\/elcardinal.com\/wp-content\/uploads\/2026\/04\/22.04.2026-Segundo-encuentro-Metropolitano-Valle-de-Mexico-140-768x512.jpg 768w, https:\/\/elcardinal.com\/wp-content\/uploads\/2026\/04\/22.04.2026-Segundo-encuentro-Metropolitano-Valle-de-Mexico-140-1536x1024.jpg 1536w, https:\/\/elcardinal.com\/wp-content\/uploads\/2026\/04\/22.04.2026-Segundo-encuentro-Metropolitano-Valle-de-Mexico-140-2048x1365.jpg 2048w, https:\/\/elcardinal.com\/wp-content\/uploads\/2026\/04\/22.04.2026-Segundo-encuentro-Metropolitano-Valle-de-Mexico-140-150x100.jpg 150w, https:\/\/elcardinal.com\/wp-content\/uploads\/2026\/04\/22.04.2026-Segundo-encuentro-Metropolitano-Valle-de-Mexico-140-450x300.jpg 450w, https:\/\/elcardinal.com\/wp-content\/uploads\/2026\/04\/22.04.2026-Segundo-encuentro-Metropolitano-Valle-de-Mexico-140-1200x800.jpg 1200w\" \/><\/a>\t\t\t\n\t\t\t\n\t\t\t\n\t\t\t\t\t\t\t\n\t\t\t\t<span class=\"cat-labels cat-labels-overlay c-overlay p-bot-left\">\n\t\t\t\t<a href=\"https:\/\/elcardinal.com\/?cat=31\" class=\"category term-color-31\" rel=\"category\" tabindex=\"-1\">Hidalgo<\/a>\n\t\t\t<\/span>\n\t\t\t\t\t\t\n\t\t\t\n\t\t\n\t\t<\/div>\n\t\n\n\t\n\t\t<div class=\"content\">\n\n\t\t\t<div class=\"post-meta post-meta-a has-below\"><h2 class=\"is-title post-title\"><a href=\"https:\/\/elcardinal.com\/?p=5778\">Congreso de Hidalgo impulsa la integraci\u00f3n catastral metropolitana<\/a><\/h2><div class=\"post-meta-items meta-below\"><span class=\"meta-item post-author\"><span class=\"by\">By<\/span> <a href=\"https:\/\/elcardinal.com\/?author=2\" title=\"Entradas de Antonio Alcaraz\" rel=\"author\">Antonio Alcaraz<\/a><\/span><span class=\"meta-item has-next-icon date\"><span class=\"date-link\"><time class=\"post-date\" datetime=\"2026-04-23T23:04:20-06:00\">23 abril, 2026<\/time><\/span><\/span><span class=\"meta-item comments has-icon\"><a href=\"https:\/\/elcardinal.com\/?p=5778#respond\"><i class=\"tsi tsi-comment-o\"><\/i>0<\/a><\/span><\/div><\/div>\t\t\t\n\t\t\t\t\t\t\n\t\t\t\t<div class=\"excerpt\">\n\t\t\t\t\t<p>Redacci\u00f3n El Congreso del Estado Libre y Soberano de Hidalgo particip\u00f3 en el segundo Encuentro Metropolitano Hacendario, con el objetivo de&hellip;<\/p>\n\t\t\t\t<\/div>\n\t\t\t\n\t\t\t\n\t\t\t\n\t\t<\/div>\n\n\t\n<\/article>\n\t\t\t\t\n\t\t\t\n<article class=\"l-post list-post list-post-on-sm m-pos-left\">\n\n\t\n\t\t\t<div class=\"media\">\n\n\t\t\n\t\t\t<a href=\"https:\/\/elcardinal.com\/?p=5771\" class=\"image-link media-ratio ratio-3-2\" title=\"Regidores de Morena y MC promueven campa\u00f1as de desinformaci\u00f3n y violencia digital en Villa de Tezontepec por \u201cproyecto inexistente\u201d de relleno sanitario\"><img loading=\"lazy\" decoding=\"async\" width=\"300\" height=\"200\" src=\"https:\/\/elcardinal.com\/wp-content\/uploads\/2026\/04\/ChatGPT-Image-21-abr-2026-11_12_13-p.m-300x200.png\" class=\"attachment-medium size-medium wp-post-image\" alt=\"\" sizes=\"(max-width: 300px) 100vw, 300px\" title=\"Regidores de Morena y MC promueven campa\u00f1as de desinformaci\u00f3n y violencia digital en Villa de Tezontepec por \u201cproyecto inexistente\u201d de relleno sanitario\" srcset=\"https:\/\/elcardinal.com\/wp-content\/uploads\/2026\/04\/ChatGPT-Image-21-abr-2026-11_12_13-p.m-300x200.png 300w, https:\/\/elcardinal.com\/wp-content\/uploads\/2026\/04\/ChatGPT-Image-21-abr-2026-11_12_13-p.m-1024x683.png 1024w, https:\/\/elcardinal.com\/wp-content\/uploads\/2026\/04\/ChatGPT-Image-21-abr-2026-11_12_13-p.m-768x512.png 768w, https:\/\/elcardinal.com\/wp-content\/uploads\/2026\/04\/ChatGPT-Image-21-abr-2026-11_12_13-p.m-150x100.png 150w, https:\/\/elcardinal.com\/wp-content\/uploads\/2026\/04\/ChatGPT-Image-21-abr-2026-11_12_13-p.m-450x300.png 450w, https:\/\/elcardinal.com\/wp-content\/uploads\/2026\/04\/ChatGPT-Image-21-abr-2026-11_12_13-p.m-1200x800.png 1200w, https:\/\/elcardinal.com\/wp-content\/uploads\/2026\/04\/ChatGPT-Image-21-abr-2026-11_12_13-p.m.png 1536w\" \/><\/a>\t\t\t\n\t\t\t\n\t\t\t\n\t\t\t\t\t\t\t\n\t\t\t\t<span class=\"cat-labels cat-labels-overlay c-overlay p-bot-left\">\n\t\t\t\t<a href=\"https:\/\/elcardinal.com\/?cat=31\" class=\"category term-color-31\" rel=\"category\" tabindex=\"-1\">Hidalgo<\/a>\n\t\t\t<\/span>\n\t\t\t\t\t\t\n\t\t\t\n\t\t\n\t\t<\/div>\n\t\n\n\t\n\t\t<div class=\"content\">\n\n\t\t\t<div class=\"post-meta post-meta-a has-below\"><h2 class=\"is-title post-title\"><a href=\"https:\/\/elcardinal.com\/?p=5771\">Regidores de Morena y MC promueven campa\u00f1as de desinformaci\u00f3n y violencia digital en Villa de Tezontepec por \u201cproyecto inexistente\u201d de relleno sanitario<\/a><\/h2><div class=\"post-meta-items meta-below\"><span class=\"meta-item post-author\"><span class=\"by\">By<\/span> <a href=\"https:\/\/elcardinal.com\/?author=2\" title=\"Entradas de Antonio Alcaraz\" rel=\"author\">Antonio Alcaraz<\/a><\/span><span class=\"meta-item has-next-icon date\"><span class=\"date-link\"><time class=\"post-date\" datetime=\"2026-04-21T23:17:40-06:00\">21 abril, 2026<\/time><\/span><\/span><span class=\"meta-item comments has-icon\"><a href=\"https:\/\/elcardinal.com\/?p=5771#respond\"><i class=\"tsi tsi-comment-o\"><\/i>0<\/a><\/span><\/div><\/div>\t\t\t\n\t\t\t\t\t\t\n\t\t\t\t<div class=\"excerpt\">\n\t\t\t\t\t<p>Por: Antonio Alcaraz\u00a0 Durante una sesi\u00f3n de cabildo en el municipio de Villa de Tezontepec, Hidalgo, realizada el jueves 16 de&hellip;<\/p>\n\t\t\t\t<\/div>\n\t\t\t\n\t\t\t\n\t\t\t\n\t\t<\/div>\n\n\t\n<\/article>\n\t\t\n\t<\/div>\n\n\t\n\n\t<nav class=\"main-pagination pagination-numbers\" data-type=\"numbers-ajax\">\n\t\t<span aria-current=\"page\" class=\"page-numbers current\">1<\/span>\n<a class=\"page-numbers\" href=\"https:\/\/elcardinal.com\/index.php\/?paged=2\">2<\/a>\n<a class=\"page-numbers\" href=\"https:\/\/elcardinal.com\/index.php\/?paged=3\">3<\/a>\n<span class=\"page-numbers dots\">&hellip;<\/span>\n<a class=\"page-numbers\" href=\"https:\/\/elcardinal.com\/index.php\/?paged=77\">77<\/a>\n<a class=\"next page-numbers\" href=\"https:\/\/elcardinal.com\/index.php\/?paged=2\"><span class=\"visuallyhidden\">Next<\/span><i class=\"tsi tsi-angle-right\"><\/i><\/a>\t<\/nav>\n\n\n\t\t\t\t<\/div>\n\n\t\t<\/section>\n\t\t\t\t\t\t<\/div>\n\t\t\t\t<\/div>\n\t\t\t\t<div class=\"elementor-element elementor-element-3fa0bf5 elementor-widget elementor-widget-image\" data-id=\"3fa0bf5\" data-element_type=\"widget\" data-widget_type=\"image.default\">\n\t\t\t\t<div class=\"elementor-widget-container\">\n\t\t\t\t\t\t\t\t\t\t\t\t\t\t\t\t<a href=\"https:\/\/www.facebook.com\/share\/1Gz6KC1ZDm\/?mibextid=wwXIfr\">\n\t\t\t\t\t\t\t<img loading=\"lazy\" decoding=\"async\" class=\"attachment-large size-large wp-image-5190 lazyload\" width=\"1024\" height=\"264\" src=\"data:image\/svg+xml;base64,PHN2ZyB2aWV3Qm94PScwIDAgMTAyNCAyNjQnIHhtbG5zPSdodHRwOi8vd3d3LnczLm9yZy8yMDAwL3N2Zyc+PC9zdmc+\" alt srcset=\"https:\/\/elcardinal.com\/wp-content\/uploads\/2025\/10\/WhatsApp-Image-2025-10-11-at-1.58.14-PM-1024x264.jpeg 1024w, https:\/\/elcardinal.com\/wp-content\/uploads\/2025\/10\/WhatsApp-Image-2025-10-11-at-1.58.14-PM-300x77.jpeg 300w, https:\/\/elcardinal.com\/wp-content\/uploads\/2025\/10\/WhatsApp-Image-2025-10-11-at-1.58.14-PM-768x198.jpeg 768w, https:\/\/elcardinal.com\/wp-content\/uploads\/2025\/10\/WhatsApp-Image-2025-10-11-at-1.58.14-PM-1536x396.jpeg 1536w, https:\/\/elcardinal.com\/wp-content\/uploads\/2025\/10\/WhatsApp-Image-2025-10-11-at-1.58.14-PM-150x39.jpeg 150w, https:\/\/elcardinal.com\/wp-content\/uploads\/2025\/10\/WhatsApp-Image-2025-10-11-at-1.58.14-PM-450x116.jpeg 450w, https:\/\/elcardinal.com\/wp-content\/uploads\/2025\/10\/WhatsApp-Image-2025-10-11-at-1.58.14-PM-1200x309.jpeg 1200w, https:\/\/elcardinal.com\/wp-content\/uploads\/2025\/10\/WhatsApp-Image-2025-10-11-at-1.58.14-PM.jpeg 1600w\" sizes=\"(max-width: 1024px) 100vw, 1024px\" data-src=\"https:\/\/elcardinal.com\/wp-content\/uploads\/2025\/10\/WhatsApp-Image-2025-10-11-at-1.58.14-PM-1024x264.jpeg\" \/>\t\t\t\t\t\t\t\t<\/a>\n\t\t\t\t\t\t\t\t\t\t\t\t\t\t\t<\/div>\n\t\t\t\t<\/div>\n\t\t\t\t\t<\/div>\n\t\t<\/div>\n\t\t\t\t<div class=\"elementor-column elementor-col-33 elementor-top-column elementor-element elementor-element-ca6b821 main-sidebar main-sidebar ts-sticky-col\" data-id=\"ca6b821\" data-element_type=\"column\">\n\t\t\t<div class=\"elementor-widget-wrap elementor-element-populated\">\n\t\t\t\t\t\t<div class=\"elementor-element elementor-element-6c70b89 elementor-widget elementor-widget-image\" data-id=\"6c70b89\" data-element_type=\"widget\" data-widget_type=\"image.default\">\n\t\t\t\t<div class=\"elementor-widget-container\">\n\t\t\t\t\t\t\t\t\t\t\t\t\t\t\t\t<a href=\"https:\/\/www.facebook.com\/SeguridadPublicaHGO\">\n\t\t\t\t\t\t\t<img loading=\"lazy\" decoding=\"async\" class=\"attachment-large size-large wp-image-5130 lazyload\" width=\"300\" height=\"250\" src=\"data:image\/svg+xml;base64,PHN2ZyB2aWV3Qm94PScwIDAgMzAwIDI1MCcgeG1sbnM9J2h0dHA6Ly93d3cudzMub3JnLzIwMDAvc3ZnJz48L3N2Zz4=\" alt srcset=\"https:\/\/elcardinal.com\/wp-content\/uploads\/2025\/09\/Banner-Seguridad_300X250.png 300w, https:\/\/elcardinal.com\/wp-content\/uploads\/2025\/09\/Banner-Seguridad_300X250-150x125.png 150w\" sizes=\"(max-width: 300px) 100vw, 300px\" data-src=\"https:\/\/elcardinal.com\/wp-content\/uploads\/2025\/09\/Banner-Seguridad_300X250.png\" \/>\t\t\t\t\t\t\t\t<\/a>\n\t\t\t\t\t\t\t\t\t\t\t\t\t\t\t<\/div>\n\t\t\t\t<\/div>\n\t\t\t\t<div class=\"elementor-element elementor-element-1135e5d elementor-widget elementor-widget-spacer\" data-id=\"1135e5d\" data-element_type=\"widget\" data-widget_type=\"spacer.default\">\n\t\t\t\t<div class=\"elementor-widget-container\">\n\t\t\t\t\t\t\t<div class=\"elementor-spacer\">\n\t\t\t<div class=\"elementor-spacer-inner\"><\/div>\n\t\t<\/div>\n\t\t\t\t\t\t<\/div>\n\t\t\t\t<\/div>\n\t\t\t\t<div class=\"elementor-element elementor-element-a297ad7 elementor-widget elementor-widget-smartmag-highlights\" data-id=\"a297ad7\" data-element_type=\"widget\" data-widget_type=\"smartmag-highlights.default\">\n\t\t\t\t<div class=\"elementor-widget-container\">\n\t\t\t\t\t\t\t<section class=\"block-wrap block-highlights block-sc\" data-id=\"3\" data-block=\"{&quot;id&quot;:&quot;highlights&quot;,&quot;props&quot;:{&quot;cat_labels&quot;:1,&quot;cat_labels_pos&quot;:&quot;bot-left&quot;,&quot;reviews&quot;:&quot;radial&quot;,&quot;post_formats_pos&quot;:&quot;center&quot;,&quot;load_more_style&quot;:&quot;a&quot;,&quot;meta_cat_style&quot;:&quot;text&quot;,&quot;media_style_shadow&quot;:0,&quot;meta_sponsor&quot;:1,&quot;meta_sponsor_logo&quot;:0,&quot;meta_sponsor_label&quot;:&quot;Sponsor: {sponsor}&quot;,&quot;meta_above&quot;:[],&quot;meta_below&quot;:[&quot;author&quot;,&quot;date&quot;,&quot;comments&quot;],&quot;meta_sponsor_above&quot;:[],&quot;meta_sponsor_below&quot;:[&quot;sponsor&quot;,&quot;date&quot;],&quot;columns&quot;:&quot;1&quot;,&quot;excerpt_length&quot;:9,&quot;container_width&quot;:33,&quot;heading_type&quot;:&quot;g&quot;,&quot;heading&quot;:&quot;METR\\u00d3POLI&quot;,&quot;separators&quot;:&quot;1&quot;,&quot;cat&quot;:&quot;3&quot;,&quot;terms&quot;:[&quot;32&quot;],&quot;posts&quot;:3,&quot;pagination&quot;:&quot;1&quot;,&quot;heading_link&quot;:&quot;https:\\\/\\\/elcardinal.com\\\/?cat=32&quot;,&quot;pagination_links&quot;:null,&quot;meta_sponsor_items_default&quot;:true,&quot;query_type&quot;:&quot;custom&quot;,&quot;sort_days&quot;:null,&quot;is_sc_call&quot;:true,&quot;meta_items_default&quot;:true}}\" data-is-mixed=\"1\">\n\n\t\t\t\t\t\t\t\t\n\t\t\t\t\t\t\t\n\t\t\t\t<div class=\"block-head block-head-ac block-head-g is-left\">\n\n\t\t\t\t\t<h4 class=\"heading\"><a href=\"https:\/\/elcardinal.com\/?cat=32\">METR\u00d3POLI<\/a><\/h4>\t\t\t\t\t\n\t\t\t\t\t\t\t\t\t<\/div>\n\t\t\t\t\n\t\t\t\n\t\t\t\n\t\t\t<div class=\"block-content\">\n\t\t\t\t\t\n\t<div class=\"loops-mixed\">\n\t\t\t\n\t<div class=\"loop loop-grid loop-grid-base grid grid-1 md:grid-1 xs:grid-1\">\n\n\t\t\t\t\t\n<article class=\"l-post grid-post grid-base-post\">\n\n\t\n\t\t\t<div class=\"media\">\n\n\t\t\n\t\t\t<a href=\"https:\/\/elcardinal.com\/?p=5716\" class=\"image-link media-ratio ratio-16-9\" title=\"VIDEO | Indignaci\u00f3n en Pachuca asaltan y hieren a Don Demetrio, adulto mayor de m\u00e1s de 80 a\u00f1os\"><img loading=\"lazy\" decoding=\"async\" width=\"377\" height=\"212\" src=\"https:\/\/elcardinal.com\/wp-content\/uploads\/2026\/03\/Picsart_26-03-31_23-35-10-827-450x258.jpg\" class=\"attachment-bunyad-medium size-bunyad-medium wp-post-image\" alt=\"\" sizes=\"(max-width: 377px) 100vw, 377px\" title=\"VIDEO | Indignaci\u00f3n en Pachuca asaltan y hieren a Don Demetrio, adulto mayor de m\u00e1s de 80 a\u00f1os\" srcset=\"https:\/\/elcardinal.com\/wp-content\/uploads\/2026\/03\/Picsart_26-03-31_23-35-10-827-450x258.jpg 450w, https:\/\/elcardinal.com\/wp-content\/uploads\/2026\/03\/Picsart_26-03-31_23-35-10-827-300x172.jpg 300w, https:\/\/elcardinal.com\/wp-content\/uploads\/2026\/03\/Picsart_26-03-31_23-35-10-827-1024x588.jpg 1024w, https:\/\/elcardinal.com\/wp-content\/uploads\/2026\/03\/Picsart_26-03-31_23-35-10-827-768x441.jpg 768w, https:\/\/elcardinal.com\/wp-content\/uploads\/2026\/03\/Picsart_26-03-31_23-35-10-827-1536x882.jpg 1536w, https:\/\/elcardinal.com\/wp-content\/uploads\/2026\/03\/Picsart_26-03-31_23-35-10-827-2048x1176.jpg 2048w, https:\/\/elcardinal.com\/wp-content\/uploads\/2026\/03\/Picsart_26-03-31_23-35-10-827-150x86.jpg 150w, https:\/\/elcardinal.com\/wp-content\/uploads\/2026\/03\/Picsart_26-03-31_23-35-10-827-1200x689.jpg 1200w\" \/><\/a>\t\t\t\n\t\t\t\n\t\t\t\n\t\t\t\t\t\t\t\n\t\t\t\t<span class=\"cat-labels cat-labels-overlay c-overlay p-bot-left\">\n\t\t\t\t<a href=\"https:\/\/elcardinal.com\/?cat=31\" class=\"category term-color-31\" rel=\"category\" tabindex=\"-1\">Hidalgo<\/a>\n\t\t\t<\/span>\n\t\t\t\t\t\t\n\t\t\t\n\t\t\n\t\t<\/div>\n\t\n\n\t\n\t\t<div class=\"content\">\n\n\t\t\t<div class=\"post-meta post-meta-a has-below\"><h2 class=\"is-title post-title\"><a href=\"https:\/\/elcardinal.com\/?p=5716\">VIDEO | Indignaci\u00f3n en Pachuca asaltan y hieren a Don Demetrio, adulto mayor de m\u00e1s de 80 a\u00f1os<\/a><\/h2><div class=\"post-meta-items meta-below\"><span class=\"meta-item post-author\"><span class=\"by\">By<\/span> <a href=\"https:\/\/elcardinal.com\/?author=3\" title=\"Entradas de El Cardinalito\" rel=\"author\">El Cardinalito<\/a><\/span><span class=\"meta-item has-next-icon date\"><span class=\"date-link\"><time class=\"post-date\" datetime=\"2026-03-31T23:41:38-06:00\">31 marzo, 2026<\/time><\/span><\/span><span class=\"meta-item comments has-icon\"><a href=\"https:\/\/elcardinal.com\/?p=5716#respond\"><i class=\"tsi tsi-comment-o\"><\/i>0<\/a><\/span><\/div><\/div>\t\t\t\n\t\t\t\t\t\t\n\t\t\t\t<div class=\"excerpt\">\n\t\t\t\t\t<p>By El Cardinalito Un hecho que ha causado molestia&hellip;<\/p>\n\t\t\t\t<\/div>\n\t\t\t\n\t\t\t\n\t\t\t\n\t\t<\/div>\n\n\t\n<\/article>\t\t\n\t<\/div>\n\n\t\t\n\n\t<div class=\"loop loop-small loop-small-a loop-sep loop-small-sep grid grid-1 md:grid-1 sm:grid-1 xs:grid-1\">\n\n\t\t\t\t\t\n<article class=\"l-post small-post small-a-post m-pos-left\">\n\n\t\n\t\t\t<div class=\"media\">\n\n\t\t\n\t\t\t<a href=\"https:\/\/elcardinal.com\/?p=5684\" class=\"image-link media-ratio ar-bunyad-thumb\" title=\"Indignaci\u00f3n en Pachuca: sujeto realiza actos lascivos cerca de gym y luego frente a mujer; autoridades ya investigan\"><img loading=\"lazy\" decoding=\"async\" width=\"110\" height=\"76\" src=\"https:\/\/elcardinal.com\/wp-content\/uploads\/2026\/03\/WhatsApp-Image-2026-03-26-at-9.32.23-PM-300x200.jpeg\" class=\"attachment-medium size-medium wp-post-image\" alt=\"Imagen ilustrativa creada con IA\" sizes=\"(max-width: 110px) 100vw, 110px\" title=\"Indignaci\u00f3n en Pachuca: sujeto realiza actos lascivos cerca de gym y luego frente a mujer; autoridades ya investigan\" srcset=\"https:\/\/elcardinal.com\/wp-content\/uploads\/2026\/03\/WhatsApp-Image-2026-03-26-at-9.32.23-PM-300x200.jpeg 300w, https:\/\/elcardinal.com\/wp-content\/uploads\/2026\/03\/WhatsApp-Image-2026-03-26-at-9.32.23-PM-1024x683.jpeg 1024w, https:\/\/elcardinal.com\/wp-content\/uploads\/2026\/03\/WhatsApp-Image-2026-03-26-at-9.32.23-PM-768x512.jpeg 768w, https:\/\/elcardinal.com\/wp-content\/uploads\/2026\/03\/WhatsApp-Image-2026-03-26-at-9.32.23-PM-1536x1024.jpeg 1536w, https:\/\/elcardinal.com\/wp-content\/uploads\/2026\/03\/WhatsApp-Image-2026-03-26-at-9.32.23-PM-150x100.jpeg 150w, https:\/\/elcardinal.com\/wp-content\/uploads\/2026\/03\/WhatsApp-Image-2026-03-26-at-9.32.23-PM-450x300.jpeg 450w, https:\/\/elcardinal.com\/wp-content\/uploads\/2026\/03\/WhatsApp-Image-2026-03-26-at-9.32.23-PM-1200x800.jpeg 1200w, https:\/\/elcardinal.com\/wp-content\/uploads\/2026\/03\/WhatsApp-Image-2026-03-26-at-9.32.23-PM.jpeg 1599w\" \/><\/a>\t\t\t\n\t\t\t\n\t\t\t\n\t\t\t\n\t\t\n\t\t<\/div>\n\t\n\n\t\n\t\t<div class=\"content\">\n\n\t\t\t<div class=\"post-meta post-meta-a post-meta-left has-below\"><h4 class=\"is-title post-title\"><a href=\"https:\/\/elcardinal.com\/?p=5684\">Indignaci\u00f3n en Pachuca: sujeto realiza actos lascivos cerca de gym y luego frente a mujer; autoridades ya investigan<\/a><\/h4><div class=\"post-meta-items meta-below\"><span class=\"meta-item date\"><span class=\"date-link\"><time class=\"post-date\" datetime=\"2026-03-26T21:36:52-06:00\">26 marzo, 2026<\/time><\/span><\/span><\/div><\/div>\t\t\t\n\t\t\t\n\t\t\t\n\t\t<\/div>\n\n\t\n<\/article>\t\n\t\t\t\t\t\n<article class=\"l-post small-post small-a-post m-pos-left\">\n\n\t\n\t\t\t<div class=\"media\">\n\n\t\t\n\t\t\t<a href=\"https:\/\/elcardinal.com\/?p=5680\" class=\"image-link media-ratio ar-bunyad-thumb\" title=\"Reaparece Israel F\u00e9lix y lanza respaldo a Julio Menchaca y Claudia Sheinbaum\"><img loading=\"lazy\" decoding=\"async\" width=\"110\" height=\"76\" src=\"https:\/\/elcardinal.com\/wp-content\/uploads\/2026\/03\/Gemini_Generated_Image_y07loty07loty07l-300x164.png\" class=\"attachment-medium size-medium wp-post-image\" alt=\"\" sizes=\"(max-width: 110px) 100vw, 110px\" title=\"Reaparece Israel F\u00e9lix y lanza respaldo a Julio Menchaca y Claudia Sheinbaum\" srcset=\"https:\/\/elcardinal.com\/wp-content\/uploads\/2026\/03\/Gemini_Generated_Image_y07loty07loty07l-300x164.png 300w, https:\/\/elcardinal.com\/wp-content\/uploads\/2026\/03\/Gemini_Generated_Image_y07loty07loty07l-1024x561.png 1024w, https:\/\/elcardinal.com\/wp-content\/uploads\/2026\/03\/Gemini_Generated_Image_y07loty07loty07l-768x421.png 768w, https:\/\/elcardinal.com\/wp-content\/uploads\/2026\/03\/Gemini_Generated_Image_y07loty07loty07l-150x82.png 150w, https:\/\/elcardinal.com\/wp-content\/uploads\/2026\/03\/Gemini_Generated_Image_y07loty07loty07l-450x247.png 450w, https:\/\/elcardinal.com\/wp-content\/uploads\/2026\/03\/Gemini_Generated_Image_y07loty07loty07l-1200x657.png 1200w, https:\/\/elcardinal.com\/wp-content\/uploads\/2026\/03\/Gemini_Generated_Image_y07loty07loty07l.png 1402w\" \/><\/a>\t\t\t\n\t\t\t\n\t\t\t\n\t\t\t\n\t\t\n\t\t<\/div>\n\t\n\n\t\n\t\t<div class=\"content\">\n\n\t\t\t<div class=\"post-meta post-meta-a post-meta-left has-below\"><h4 class=\"is-title post-title\"><a href=\"https:\/\/elcardinal.com\/?p=5680\">Reaparece Israel F\u00e9lix y lanza respaldo a Julio Menchaca y Claudia Sheinbaum<\/a><\/h4><div class=\"post-meta-items meta-below\"><span class=\"meta-item date\"><span class=\"date-link\"><time class=\"post-date\" datetime=\"2026-03-26T18:33:58-06:00\">26 marzo, 2026<\/time><\/span><\/span><\/div><\/div>\t\t\t\n\t\t\t\n\t\t\t\n\t\t<\/div>\n\n\t\n<\/article>\t\n\t\t\n\t<\/div>\n\n\t\t\t<\/div>\n\n\n\t\n\n\t<nav class=\"main-pagination pagination-numbers\" data-type=\"numbers-ajax\">\n\t\t<span aria-current=\"page\" class=\"page-numbers current\">1<\/span>\n<a class=\"page-numbers\" href=\"https:\/\/elcardinal.com\/index.php\/?paged=2\">2<\/a>\n<a class=\"page-numbers\" href=\"https:\/\/elcardinal.com\/index.php\/?paged=3\">3<\/a>\n<span class=\"page-numbers dots\">&hellip;<\/span>\n<a class=\"page-numbers\" href=\"https:\/\/elcardinal.com\/index.php\/?paged=24\">24<\/a>\n<a class=\"next page-numbers\" href=\"https:\/\/elcardinal.com\/index.php\/?paged=2\"><span class=\"visuallyhidden\">Next<\/span><i class=\"tsi tsi-angle-right\"><\/i><\/a>\t<\/nav>\n\n\n\t\t\t<\/div>\n\n\t\t<\/section>\n\t\t\t\t\t\t<\/div>\n\t\t\t\t<\/div>\n\t\t\t\t<div class=\"elementor-element elementor-element-e53dcff elementor-widget elementor-widget-image\" data-id=\"e53dcff\" data-element_type=\"widget\" data-widget_type=\"image.default\">\n\t\t\t\t<div class=\"elementor-widget-container\">\n\t\t\t\t\t\t\t\t\t\t\t\t\t\t\t\t<a href=\"https:\/\/hidalgounido.hidalgo.gob.mx\/\">\n\t\t\t\t\t\t\t<img loading=\"lazy\" decoding=\"async\" class=\"attachment-large size-large wp-image-5208 lazyload\" width=\"1024\" height=\"854\" src=\"data:image\/svg+xml;base64,PHN2ZyB2aWV3Qm94PScwIDAgMTAyNCA4NTQnIHhtbG5zPSdodHRwOi8vd3d3LnczLm9yZy8yMDAwL3N2Zyc+PC9zdmc+\" alt srcset=\"https:\/\/elcardinal.com\/wp-content\/uploads\/2025\/10\/Ads-Hidalgo-Unido-05-1024x854.png 1024w, https:\/\/elcardinal.com\/wp-content\/uploads\/2025\/10\/Ads-Hidalgo-Unido-05-300x250.png 300w, https:\/\/elcardinal.com\/wp-content\/uploads\/2025\/10\/Ads-Hidalgo-Unido-05-768x640.png 768w, https:\/\/elcardinal.com\/wp-content\/uploads\/2025\/10\/Ads-Hidalgo-Unido-05-150x125.png 150w, https:\/\/elcardinal.com\/wp-content\/uploads\/2025\/10\/Ads-Hidalgo-Unido-05-450x375.png 450w, https:\/\/elcardinal.com\/wp-content\/uploads\/2025\/10\/Ads-Hidalgo-Unido-05-1200x1000.png 1200w, https:\/\/elcardinal.com\/wp-content\/uploads\/2025\/10\/Ads-Hidalgo-Unido-05.png 1250w\" sizes=\"(max-width: 1024px) 100vw, 1024px\" data-src=\"https:\/\/elcardinal.com\/wp-content\/uploads\/2025\/10\/Ads-Hidalgo-Unido-05-1024x854.png\" \/>\t\t\t\t\t\t\t\t<\/a>\n\t\t\t\t\t\t\t\t\t\t\t\t\t\t\t<\/div>\n\t\t\t\t<\/div>\n\t\t\t\t\t<\/div>\n\t\t<\/div>\n\t\t\t\t\t<\/div>\n\t\t<\/section>\n\t\t\t\t<section class=\"has-el-gap el-gap-default elementor-section elementor-top-section elementor-element elementor-element-39240cd elementor-section-boxed elementor-section-height-default elementor-section-height-default\" data-id=\"39240cd\" data-element_type=\"section\" data-settings=\"{&quot;background_background&quot;:&quot;classic&quot;}\">\n\t\t\t\t\t\t<div class=\"elementor-container elementor-column-gap-no\">\n\t\t\t\t\t<div class=\"elementor-column elementor-col-100 elementor-top-column elementor-element elementor-element-8be0635\" data-id=\"8be0635\" data-element_type=\"column\">\n\t\t\t<div class=\"elementor-widget-wrap elementor-element-populated\">\n\t\t\t\t\t\t<div class=\"elementor-element elementor-element-40aabdc elementor-widget elementor-widget-smartmag-heading\" data-id=\"40aabdc\" data-element_type=\"widget\" data-widget_type=\"smartmag-heading.default\">\n\t\t\t\t<div class=\"elementor-widget-container\">\n\t\t\t\t\t\t\t\t\t\t\n\t\t\t\t\t\t\t\n\t\t\t\t<div class=\"block-head block-head-e block-head-e1 is-left\">\n\n\t\t\t\t\t<h4 class=\"heading\"><a href=\"https:\/\/elcardinal.com\/?cat=39\">POL\u00cdTICA<\/a><\/h4>\t\t\t\t\t\n\t\t\t\t\t\t\t\t\t<\/div>\n\t\t\t\t\n\t\t\t\n\t\t\t\t\t\t<\/div>\n\t\t\t\t<\/div>\n\t\t\t\t<div class=\"elementor-element elementor-element-a3ed485 elementor-widget elementor-widget-smartmag-newsfocus\" data-id=\"a3ed485\" data-element_type=\"widget\" data-widget_type=\"smartmag-newsfocus.default\">\n\t\t\t\t<div class=\"elementor-widget-container\">\n\t\t\t\t\t\t\t<section class=\"block-wrap block-news-focus block-sc\" data-id=\"6\" data-block=\"{&quot;id&quot;:&quot;news-focus&quot;,&quot;props&quot;:{&quot;cat_labels&quot;:1,&quot;cat_labels_pos&quot;:&quot;bot-left&quot;,&quot;reviews&quot;:&quot;radial&quot;,&quot;post_formats_pos&quot;:&quot;center&quot;,&quot;load_more_style&quot;:&quot;a&quot;,&quot;meta_cat_style&quot;:&quot;text&quot;,&quot;media_style_shadow&quot;:0,&quot;meta_sponsor&quot;:1,&quot;meta_sponsor_logo&quot;:0,&quot;meta_sponsor_label&quot;:&quot;Sponsor: {sponsor}&quot;,&quot;meta_sponsor_above&quot;:[],&quot;meta_sponsor_below&quot;:[&quot;sponsor&quot;,&quot;date&quot;],&quot;pagination&quot;:&quot;1&quot;,&quot;container_width&quot;:100,&quot;title_tag&quot;:&quot;h3&quot;,&quot;meta_items_default&quot;:false,&quot;terms&quot;:[&quot;39&quot;],&quot;posts&quot;:7,&quot;pagination_links&quot;:null,&quot;excerpt_length&quot;:15,&quot;meta_sponsor_items_default&quot;:true,&quot;query_type&quot;:&quot;custom&quot;,&quot;sort_days&quot;:null,&quot;is_sc_call&quot;:true}}\" data-is-mixed=\"1\">\n\n\t\t\t\t\n\t\t\t<div class=\"block-content\">\n\t\t\t\t\t\n\t<div class=\"grid cols-not-eq loops-mixed grid-2 md:grid-2 sm:grid-1\">\n\n\t\t\t\n\t<div class=\"loop loop-grid loop-grid-base grid grid-1 md:grid-1 xs:grid-1\">\n\n\t\t\t\t\t\n<article class=\"l-post grid-post grid-base-post\">\n\n\t\n\t\t\t<div class=\"media\">\n\n\t\t\n\t\t\t<a href=\"https:\/\/elcardinal.com\/?p=5778\" class=\"image-link media-ratio ratio-16-9\" title=\"Congreso de Hidalgo impulsa la integraci\u00f3n catastral metropolitana\"><img loading=\"lazy\" decoding=\"async\" width=\"608\" height=\"342\" src=\"https:\/\/elcardinal.com\/wp-content\/uploads\/2026\/04\/22.04.2026-Segundo-encuentro-Metropolitano-Valle-de-Mexico-140-768x512.jpg\" class=\"attachment-bunyad-768 size-bunyad-768 wp-post-image\" alt=\"\" sizes=\"(max-width: 608px) 100vw, 608px\" title=\"Congreso de Hidalgo impulsa la integraci\u00f3n catastral metropolitana\" srcset=\"https:\/\/elcardinal.com\/wp-content\/uploads\/2026\/04\/22.04.2026-Segundo-encuentro-Metropolitano-Valle-de-Mexico-140-768x512.jpg 768w, https:\/\/elcardinal.com\/wp-content\/uploads\/2026\/04\/22.04.2026-Segundo-encuentro-Metropolitano-Valle-de-Mexico-140-1024x683.jpg 1024w, https:\/\/elcardinal.com\/wp-content\/uploads\/2026\/04\/22.04.2026-Segundo-encuentro-Metropolitano-Valle-de-Mexico-140-1536x1024.jpg 1536w, https:\/\/elcardinal.com\/wp-content\/uploads\/2026\/04\/22.04.2026-Segundo-encuentro-Metropolitano-Valle-de-Mexico-140-2048x1365.jpg 2048w, https:\/\/elcardinal.com\/wp-content\/uploads\/2026\/04\/22.04.2026-Segundo-encuentro-Metropolitano-Valle-de-Mexico-140-1200x800.jpg 1200w\" \/><\/a>\t\t\t\n\t\t\t\n\t\t\t\n\t\t\t\t\t\t\t\n\t\t\t\t<span class=\"cat-labels cat-labels-overlay c-overlay p-bot-left\">\n\t\t\t\t<a href=\"https:\/\/elcardinal.com\/?cat=31\" class=\"category term-color-31\" rel=\"category\" tabindex=\"-1\">Hidalgo<\/a>\n\t\t\t<\/span>\n\t\t\t\t\t\t\n\t\t\t\n\t\t\n\t\t<\/div>\n\t\n\n\t\n\t\t<div class=\"content\">\n\n\t\t\t<div class=\"post-meta post-meta-a\"><h3 class=\"is-title post-title\"><a href=\"https:\/\/elcardinal.com\/?p=5778\">Congreso de Hidalgo impulsa la integraci\u00f3n catastral metropolitana<\/a><\/h3><\/div>\t\t\t\n\t\t\t\t\t\t\n\t\t\t\t<div class=\"excerpt\">\n\t\t\t\t\t<p>Redacci\u00f3n El Congreso del Estado Libre y Soberano de Hidalgo particip\u00f3 en el segundo Encuentro&hellip;<\/p>\n\t\t\t\t<\/div>\n\t\t\t\n\t\t\t\n\t\t\t\n\t\t<\/div>\n\n\t\n<\/article>\t\t\n\t<\/div>\n\n\t\t\n\n\t\t\n\t<div class=\"loop loop-small loop-small-a grid grid-2 md:grid-1 sm:grid-1 xs:grid-1\">\n\n\t\t\t\t\t\n<article class=\"l-post small-post small-a-post m-pos-left\">\n\n\t\n\t\t\t<div class=\"media\">\n\n\t\t\n\t\t\t<a href=\"https:\/\/elcardinal.com\/?p=5768\" class=\"image-link media-ratio ar-bunyad-thumb\" title=\"Congreso de Hidalgo impulsa di\u00e1logo plural por el bienestar y la protecci\u00f3n animal\"><img loading=\"lazy\" decoding=\"async\" width=\"110\" height=\"76\" src=\"https:\/\/elcardinal.com\/wp-content\/uploads\/2026\/04\/21.04.2026-Dialogo-por-el-bienestar-y-la-proteccion-animal-22-300x228.jpg\" class=\"attachment-medium size-medium wp-post-image\" alt=\"\" sizes=\"(max-width: 110px) 100vw, 110px\" title=\"Congreso de Hidalgo impulsa di\u00e1logo plural por el bienestar y la protecci\u00f3n animal\" srcset=\"https:\/\/elcardinal.com\/wp-content\/uploads\/2026\/04\/21.04.2026-Dialogo-por-el-bienestar-y-la-proteccion-animal-22-300x228.jpg 300w, https:\/\/elcardinal.com\/wp-content\/uploads\/2026\/04\/21.04.2026-Dialogo-por-el-bienestar-y-la-proteccion-animal-22-1024x779.jpg 1024w, https:\/\/elcardinal.com\/wp-content\/uploads\/2026\/04\/21.04.2026-Dialogo-por-el-bienestar-y-la-proteccion-animal-22-768x584.jpg 768w, https:\/\/elcardinal.com\/wp-content\/uploads\/2026\/04\/21.04.2026-Dialogo-por-el-bienestar-y-la-proteccion-animal-22-1536x1168.jpg 1536w, https:\/\/elcardinal.com\/wp-content\/uploads\/2026\/04\/21.04.2026-Dialogo-por-el-bienestar-y-la-proteccion-animal-22-2048x1557.jpg 2048w, https:\/\/elcardinal.com\/wp-content\/uploads\/2026\/04\/21.04.2026-Dialogo-por-el-bienestar-y-la-proteccion-animal-22-150x114.jpg 150w, https:\/\/elcardinal.com\/wp-content\/uploads\/2026\/04\/21.04.2026-Dialogo-por-el-bienestar-y-la-proteccion-animal-22-450x342.jpg 450w, https:\/\/elcardinal.com\/wp-content\/uploads\/2026\/04\/21.04.2026-Dialogo-por-el-bienestar-y-la-proteccion-animal-22-1200x913.jpg 1200w\" \/><\/a>\t\t\t\n\t\t\t\n\t\t\t\n\t\t\t\n\t\t\n\t\t<\/div>\n\t\n\n\t\n\t\t<div class=\"content\">\n\n\t\t\t<div class=\"post-meta post-meta-a post-meta-left has-below\"><h4 class=\"is-title post-title\"><a href=\"https:\/\/elcardinal.com\/?p=5768\">Congreso de Hidalgo impulsa di\u00e1logo plural por el bienestar y la protecci\u00f3n animal<\/a><\/h4><div class=\"post-meta-items meta-below\"><span class=\"meta-item date\"><span class=\"date-link\"><time class=\"post-date\" datetime=\"2026-04-21T22:18:16-06:00\">21 abril, 2026<\/time><\/span><\/span><\/div><\/div>\t\t\t\n\t\t\t\n\t\t\t\n\t\t<\/div>\n\n\t\n<\/article>\t\n\t\t\t\t\t\n<article class=\"l-post small-post small-a-post m-pos-left\">\n\n\t\n\t\t\t<div class=\"media\">\n\n\t\t\n\t\t\t<a href=\"https:\/\/elcardinal.com\/?p=5765\" class=\"image-link media-ratio ar-bunyad-thumb\" title=\"Legisladores exhortan a municipios a fortalecer la capacitaci\u00f3n en protecci\u00f3n civil\"><img loading=\"lazy\" decoding=\"async\" width=\"110\" height=\"76\" src=\"https:\/\/elcardinal.com\/wp-content\/uploads\/2026\/04\/Sesion-21.04.2026-Ordinaria-90-300x195.jpg\" class=\"attachment-medium size-medium wp-post-image\" alt=\"\" sizes=\"(max-width: 110px) 100vw, 110px\" title=\"Legisladores exhortan a municipios a fortalecer la capacitaci\u00f3n en protecci\u00f3n civil\" srcset=\"https:\/\/elcardinal.com\/wp-content\/uploads\/2026\/04\/Sesion-21.04.2026-Ordinaria-90-300x195.jpg 300w, https:\/\/elcardinal.com\/wp-content\/uploads\/2026\/04\/Sesion-21.04.2026-Ordinaria-90-1024x664.jpg 1024w, https:\/\/elcardinal.com\/wp-content\/uploads\/2026\/04\/Sesion-21.04.2026-Ordinaria-90-768x498.jpg 768w, https:\/\/elcardinal.com\/wp-content\/uploads\/2026\/04\/Sesion-21.04.2026-Ordinaria-90-1536x997.jpg 1536w, https:\/\/elcardinal.com\/wp-content\/uploads\/2026\/04\/Sesion-21.04.2026-Ordinaria-90-2048x1329.jpg 2048w, https:\/\/elcardinal.com\/wp-content\/uploads\/2026\/04\/Sesion-21.04.2026-Ordinaria-90-150x97.jpg 150w, https:\/\/elcardinal.com\/wp-content\/uploads\/2026\/04\/Sesion-21.04.2026-Ordinaria-90-450x292.jpg 450w, https:\/\/elcardinal.com\/wp-content\/uploads\/2026\/04\/Sesion-21.04.2026-Ordinaria-90-1200x779.jpg 1200w\" \/><\/a>\t\t\t\n\t\t\t\n\t\t\t\n\t\t\t\n\t\t\n\t\t<\/div>\n\t\n\n\t\n\t\t<div class=\"content\">\n\n\t\t\t<div class=\"post-meta post-meta-a post-meta-left has-below\"><h4 class=\"is-title post-title\"><a href=\"https:\/\/elcardinal.com\/?p=5765\">Legisladores exhortan a municipios a fortalecer la capacitaci\u00f3n en protecci\u00f3n civil<\/a><\/h4><div class=\"post-meta-items meta-below\"><span class=\"meta-item date\"><span class=\"date-link\"><time class=\"post-date\" datetime=\"2026-04-21T22:08:55-06:00\">21 abril, 2026<\/time><\/span><\/span><\/div><\/div>\t\t\t\n\t\t\t\n\t\t\t\n\t\t<\/div>\n\n\t\n<\/article>\t\n\t\t\t\t\t\n<article class=\"l-post small-post small-a-post m-pos-left\">\n\n\t\n\t\t\t<div class=\"media\">\n\n\t\t\n\t\t\t<a href=\"https:\/\/elcardinal.com\/?p=5762\" class=\"image-link media-ratio ar-bunyad-thumb\" title=\"Congreso fortalece la seguridad institucional con clausura de curso de manejo\"><img loading=\"lazy\" decoding=\"async\" width=\"110\" height=\"76\" src=\"https:\/\/elcardinal.com\/wp-content\/uploads\/2026\/04\/20.04.2026-Clausura-curso-de-manejo-34-300x200.jpg\" class=\"attachment-medium size-medium wp-post-image\" alt=\"\" sizes=\"(max-width: 110px) 100vw, 110px\" title=\"Congreso fortalece la seguridad institucional con clausura de curso de manejo\" srcset=\"https:\/\/elcardinal.com\/wp-content\/uploads\/2026\/04\/20.04.2026-Clausura-curso-de-manejo-34-300x200.jpg 300w, https:\/\/elcardinal.com\/wp-content\/uploads\/2026\/04\/20.04.2026-Clausura-curso-de-manejo-34-1024x683.jpg 1024w, https:\/\/elcardinal.com\/wp-content\/uploads\/2026\/04\/20.04.2026-Clausura-curso-de-manejo-34-768x512.jpg 768w, https:\/\/elcardinal.com\/wp-content\/uploads\/2026\/04\/20.04.2026-Clausura-curso-de-manejo-34-1536x1024.jpg 1536w, https:\/\/elcardinal.com\/wp-content\/uploads\/2026\/04\/20.04.2026-Clausura-curso-de-manejo-34-2048x1365.jpg 2048w, https:\/\/elcardinal.com\/wp-content\/uploads\/2026\/04\/20.04.2026-Clausura-curso-de-manejo-34-150x100.jpg 150w, https:\/\/elcardinal.com\/wp-content\/uploads\/2026\/04\/20.04.2026-Clausura-curso-de-manejo-34-450x300.jpg 450w, https:\/\/elcardinal.com\/wp-content\/uploads\/2026\/04\/20.04.2026-Clausura-curso-de-manejo-34-1200x800.jpg 1200w\" \/><\/a>\t\t\t\n\t\t\t\n\t\t\t\n\t\t\t\n\t\t\n\t\t<\/div>\n\t\n\n\t\n\t\t<div class=\"content\">\n\n\t\t\t<div class=\"post-meta post-meta-a post-meta-left has-below\"><h4 class=\"is-title post-title\"><a href=\"https:\/\/elcardinal.com\/?p=5762\">Congreso fortalece la seguridad institucional con clausura de curso de manejo<\/a><\/h4><div class=\"post-meta-items meta-below\"><span class=\"meta-item date\"><span class=\"date-link\"><time class=\"post-date\" datetime=\"2026-04-20T22:50:13-06:00\">20 abril, 2026<\/time><\/span><\/span><\/div><\/div>\t\t\t\n\t\t\t\n\t\t\t\n\t\t<\/div>\n\n\t\n<\/article>\t\n\t\t\t\t\t\n<article class=\"l-post small-post small-a-post m-pos-left\">\n\n\t\n\t\t\t<div class=\"media\">\n\n\t\t\n\t\t\t<a href=\"https:\/\/elcardinal.com\/?p=5756\" class=\"image-link media-ratio ar-bunyad-thumb\" title=\"Congreso de Hidalgo avala reforma educativa para ense\u00f1ar primeros auxilios y fortalecer valores c\u00edvicos en estudiantes\"><img loading=\"lazy\" decoding=\"async\" width=\"110\" height=\"76\" src=\"https:\/\/elcardinal.com\/wp-content\/uploads\/2026\/04\/Sesion-15.04.2026-Ordinaria-6-300x200.jpg\" class=\"attachment-medium size-medium wp-post-image\" alt=\"\" sizes=\"(max-width: 110px) 100vw, 110px\" title=\"Congreso de Hidalgo avala reforma educativa para ense\u00f1ar primeros auxilios y fortalecer valores c\u00edvicos en estudiantes\" srcset=\"https:\/\/elcardinal.com\/wp-content\/uploads\/2026\/04\/Sesion-15.04.2026-Ordinaria-6-300x200.jpg 300w, https:\/\/elcardinal.com\/wp-content\/uploads\/2026\/04\/Sesion-15.04.2026-Ordinaria-6-1024x683.jpg 1024w, https:\/\/elcardinal.com\/wp-content\/uploads\/2026\/04\/Sesion-15.04.2026-Ordinaria-6-768x512.jpg 768w, https:\/\/elcardinal.com\/wp-content\/uploads\/2026\/04\/Sesion-15.04.2026-Ordinaria-6-1536x1024.jpg 1536w, https:\/\/elcardinal.com\/wp-content\/uploads\/2026\/04\/Sesion-15.04.2026-Ordinaria-6-2048x1365.jpg 2048w, https:\/\/elcardinal.com\/wp-content\/uploads\/2026\/04\/Sesion-15.04.2026-Ordinaria-6-150x100.jpg 150w, https:\/\/elcardinal.com\/wp-content\/uploads\/2026\/04\/Sesion-15.04.2026-Ordinaria-6-450x300.jpg 450w, https:\/\/elcardinal.com\/wp-content\/uploads\/2026\/04\/Sesion-15.04.2026-Ordinaria-6-1200x800.jpg 1200w\" \/><\/a>\t\t\t\n\t\t\t\n\t\t\t\n\t\t\t\n\t\t\n\t\t<\/div>\n\t\n\n\t\n\t\t<div class=\"content\">\n\n\t\t\t<div class=\"post-meta post-meta-a post-meta-left has-below\"><h4 class=\"is-title post-title\"><a href=\"https:\/\/elcardinal.com\/?p=5756\">Congreso de Hidalgo avala reforma educativa para ense\u00f1ar primeros auxilios y fortalecer valores c\u00edvicos en estudiantes<\/a><\/h4><div class=\"post-meta-items meta-below\"><span class=\"meta-item date\"><span class=\"date-link\"><time class=\"post-date\" datetime=\"2026-04-15T22:30:36-06:00\">15 abril, 2026<\/time><\/span><\/span><\/div><\/div>\t\t\t\n\t\t\t\n\t\t\t\n\t\t<\/div>\n\n\t\n<\/article>\t\n\t\t\t\t\t\n<article class=\"l-post small-post small-a-post m-pos-left\">\n\n\t\n\t\t\t<div class=\"media\">\n\n\t\t\n\t\t\t<a href=\"https:\/\/elcardinal.com\/?p=5751\" class=\"image-link media-ratio ar-bunyad-thumb\" title=\"Poder Legislativo enaltece al huapango de la Huasteca hidalguense\"><img loading=\"lazy\" decoding=\"async\" width=\"110\" height=\"76\" src=\"https:\/\/elcardinal.com\/wp-content\/uploads\/2026\/04\/14.04.2026-Orgullo-huasteco-11-300x200.jpg\" class=\"attachment-medium size-medium wp-post-image\" alt=\"\" sizes=\"(max-width: 110px) 100vw, 110px\" title=\"Poder Legislativo enaltece al huapango de la Huasteca hidalguense\" srcset=\"https:\/\/elcardinal.com\/wp-content\/uploads\/2026\/04\/14.04.2026-Orgullo-huasteco-11-300x200.jpg 300w, https:\/\/elcardinal.com\/wp-content\/uploads\/2026\/04\/14.04.2026-Orgullo-huasteco-11-1024x683.jpg 1024w, https:\/\/elcardinal.com\/wp-content\/uploads\/2026\/04\/14.04.2026-Orgullo-huasteco-11-768x512.jpg 768w, https:\/\/elcardinal.com\/wp-content\/uploads\/2026\/04\/14.04.2026-Orgullo-huasteco-11-1536x1024.jpg 1536w, https:\/\/elcardinal.com\/wp-content\/uploads\/2026\/04\/14.04.2026-Orgullo-huasteco-11-2048x1365.jpg 2048w, https:\/\/elcardinal.com\/wp-content\/uploads\/2026\/04\/14.04.2026-Orgullo-huasteco-11-150x100.jpg 150w, https:\/\/elcardinal.com\/wp-content\/uploads\/2026\/04\/14.04.2026-Orgullo-huasteco-11-450x300.jpg 450w, https:\/\/elcardinal.com\/wp-content\/uploads\/2026\/04\/14.04.2026-Orgullo-huasteco-11-1200x800.jpg 1200w\" \/><\/a>\t\t\t\n\t\t\t\n\t\t\t\n\t\t\t\n\t\t\n\t\t<\/div>\n\t\n\n\t\n\t\t<div class=\"content\">\n\n\t\t\t<div class=\"post-meta post-meta-a post-meta-left has-below\"><h4 class=\"is-title post-title\"><a href=\"https:\/\/elcardinal.com\/?p=5751\">Poder Legislativo enaltece al huapango de la Huasteca hidalguense<\/a><\/h4><div class=\"post-meta-items meta-below\"><span class=\"meta-item date\"><span class=\"date-link\"><time class=\"post-date\" datetime=\"2026-04-14T21:52:18-06:00\">14 abril, 2026<\/time><\/span><\/span><\/div><\/div>\t\t\t\n\t\t\t\n\t\t\t\n\t\t<\/div>\n\n\t\n<\/article>\t\n\t\t\t\t\t\n<article class=\"l-post small-post small-a-post m-pos-left\">\n\n\t\n\t\t\t<div class=\"media\">\n\n\t\t\n\t\t\t<a href=\"https:\/\/elcardinal.com\/?p=5748\" class=\"image-link media-ratio ar-bunyad-thumb\" title=\"Diputados impulsan reforma para proteger a ni\u00f1as, ni\u00f1os y adolescentes en servicios de hospedaje\"><img loading=\"lazy\" decoding=\"async\" width=\"110\" height=\"76\" src=\"https:\/\/elcardinal.com\/wp-content\/uploads\/2026\/04\/Sesion-14.04.2026-Ordinaria-20-300x235.jpg\" class=\"attachment-medium size-medium wp-post-image\" alt=\"\" sizes=\"(max-width: 110px) 100vw, 110px\" title=\"Diputados impulsan reforma para proteger a ni\u00f1as, ni\u00f1os y adolescentes en servicios de hospedaje\" srcset=\"https:\/\/elcardinal.com\/wp-content\/uploads\/2026\/04\/Sesion-14.04.2026-Ordinaria-20-300x235.jpg 300w, https:\/\/elcardinal.com\/wp-content\/uploads\/2026\/04\/Sesion-14.04.2026-Ordinaria-20-1024x803.jpg 1024w, https:\/\/elcardinal.com\/wp-content\/uploads\/2026\/04\/Sesion-14.04.2026-Ordinaria-20-768x602.jpg 768w, https:\/\/elcardinal.com\/wp-content\/uploads\/2026\/04\/Sesion-14.04.2026-Ordinaria-20-1536x1205.jpg 1536w, https:\/\/elcardinal.com\/wp-content\/uploads\/2026\/04\/Sesion-14.04.2026-Ordinaria-20-2048x1606.jpg 2048w, https:\/\/elcardinal.com\/wp-content\/uploads\/2026\/04\/Sesion-14.04.2026-Ordinaria-20-150x118.jpg 150w, https:\/\/elcardinal.com\/wp-content\/uploads\/2026\/04\/Sesion-14.04.2026-Ordinaria-20-450x353.jpg 450w, https:\/\/elcardinal.com\/wp-content\/uploads\/2026\/04\/Sesion-14.04.2026-Ordinaria-20-1200x941.jpg 1200w\" \/><\/a>\t\t\t\n\t\t\t\n\t\t\t\n\t\t\t\n\t\t\n\t\t<\/div>\n\t\n\n\t\n\t\t<div class=\"content\">\n\n\t\t\t<div class=\"post-meta post-meta-a post-meta-left has-below\"><h4 class=\"is-title post-title\"><a href=\"https:\/\/elcardinal.com\/?p=5748\">Diputados impulsan reforma para proteger a ni\u00f1as, ni\u00f1os y adolescentes en servicios de hospedaje<\/a><\/h4><div class=\"post-meta-items meta-below\"><span class=\"meta-item date\"><span class=\"date-link\"><time class=\"post-date\" datetime=\"2026-04-14T21:45:04-06:00\">14 abril, 2026<\/time><\/span><\/span><\/div><\/div>\t\t\t\n\t\t\t\n\t\t\t\n\t\t<\/div>\n\n\t\n<\/article>\t\n\t\t\n\t<\/div>\n\n\t\t\t<\/div>\n\t\n\t\n\n\t<nav class=\"main-pagination pagination-numbers\" data-type=\"numbers-ajax\">\n\t\t<span aria-current=\"page\" class=\"page-numbers current\">1<\/span>\n<a class=\"page-numbers\" href=\"https:\/\/elcardinal.com\/index.php\/?paged=2\">2<\/a>\n<a class=\"page-numbers\" href=\"https:\/\/elcardinal.com\/index.php\/?paged=3\">3<\/a>\n<span class=\"page-numbers dots\">&hellip;<\/span>\n<a class=\"page-numbers\" href=\"https:\/\/elcardinal.com\/index.php\/?paged=29\">29<\/a>\n<a class=\"next page-numbers\" href=\"https:\/\/elcardinal.com\/index.php\/?paged=2\"><span class=\"visuallyhidden\">Next<\/span><i class=\"tsi tsi-angle-right\"><\/i><\/a>\t<\/nav>\n\n\n\t\t\t<\/div>\n\n\t\t<\/section>\n\t\t\t\t\t\t<\/div>\n\t\t\t\t<\/div>\n\t\t\t\t\t<\/div>\n\t\t<\/div>\n\t\t\t\t\t<\/div>\n\t\t<\/section>\n\t\t\t\t<section class=\"has-el-gap el-gap-default elementor-section elementor-top-section elementor-element elementor-element-f105c05 elementor-section-boxed elementor-section-height-default elementor-section-height-default\" data-id=\"f105c05\" data-element_type=\"section\">\n\t\t\t\t\t\t<div class=\"elementor-container elementor-column-gap-no\">\n\t\t\t\t\t<div class=\"elementor-column elementor-col-66 elementor-top-column elementor-element elementor-element-e330216 main-content\" data-id=\"e330216\" data-element_type=\"column\">\n\t\t\t<div class=\"elementor-widget-wrap elementor-element-populated\">\n\t\t\t\t\t\t<div class=\"elementor-element elementor-element-8cd055d elementor-widget elementor-widget-smartmag-newsfocus\" data-id=\"8cd055d\" data-element_type=\"widget\" data-widget_type=\"smartmag-newsfocus.default\">\n\t\t\t\t<div class=\"elementor-widget-container\">\n\t\t\t\t\t\t\t<section class=\"block-wrap block-news-focus block-sc\" data-id=\"9\" data-block=\"{&quot;id&quot;:&quot;news-focus&quot;,&quot;props&quot;:{&quot;cat_labels&quot;:1,&quot;cat_labels_pos&quot;:&quot;bot-left&quot;,&quot;reviews&quot;:&quot;radial&quot;,&quot;post_formats_pos&quot;:&quot;center&quot;,&quot;load_more_style&quot;:&quot;a&quot;,&quot;meta_cat_style&quot;:&quot;text&quot;,&quot;media_style_shadow&quot;:0,&quot;meta_sponsor&quot;:1,&quot;meta_sponsor_logo&quot;:0,&quot;meta_sponsor_label&quot;:&quot;Sponsor: {sponsor}&quot;,&quot;meta_above&quot;:[],&quot;meta_below&quot;:[&quot;author&quot;,&quot;date&quot;,&quot;comments&quot;],&quot;meta_sponsor_above&quot;:[],&quot;meta_sponsor_below&quot;:[&quot;sponsor&quot;,&quot;date&quot;],&quot;container_width&quot;:66,&quot;heading_colors&quot;:&quot;force&quot;,&quot;heading&quot;:&quot;*SEG*URIDAD&quot;,&quot;separators&quot;:&quot;1&quot;,&quot;cat&quot;:&quot;5&quot;,&quot;filters&quot;:&quot;category&quot;,&quot;filters_terms&quot;:[9,3,13],&quot;terms&quot;:[&quot;38&quot;],&quot;heading_link&quot;:&quot;https:\\\/\\\/elcardinal.com\\\/?cat=38&quot;,&quot;pagination_type&quot;:null,&quot;pagination_links&quot;:null,&quot;excerpt_length&quot;:15,&quot;meta_sponsor_items_default&quot;:true,&quot;query_type&quot;:&quot;custom&quot;,&quot;sort_days&quot;:null,&quot;is_sc_call&quot;:true,&quot;meta_items_default&quot;:true}}\" data-is-mixed=\"1\">\n\n\t\t\t\t\t\t\t\t\n\t\t\t\t\t\t\t\n\t\t\t\t<div class=\"block-head block-head-c is-left\">\n\n\t\t\t\t\t<h4 class=\"heading\"><a href=\"https:\/\/elcardinal.com\/?cat=38\"><span class=\"color\">SEG<\/span>URIDAD<\/a><\/h4>\t\t\t\t\t\n\t\t\t\t\t\t\t\t\t<\/div>\n\t\t\t\t\n\t\t\t\n\t\t\t\n\t\t\t<div class=\"block-content\">\n\t\t\t\t\t\n\t<div class=\"grid cols-not-eq loops-mixed grid-2 md:grid-2 sm:grid-1\">\n\n\t\t\t\n\t<div class=\"loop loop-grid loop-grid-base grid grid-1 md:grid-1 xs:grid-1\">\n\n\t\t\t\t\t\n<article class=\"l-post grid-post grid-base-post\">\n\n\t\n\t\t\t<div class=\"media\">\n\n\t\t\n\t\t\t<a href=\"https:\/\/elcardinal.com\/?p=5716\" class=\"image-link media-ratio ratio-16-9\" title=\"VIDEO | Indignaci\u00f3n en Pachuca asaltan y hieren a Don Demetrio, adulto mayor de m\u00e1s de 80 a\u00f1os\"><img loading=\"lazy\" decoding=\"async\" width=\"377\" height=\"212\" src=\"https:\/\/elcardinal.com\/wp-content\/uploads\/2026\/03\/Picsart_26-03-31_23-35-10-827-450x258.jpg\" class=\"attachment-bunyad-medium size-bunyad-medium wp-post-image\" alt=\"\" sizes=\"(max-width: 377px) 100vw, 377px\" title=\"VIDEO | Indignaci\u00f3n en Pachuca asaltan y hieren a Don Demetrio, adulto mayor de m\u00e1s de 80 a\u00f1os\" srcset=\"https:\/\/elcardinal.com\/wp-content\/uploads\/2026\/03\/Picsart_26-03-31_23-35-10-827-450x258.jpg 450w, https:\/\/elcardinal.com\/wp-content\/uploads\/2026\/03\/Picsart_26-03-31_23-35-10-827-300x172.jpg 300w, https:\/\/elcardinal.com\/wp-content\/uploads\/2026\/03\/Picsart_26-03-31_23-35-10-827-1024x588.jpg 1024w, https:\/\/elcardinal.com\/wp-content\/uploads\/2026\/03\/Picsart_26-03-31_23-35-10-827-768x441.jpg 768w, https:\/\/elcardinal.com\/wp-content\/uploads\/2026\/03\/Picsart_26-03-31_23-35-10-827-1536x882.jpg 1536w, https:\/\/elcardinal.com\/wp-content\/uploads\/2026\/03\/Picsart_26-03-31_23-35-10-827-2048x1176.jpg 2048w, https:\/\/elcardinal.com\/wp-content\/uploads\/2026\/03\/Picsart_26-03-31_23-35-10-827-150x86.jpg 150w, https:\/\/elcardinal.com\/wp-content\/uploads\/2026\/03\/Picsart_26-03-31_23-35-10-827-1200x689.jpg 1200w\" \/><\/a>\t\t\t\n\t\t\t\n\t\t\t\n\t\t\t\t\t\t\t\n\t\t\t\t<span class=\"cat-labels cat-labels-overlay c-overlay p-bot-left\">\n\t\t\t\t<a href=\"https:\/\/elcardinal.com\/?cat=31\" class=\"category term-color-31\" rel=\"category\" tabindex=\"-1\">Hidalgo<\/a>\n\t\t\t<\/span>\n\t\t\t\t\t\t\n\t\t\t\n\t\t\n\t\t<\/div>\n\t\n\n\t\n\t\t<div class=\"content\">\n\n\t\t\t<div class=\"post-meta post-meta-a has-below\"><h2 class=\"is-title post-title\"><a href=\"https:\/\/elcardinal.com\/?p=5716\">VIDEO | Indignaci\u00f3n en Pachuca asaltan y hieren a Don Demetrio, adulto mayor de m\u00e1s de 80 a\u00f1os<\/a><\/h2><div class=\"post-meta-items meta-below\"><span class=\"meta-item post-author\"><span class=\"by\">By<\/span> <a href=\"https:\/\/elcardinal.com\/?author=3\" title=\"Entradas de El Cardinalito\" rel=\"author\">El Cardinalito<\/a><\/span><span class=\"meta-item has-next-icon date\"><span class=\"date-link\"><time class=\"post-date\" datetime=\"2026-03-31T23:41:38-06:00\">31 marzo, 2026<\/time><\/span><\/span><span class=\"meta-item comments has-icon\"><a href=\"https:\/\/elcardinal.com\/?p=5716#respond\"><i class=\"tsi tsi-comment-o\"><\/i>0<\/a><\/span><\/div><\/div>\t\t\t\n\t\t\t\t\t\t\n\t\t\t\t<div class=\"excerpt\">\n\t\t\t\t\t<p>By El Cardinalito Un hecho que ha causado molestia entre vecinos se registr\u00f3 frente a&hellip;<\/p>\n\t\t\t\t<\/div>\n\t\t\t\n\t\t\t\n\t\t\t\n\t\t<\/div>\n\n\t\n<\/article>\t\t\n\t<\/div>\n\n\t\t\n\n\t\t\n\t<div class=\"loop loop-small loop-small-a loop-sep loop-small-sep grid grid-1 md:grid-1 sm:grid-1 xs:grid-1\">\n\n\t\t\t\t\t\n<article class=\"l-post small-post small-a-post m-pos-left\">\n\n\t\n\t\t\t<div class=\"media\">\n\n\t\t\n\t\t\t<a href=\"https:\/\/elcardinal.com\/?p=5699\" class=\"image-link media-ratio ar-bunyad-thumb\" title=\"Gabinete de Seguridad detiene a 40 personas durante operativos permanentes\"><img loading=\"lazy\" decoding=\"async\" width=\"110\" height=\"76\" src=\"https:\/\/elcardinal.com\/wp-content\/uploads\/2026\/03\/300326_Gobernador_Reunion-de-Gabinete-1-300x169.jpg\" class=\"attachment-medium size-medium wp-post-image\" alt=\"\" sizes=\"(max-width: 110px) 100vw, 110px\" title=\"Gabinete de Seguridad detiene a 40 personas durante operativos permanentes\" srcset=\"https:\/\/elcardinal.com\/wp-content\/uploads\/2026\/03\/300326_Gobernador_Reunion-de-Gabinete-1-300x169.jpg 300w, https:\/\/elcardinal.com\/wp-content\/uploads\/2026\/03\/300326_Gobernador_Reunion-de-Gabinete-1-1024x576.jpg 1024w, https:\/\/elcardinal.com\/wp-content\/uploads\/2026\/03\/300326_Gobernador_Reunion-de-Gabinete-1-768x432.jpg 768w, https:\/\/elcardinal.com\/wp-content\/uploads\/2026\/03\/300326_Gobernador_Reunion-de-Gabinete-1-1536x864.jpg 1536w, https:\/\/elcardinal.com\/wp-content\/uploads\/2026\/03\/300326_Gobernador_Reunion-de-Gabinete-1-2048x1152.jpg 2048w, https:\/\/elcardinal.com\/wp-content\/uploads\/2026\/03\/300326_Gobernador_Reunion-de-Gabinete-1-150x84.jpg 150w, https:\/\/elcardinal.com\/wp-content\/uploads\/2026\/03\/300326_Gobernador_Reunion-de-Gabinete-1-450x253.jpg 450w, https:\/\/elcardinal.com\/wp-content\/uploads\/2026\/03\/300326_Gobernador_Reunion-de-Gabinete-1-1200x675.jpg 1200w\" \/><\/a>\t\t\t\n\t\t\t\n\t\t\t\n\t\t\t\n\t\t\n\t\t<\/div>\n\t\n\n\t\n\t\t<div class=\"content\">\n\n\t\t\t<div class=\"post-meta post-meta-a post-meta-left has-below\"><h4 class=\"is-title post-title\"><a href=\"https:\/\/elcardinal.com\/?p=5699\">Gabinete de Seguridad detiene a 40 personas durante operativos permanentes<\/a><\/h4><div class=\"post-meta-items meta-below\"><span class=\"meta-item date\"><span class=\"date-link\"><time class=\"post-date\" datetime=\"2026-03-30T19:53:36-06:00\">30 marzo, 2026<\/time><\/span><\/span><\/div><\/div>\t\t\t\n\t\t\t\n\t\t\t\n\t\t<\/div>\n\n\t\n<\/article>\t\n\t\t\t\t\t\n<article class=\"l-post small-post small-a-post m-pos-left\">\n\n\t\n\t\t\t<div class=\"media\">\n\n\t\t\n\t\t\t<a href=\"https:\/\/elcardinal.com\/?p=5684\" class=\"image-link media-ratio ar-bunyad-thumb\" title=\"Indignaci\u00f3n en Pachuca: sujeto realiza actos lascivos cerca de gym y luego frente a mujer; autoridades ya investigan\"><img loading=\"lazy\" decoding=\"async\" width=\"110\" height=\"76\" src=\"https:\/\/elcardinal.com\/wp-content\/uploads\/2026\/03\/WhatsApp-Image-2026-03-26-at-9.32.23-PM-300x200.jpeg\" class=\"attachment-medium size-medium wp-post-image\" alt=\"Imagen ilustrativa creada con IA\" sizes=\"(max-width: 110px) 100vw, 110px\" title=\"Indignaci\u00f3n en Pachuca: sujeto realiza actos lascivos cerca de gym y luego frente a mujer; autoridades ya investigan\" srcset=\"https:\/\/elcardinal.com\/wp-content\/uploads\/2026\/03\/WhatsApp-Image-2026-03-26-at-9.32.23-PM-300x200.jpeg 300w, https:\/\/elcardinal.com\/wp-content\/uploads\/2026\/03\/WhatsApp-Image-2026-03-26-at-9.32.23-PM-1024x683.jpeg 1024w, https:\/\/elcardinal.com\/wp-content\/uploads\/2026\/03\/WhatsApp-Image-2026-03-26-at-9.32.23-PM-768x512.jpeg 768w, https:\/\/elcardinal.com\/wp-content\/uploads\/2026\/03\/WhatsApp-Image-2026-03-26-at-9.32.23-PM-1536x1024.jpeg 1536w, https:\/\/elcardinal.com\/wp-content\/uploads\/2026\/03\/WhatsApp-Image-2026-03-26-at-9.32.23-PM-150x100.jpeg 150w, https:\/\/elcardinal.com\/wp-content\/uploads\/2026\/03\/WhatsApp-Image-2026-03-26-at-9.32.23-PM-450x300.jpeg 450w, https:\/\/elcardinal.com\/wp-content\/uploads\/2026\/03\/WhatsApp-Image-2026-03-26-at-9.32.23-PM-1200x800.jpeg 1200w, https:\/\/elcardinal.com\/wp-content\/uploads\/2026\/03\/WhatsApp-Image-2026-03-26-at-9.32.23-PM.jpeg 1599w\" \/><\/a>\t\t\t\n\t\t\t\n\t\t\t\n\t\t\t\n\t\t\n\t\t<\/div>\n\t\n\n\t\n\t\t<div class=\"content\">\n\n\t\t\t<div class=\"post-meta post-meta-a post-meta-left has-below\"><h4 class=\"is-title post-title\"><a href=\"https:\/\/elcardinal.com\/?p=5684\">Indignaci\u00f3n en Pachuca: sujeto realiza actos lascivos cerca de gym y luego frente a mujer; autoridades ya investigan<\/a><\/h4><div class=\"post-meta-items meta-below\"><span class=\"meta-item date\"><span class=\"date-link\"><time class=\"post-date\" datetime=\"2026-03-26T21:36:52-06:00\">26 marzo, 2026<\/time><\/span><\/span><\/div><\/div>\t\t\t\n\t\t\t\n\t\t\t\n\t\t<\/div>\n\n\t\n<\/article>\t\n\t\t\t\t\t\n<article class=\"l-post small-post small-a-post m-pos-left\">\n\n\t\n\t\t\t<div class=\"media\">\n\n\t\t\n\t\t\t<a href=\"https:\/\/elcardinal.com\/?p=5559\" class=\"image-link media-ratio ar-bunyad-thumb\" title=\"Blindaje por el 8M: colocar\u00e1 vallas para proteger el Palacio de Gobierno y el Reloj de Pachuca\"><img loading=\"lazy\" decoding=\"async\" width=\"110\" height=\"76\" src=\"https:\/\/elcardinal.com\/wp-content\/uploads\/2026\/03\/FB_IMG_1772574517083-300x200.jpg\" class=\"attachment-medium size-medium wp-post-image\" alt=\"\" sizes=\"(max-width: 110px) 100vw, 110px\" title=\"Blindaje por el 8M: colocar\u00e1 vallas para proteger el Palacio de Gobierno y el Reloj de Pachuca\" srcset=\"https:\/\/elcardinal.com\/wp-content\/uploads\/2026\/03\/FB_IMG_1772574517083-300x200.jpg 300w, https:\/\/elcardinal.com\/wp-content\/uploads\/2026\/03\/FB_IMG_1772574517083-1024x683.jpg 1024w, https:\/\/elcardinal.com\/wp-content\/uploads\/2026\/03\/FB_IMG_1772574517083-768x512.jpg 768w, https:\/\/elcardinal.com\/wp-content\/uploads\/2026\/03\/FB_IMG_1772574517083-150x100.jpg 150w, https:\/\/elcardinal.com\/wp-content\/uploads\/2026\/03\/FB_IMG_1772574517083-450x300.jpg 450w, https:\/\/elcardinal.com\/wp-content\/uploads\/2026\/03\/FB_IMG_1772574517083.jpg 1080w\" \/><\/a>\t\t\t\n\t\t\t\n\t\t\t\n\t\t\t\n\t\t\n\t\t<\/div>\n\t\n\n\t\n\t\t<div class=\"content\">\n\n\t\t\t<div class=\"post-meta post-meta-a post-meta-left has-below\"><h4 class=\"is-title post-title\"><a href=\"https:\/\/elcardinal.com\/?p=5559\">Blindaje por el 8M: colocar\u00e1 vallas para proteger el Palacio de Gobierno y el Reloj de Pachuca<\/a><\/h4><div class=\"post-meta-items meta-below\"><span class=\"meta-item date\"><span class=\"date-link\"><time class=\"post-date\" datetime=\"2026-03-03T15:53:06-06:00\">3 marzo, 2026<\/time><\/span><\/span><\/div><\/div>\t\t\t\n\t\t\t\n\t\t\t\n\t\t<\/div>\n\n\t\n<\/article>\t\n\t\t\t\t\t\n<article class=\"l-post small-post small-a-post m-pos-left\">\n\n\t\n\t\t\t<div class=\"media\">\n\n\t\t\n\t\t\t<a href=\"https:\/\/elcardinal.com\/?p=5463\" class=\"image-link media-ratio ar-bunyad-thumb\" title=\"Conferencia por la Paz en Tizayuca: enero cierra con avances en seguridad, prevenci\u00f3n y atenci\u00f3n a emergencias\"><img loading=\"lazy\" decoding=\"async\" width=\"110\" height=\"76\" src=\"https:\/\/elcardinal.com\/wp-content\/uploads\/2026\/02\/Screenshot_1-300x169.jpg\" class=\"attachment-medium size-medium wp-post-image\" alt=\"\" sizes=\"(max-width: 110px) 100vw, 110px\" title=\"Conferencia por la Paz en Tizayuca: enero cierra con avances en seguridad, prevenci\u00f3n y atenci\u00f3n a emergencias\" srcset=\"https:\/\/elcardinal.com\/wp-content\/uploads\/2026\/02\/Screenshot_1-300x169.jpg 300w, https:\/\/elcardinal.com\/wp-content\/uploads\/2026\/02\/Screenshot_1-1024x576.jpg 1024w, https:\/\/elcardinal.com\/wp-content\/uploads\/2026\/02\/Screenshot_1-768x432.jpg 768w, https:\/\/elcardinal.com\/wp-content\/uploads\/2026\/02\/Screenshot_1-1536x864.jpg 1536w, https:\/\/elcardinal.com\/wp-content\/uploads\/2026\/02\/Screenshot_1-150x84.jpg 150w, https:\/\/elcardinal.com\/wp-content\/uploads\/2026\/02\/Screenshot_1-450x253.jpg 450w, https:\/\/elcardinal.com\/wp-content\/uploads\/2026\/02\/Screenshot_1-1200x675.jpg 1200w, https:\/\/elcardinal.com\/wp-content\/uploads\/2026\/02\/Screenshot_1.jpg 1565w\" \/><\/a>\t\t\t\n\t\t\t\n\t\t\t\n\t\t\t\n\t\t\n\t\t<\/div>\n\t\n\n\t\n\t\t<div class=\"content\">\n\n\t\t\t<div class=\"post-meta post-meta-a post-meta-left has-below\"><h4 class=\"is-title post-title\"><a href=\"https:\/\/elcardinal.com\/?p=5463\">Conferencia por la Paz en Tizayuca: enero cierra con avances en seguridad, prevenci\u00f3n y atenci\u00f3n a emergencias<\/a><\/h4><div class=\"post-meta-items meta-below\"><span class=\"meta-item date\"><span class=\"date-link\"><time class=\"post-date\" datetime=\"2026-02-03T23:10:56-06:00\">3 febrero, 2026<\/time><\/span><\/span><\/div><\/div>\t\t\t\n\t\t\t\n\t\t\t\n\t\t<\/div>\n\n\t\n<\/article>\t\n\t\t\n\t<\/div>\n\n\t\t\t<\/div>\n\t\n\t\t\t\t<\/div>\n\n\t\t<\/section>\n\t\t\t\t\t\t<\/div>\n\t\t\t\t<\/div>\n\t\t\t\t<div class=\"elementor-element elementor-element-cb5b744 elementor-widget elementor-widget-smartmag-focusgrid\" data-id=\"cb5b744\" data-element_type=\"widget\" data-widget_type=\"smartmag-focusgrid.default\">\n\t\t\t\t<div class=\"elementor-widget-container\">\n\t\t\t\t\t\t\t<section class=\"block-wrap block-focus-grid block-sc cols-gap-sm mb-none\" data-id=\"12\" data-is-mixed=\"1\">\n\n\t\t\t\t\t\t\t\t\n\t\t\t\t\t\t\t\n\t\t\t\t<div class=\"block-head block-head-ac block-head-c is-left\">\n\n\t\t\t\t\t<h4 class=\"heading\"><a href=\"https:\/\/elcardinal.com\/?cat=40\"><span class=\"color\">M\u00c9X<\/span>ICO<\/a><\/h4>\t\t\t\t\t\n\t\t\t\t\t\t\t\t\t<\/div>\n\t\t\t\t\n\t\t\t\n\t\t\t\n\t\t\t<div class=\"block-content\">\n\t\t\t\t\t\n\t<div class=\"grid grid-2 sm:grid-1 cols-not-eq loops-mixed\">\n\n\t\t\t\n\t<div class=\"loop loop-grid loop-grid-base grid grid-1 md:grid-1 xs:grid-1\">\n\n\t\t\t\t\t\n<article class=\"l-post grid-post grid-base-post\">\n\n\t\n\t\t\t<div class=\"media\">\n\n\t\t\n\t\t\t<a href=\"https:\/\/elcardinal.com\/?p=5702\" class=\"image-link media-ratio ratio-16-9\" title=\"ObsidianaMX cubrir\u00e1 el hist\u00f3rico lanzamiento de Artemis II rumbo a la Luna\"><img loading=\"lazy\" decoding=\"async\" width=\"803\" height=\"451\" src=\"https:\/\/elcardinal.com\/wp-content\/uploads\/2026\/03\/Screenshot_2026-03-31-13-33-53-220_com.google.android.apps_.docs-edit-912x1024.jpg\" class=\"attachment-large size-large wp-post-image\" alt=\"\" sizes=\"(max-width: 803px) 100vw, 803px\" title=\"ObsidianaMX cubrir\u00e1 el hist\u00f3rico lanzamiento de Artemis II rumbo a la Luna\" srcset=\"https:\/\/elcardinal.com\/wp-content\/uploads\/2026\/03\/Screenshot_2026-03-31-13-33-53-220_com.google.android.apps_.docs-edit-912x1024.jpg 912w, https:\/\/elcardinal.com\/wp-content\/uploads\/2026\/03\/Screenshot_2026-03-31-13-33-53-220_com.google.android.apps_.docs-edit-768x862.jpg 768w, https:\/\/elcardinal.com\/wp-content\/uploads\/2026\/03\/Screenshot_2026-03-31-13-33-53-220_com.google.android.apps_.docs-edit-450x505.jpg 450w, https:\/\/elcardinal.com\/wp-content\/uploads\/2026\/03\/Screenshot_2026-03-31-13-33-53-220_com.google.android.apps_.docs-edit-1200x1347.jpg 1200w, https:\/\/elcardinal.com\/wp-content\/uploads\/2026\/03\/Screenshot_2026-03-31-13-33-53-220_com.google.android.apps_.docs-edit.jpg 1280w\" \/><\/a>\t\t\t\n\t\t\t\n\t\t\t\n\t\t\t\t\t\t\t\n\t\t\t\t<span class=\"cat-labels cat-labels-overlay c-overlay p-bot-left\">\n\t\t\t\t<a href=\"https:\/\/elcardinal.com\/?cat=31\" class=\"category term-color-31\" rel=\"category\" tabindex=\"-1\">Hidalgo<\/a>\n\t\t\t<\/span>\n\t\t\t\t\t\t\n\t\t\t\n\t\t\n\t\t<\/div>\n\t\n\n\t\n\t\t<div class=\"content\">\n\n\t\t\t<div class=\"post-meta post-meta-a has-below\"><h2 class=\"is-title post-title limit-lines l-lines-3\"><a href=\"https:\/\/elcardinal.com\/?p=5702\">ObsidianaMX cubrir\u00e1 el hist\u00f3rico lanzamiento de Artemis II rumbo a la Luna<\/a><\/h2><div class=\"post-meta-items meta-below\"><span class=\"meta-item post-author\"><span class=\"by\">By<\/span> <a href=\"https:\/\/elcardinal.com\/?author=2\" title=\"Entradas de Antonio Alcaraz\" rel=\"author\">Antonio Alcaraz<\/a><\/span><span class=\"meta-item has-next-icon date\"><span class=\"date-link\"><time class=\"post-date\" datetime=\"2026-03-31T13:39:54-06:00\">31 marzo, 2026<\/time><\/span><\/span><span class=\"meta-item comments has-icon\"><a href=\"https:\/\/elcardinal.com\/?p=5702#respond\"><i class=\"tsi tsi-comment-o\"><\/i>0<\/a><\/span><\/div><\/div>\t\t\t\n\t\t\t\t\t\t\n\t\t\t\t<div class=\"excerpt\">\n\t\t\t\t\t<p>By El Cardinalito La cuenta regresiva para uno de los momentos m\u00e1s importantes de la exploraci\u00f3n espacial ya comenz\u00f3, y&hellip;<\/p>\n\t\t\t\t<\/div>\n\t\t\t\n\t\t\t\n\t\t\t\n\t\t<\/div>\n\n\t\n<\/article>\t\t\n\t<\/div>\n\n\t\t\n\t\n\t<div class=\"loop loop-grid loop-grid-sm grid grid-2 md:grid-2 sm:grid-2\">\n\n\t\t\t\t\t\n<article class=\"l-post grid-post grid-sm-post\">\n\n\t\n\t\t\t<div class=\"media\">\n\n\t\t\n\t\t\t<a href=\"https:\/\/elcardinal.com\/?p=5529\" class=\"image-link media-ratio ratio-16-9\" title=\"Hidalgo va con 540 deportistas a la XXII Espartaqueada Nacional en Tecomatl\u00e1n\u00a0\"><img loading=\"lazy\" decoding=\"async\" width=\"377\" height=\"212\" src=\"https:\/\/elcardinal.com\/wp-content\/uploads\/2026\/02\/MVIMG_20260225_100553-450x338.jpg\" class=\"attachment-bunyad-medium size-bunyad-medium wp-post-image\" alt=\"\" sizes=\"(max-width: 377px) 100vw, 377px\" title=\"Hidalgo va con 540 deportistas a la XXII Espartaqueada Nacional en Tecomatl\u00e1n\u00a0\" srcset=\"https:\/\/elcardinal.com\/wp-content\/uploads\/2026\/02\/MVIMG_20260225_100553-450x338.jpg 450w, https:\/\/elcardinal.com\/wp-content\/uploads\/2026\/02\/MVIMG_20260225_100553-300x225.jpg 300w, https:\/\/elcardinal.com\/wp-content\/uploads\/2026\/02\/MVIMG_20260225_100553-1024x768.jpg 1024w, https:\/\/elcardinal.com\/wp-content\/uploads\/2026\/02\/MVIMG_20260225_100553-768x576.jpg 768w, https:\/\/elcardinal.com\/wp-content\/uploads\/2026\/02\/MVIMG_20260225_100553-1536x1152.jpg 1536w, https:\/\/elcardinal.com\/wp-content\/uploads\/2026\/02\/MVIMG_20260225_100553-2048x1536.jpg 2048w, https:\/\/elcardinal.com\/wp-content\/uploads\/2026\/02\/MVIMG_20260225_100553-1200x900.jpg 1200w\" \/><\/a>\t\t\t\n\t\t\t\n\t\t\t\n\t\t\t\n\t\t\n\t\t<\/div>\n\t\n\n\t\n\t\t<div class=\"content\">\n\n\t\t\t<div class=\"post-meta post-meta-a has-below\"><h2 class=\"is-title post-title limit-lines l-lines-3\"><a href=\"https:\/\/elcardinal.com\/?p=5529\">Hidalgo va con 540 deportistas a la XXII Espartaqueada Nacional en Tecomatl\u00e1n\u00a0<\/a><\/h2><div class=\"post-meta-items meta-below\"><span class=\"meta-item date\"><span class=\"date-link\"><time class=\"post-date\" datetime=\"2026-02-25T11:46:01-06:00\">25 febrero, 2026<\/time><\/span><\/span><\/div><\/div>\t\t\t\n\t\t\t\n\t\t\t\n\t\t<\/div>\n\n\t\n<\/article>\t\t\t\t\t\n<article class=\"l-post grid-post grid-sm-post\">\n\n\t\n\t\t\t<div class=\"media\">\n\n\t\t\n\t\t\t<a href=\"https:\/\/elcardinal.com\/?p=5523\" class=\"image-link media-ratio ratio-16-9\" title=\"Identificar a los verdaderos medios, el reto de la nueva comunicaci\u00f3n social en Hidalgo: JMS\"><img loading=\"lazy\" decoding=\"async\" width=\"377\" height=\"212\" src=\"https:\/\/elcardinal.com\/wp-content\/uploads\/2026\/02\/604506612_1404409164387659_7155808359614014744_n-450x300.jpg\" class=\"attachment-bunyad-medium size-bunyad-medium wp-post-image\" alt=\"\" sizes=\"(max-width: 377px) 100vw, 377px\" title=\"Identificar a los verdaderos medios, el reto de la nueva comunicaci\u00f3n social en Hidalgo: JMS\" srcset=\"https:\/\/elcardinal.com\/wp-content\/uploads\/2026\/02\/604506612_1404409164387659_7155808359614014744_n-450x300.jpg 450w, https:\/\/elcardinal.com\/wp-content\/uploads\/2026\/02\/604506612_1404409164387659_7155808359614014744_n-1024x683.jpg 1024w, https:\/\/elcardinal.com\/wp-content\/uploads\/2026\/02\/604506612_1404409164387659_7155808359614014744_n-768x512.jpg 768w, https:\/\/elcardinal.com\/wp-content\/uploads\/2026\/02\/604506612_1404409164387659_7155808359614014744_n-1536x1024.jpg 1536w, https:\/\/elcardinal.com\/wp-content\/uploads\/2026\/02\/604506612_1404409164387659_7155808359614014744_n-1200x800.jpg 1200w, https:\/\/elcardinal.com\/wp-content\/uploads\/2026\/02\/604506612_1404409164387659_7155808359614014744_n.jpg 2048w\" \/><\/a>\t\t\t\n\t\t\t\n\t\t\t\n\t\t\t\n\t\t\n\t\t<\/div>\n\t\n\n\t\n\t\t<div class=\"content\">\n\n\t\t\t<div class=\"post-meta post-meta-a has-below\"><h2 class=\"is-title post-title limit-lines l-lines-3\"><a href=\"https:\/\/elcardinal.com\/?p=5523\">Identificar a los verdaderos medios, el reto de la nueva comunicaci\u00f3n social en Hidalgo: JMS<\/a><\/h2><div class=\"post-meta-items meta-below\"><span class=\"meta-item date\"><span class=\"date-link\"><time class=\"post-date\" datetime=\"2026-02-24T22:26:44-06:00\">24 febrero, 2026<\/time><\/span><\/span><\/div><\/div>\t\t\t\n\t\t\t\n\t\t\t\n\t\t<\/div>\n\n\t\n<\/article>\t\t\t\t\t\n<article class=\"l-post grid-post grid-sm-post\">\n\n\t\n\t\t\t<div class=\"media\">\n\n\t\t\n\t\t\t<a href=\"https:\/\/elcardinal.com\/?p=5520\" class=\"image-link media-ratio ratio-16-9\" title=\"Julio Menchaca inaugura Semana del Periodismo M\u00e9xico 2026\"><img loading=\"lazy\" decoding=\"async\" width=\"377\" height=\"212\" src=\"https:\/\/elcardinal.com\/wp-content\/uploads\/2026\/02\/24_02_26_GOBERNADOR_SEMANA-DEL-PERIODISMO_SALA-ABUNDIO-MARTINEZ-ESCUELA-DE-ARTES-PACHUCA-1-10-450x300.jpg\" class=\"attachment-bunyad-medium size-bunyad-medium wp-post-image\" alt=\"\" sizes=\"(max-width: 377px) 100vw, 377px\" title=\"Julio Menchaca inaugura Semana del Periodismo M\u00e9xico 2026\" srcset=\"https:\/\/elcardinal.com\/wp-content\/uploads\/2026\/02\/24_02_26_GOBERNADOR_SEMANA-DEL-PERIODISMO_SALA-ABUNDIO-MARTINEZ-ESCUELA-DE-ARTES-PACHUCA-1-10-450x300.jpg 450w, https:\/\/elcardinal.com\/wp-content\/uploads\/2026\/02\/24_02_26_GOBERNADOR_SEMANA-DEL-PERIODISMO_SALA-ABUNDIO-MARTINEZ-ESCUELA-DE-ARTES-PACHUCA-1-10-1024x683.jpg 1024w, https:\/\/elcardinal.com\/wp-content\/uploads\/2026\/02\/24_02_26_GOBERNADOR_SEMANA-DEL-PERIODISMO_SALA-ABUNDIO-MARTINEZ-ESCUELA-DE-ARTES-PACHUCA-1-10-768x512.jpg 768w, https:\/\/elcardinal.com\/wp-content\/uploads\/2026\/02\/24_02_26_GOBERNADOR_SEMANA-DEL-PERIODISMO_SALA-ABUNDIO-MARTINEZ-ESCUELA-DE-ARTES-PACHUCA-1-10-1536x1024.jpg 1536w, https:\/\/elcardinal.com\/wp-content\/uploads\/2026\/02\/24_02_26_GOBERNADOR_SEMANA-DEL-PERIODISMO_SALA-ABUNDIO-MARTINEZ-ESCUELA-DE-ARTES-PACHUCA-1-10-2048x1365.jpg 2048w, https:\/\/elcardinal.com\/wp-content\/uploads\/2026\/02\/24_02_26_GOBERNADOR_SEMANA-DEL-PERIODISMO_SALA-ABUNDIO-MARTINEZ-ESCUELA-DE-ARTES-PACHUCA-1-10-1200x800.jpg 1200w\" \/><\/a>\t\t\t\n\t\t\t\n\t\t\t\n\t\t\t\n\t\t\n\t\t<\/div>\n\t\n\n\t\n\t\t<div class=\"content\">\n\n\t\t\t<div class=\"post-meta post-meta-a has-below\"><h2 class=\"is-title post-title limit-lines l-lines-3\"><a href=\"https:\/\/elcardinal.com\/?p=5520\">Julio Menchaca inaugura Semana del Periodismo M\u00e9xico 2026<\/a><\/h2><div class=\"post-meta-items meta-below\"><span class=\"meta-item date\"><span class=\"date-link\"><time class=\"post-date\" datetime=\"2026-02-24T21:49:53-06:00\">24 febrero, 2026<\/time><\/span><\/span><\/div><\/div>\t\t\t\n\t\t\t\n\t\t\t\n\t\t<\/div>\n\n\t\n<\/article>\t\t\t\t\t\n<article class=\"l-post grid-post grid-sm-post\">\n\n\t\n\t\t\t<div class=\"media\">\n\n\t\t\n\t\t\t<a href=\"https:\/\/elcardinal.com\/?p=5399\" class=\"image-link media-ratio ratio-16-9\" title=\"Movimiento Antorchista advierte: acciones de Estados Unidos ponen en riesgo a Latinoam\u00e9rica\"><img loading=\"lazy\" decoding=\"async\" width=\"377\" height=\"212\" src=\"https:\/\/elcardinal.com\/wp-content\/uploads\/2026\/01\/WhatsApp-Image-2026-01-08-at-3.34.10-PM-450x600.jpeg\" class=\"attachment-bunyad-medium size-bunyad-medium wp-post-image\" alt=\"\" sizes=\"(max-width: 377px) 100vw, 377px\" title=\"Movimiento Antorchista advierte: acciones de Estados Unidos ponen en riesgo a Latinoam\u00e9rica\" srcset=\"https:\/\/elcardinal.com\/wp-content\/uploads\/2026\/01\/WhatsApp-Image-2026-01-08-at-3.34.10-PM-450x600.jpeg 450w, https:\/\/elcardinal.com\/wp-content\/uploads\/2026\/01\/WhatsApp-Image-2026-01-08-at-3.34.10-PM-225x300.jpeg 225w, https:\/\/elcardinal.com\/wp-content\/uploads\/2026\/01\/WhatsApp-Image-2026-01-08-at-3.34.10-PM-768x1024.jpeg 768w, https:\/\/elcardinal.com\/wp-content\/uploads\/2026\/01\/WhatsApp-Image-2026-01-08-at-3.34.10-PM-1152x1536.jpeg 1152w, https:\/\/elcardinal.com\/wp-content\/uploads\/2026\/01\/WhatsApp-Image-2026-01-08-at-3.34.10-PM.jpeg 1200w\" \/><\/a>\t\t\t\n\t\t\t\n\t\t\t\n\t\t\t\n\t\t\n\t\t<\/div>\n\t\n\n\t\n\t\t<div class=\"content\">\n\n\t\t\t<div class=\"post-meta post-meta-a has-below\"><h2 class=\"is-title post-title limit-lines l-lines-3\"><a href=\"https:\/\/elcardinal.com\/?p=5399\">Movimiento Antorchista advierte: acciones de Estados Unidos ponen en riesgo a Latinoam\u00e9rica<\/a><\/h2><div class=\"post-meta-items meta-below\"><span class=\"meta-item date\"><span class=\"date-link\"><time class=\"post-date\" datetime=\"2026-01-08T15:35:01-06:00\">8 enero, 2026<\/time><\/span><\/span><\/div><\/div>\t\t\t\n\t\t\t\n\t\t\t\n\t\t<\/div>\n\n\t\n<\/article>\t\t\n\t<\/div>\n\n\t\t\n\t<\/div>\n\n\t\t\t\t<\/div>\n\n\t\t<\/section>\n\t\t\t\t\t\t<\/div>\n\t\t\t\t<\/div>\n\t\t\t\t<div class=\"elementor-element elementor-element-948c15c elementor-post-navigation-borders-yes elementor-widget elementor-widget-post-navigation\" data-id=\"948c15c\" data-element_type=\"widget\" data-widget_type=\"post-navigation.default\">\n\t\t\t\t<div class=\"elementor-widget-container\">\n\t\t\t\t\t\t\t<div class=\"elementor-post-navigation\">\n\t\t\t<div class=\"elementor-post-navigation__prev elementor-post-navigation__link\">\n\t\t\t\t<a href=\"https:\/\/elcardinal.com\/?p=5396\" rel=\"prev\"><span class=\"post-navigation__arrow-wrapper post-navigation__arrow-prev\"><i class=\"fa fa-angle-left\" aria-hidden=\"true\"><\/i><span class=\"elementor-screen-only\">Prev<\/span><\/span><span class=\"elementor-post-navigation__link__prev\"><span class=\"post-navigation__prev--label\">ANTERIOR<\/span><span class=\"post-navigation__prev--title\">&#8220;Turbo-pri\u00edstas al rescate&#8221;: el PRI apuesta por lealtad total rumbo a 2027\u00a0<\/span><\/span><\/a>\t\t\t<\/div>\n\t\t\t\t\t\t\t<div class=\"elementor-post-navigation__separator-wrapper\">\n\t\t\t\t\t<div class=\"elementor-post-navigation__separator\"><\/div>\n\t\t\t\t<\/div>\n\t\t\t\t\t\t<div class=\"elementor-post-navigation__next elementor-post-navigation__link\">\n\t\t\t\t<a href=\"https:\/\/elcardinal.com\/?p=5403\" rel=\"next\"><span class=\"elementor-post-navigation__link__next\"><span class=\"post-navigation__next--label\">SIGUIENTE<\/span><span class=\"post-navigation__next--title\">Oda a la tristeza<\/span><\/span><span class=\"post-navigation__arrow-wrapper post-navigation__arrow-next\"><i class=\"fa fa-angle-right\" aria-hidden=\"true\"><\/i><span class=\"elementor-screen-only\">Next<\/span><\/span><\/a>\t\t\t<\/div>\n\t\t<\/div>\n\t\t\t\t\t\t<\/div>\n\t\t\t\t<\/div>\n\t\t\t\t\t<\/div>\n\t\t<\/div>\n\t\t\t\t<div class=\"elementor-column elementor-col-33 elementor-top-column elementor-element elementor-element-6eab40f main-sidebar\" data-id=\"6eab40f\" data-element_type=\"column\">\n\t\t\t<div class=\"elementor-widget-wrap elementor-element-populated\">\n\t\t\t\t\t\t<div class=\"elementor-element elementor-element-e0ed0bd elementor-widget elementor-widget-smartmag-grid\" data-id=\"e0ed0bd\" data-element_type=\"widget\" data-widget_type=\"smartmag-grid.default\">\n\t\t\t\t<div class=\"elementor-widget-container\">\n\t\t\t\t\t\t\t<section class=\"block-wrap block-grid block-sc mb-none\" data-id=\"15\">\n\n\t\t\t\t\t\t\t\t\n\t\t\t\t\t\t\t\n\t\t\t\t<div class=\"block-head block-head-ac block-head-g is-left\">\n\n\t\t\t\t\t<h4 class=\"heading\"><a href=\"https:\/\/elcardinal.com\/?cat=35\">OPINI\u00d3N<\/a><\/h4>\t\t\t\t\t\n\t\t\t\t\t\t\t\t\t<\/div>\n\t\t\t\t\n\t\t\t\n\t\t\t\n\t\t\t<div class=\"block-content\">\n\t\t\t\t\t\n\t<div class=\"loop loop-grid loop-grid-base has-nums has-nums-a grid grid-1 md:grid-1 xs:grid-1\">\n\n\t\t\t\t\t\n<article class=\"l-post grid-post grid-base-post\">\n\n\t\n\t\t\t<div class=\"media\">\n\n\t\t\n\t\t\t<a href=\"https:\/\/elcardinal.com\/?p=5788\" class=\"image-link media-ratio ratio-16-9\" title=\"Congreso del Estado recibe la Cuenta P\u00fablica de Pachuca 2025\"><img loading=\"lazy\" decoding=\"async\" width=\"377\" height=\"212\" src=\"https:\/\/elcardinal.com\/wp-content\/uploads\/2026\/04\/28.04.2026-Comision-Inspectora-Entrega-Cuenta-Publica-Mpio.-Pachuca-62-450x402.jpg\" class=\"attachment-bunyad-medium size-bunyad-medium wp-post-image\" alt=\"\" sizes=\"(max-width: 377px) 100vw, 377px\" title=\"Congreso del Estado recibe la Cuenta P\u00fablica de Pachuca 2025\" srcset=\"https:\/\/elcardinal.com\/wp-content\/uploads\/2026\/04\/28.04.2026-Comision-Inspectora-Entrega-Cuenta-Publica-Mpio.-Pachuca-62-450x402.jpg 450w, https:\/\/elcardinal.com\/wp-content\/uploads\/2026\/04\/28.04.2026-Comision-Inspectora-Entrega-Cuenta-Publica-Mpio.-Pachuca-62-300x268.jpg 300w, https:\/\/elcardinal.com\/wp-content\/uploads\/2026\/04\/28.04.2026-Comision-Inspectora-Entrega-Cuenta-Publica-Mpio.-Pachuca-62-1024x915.jpg 1024w, https:\/\/elcardinal.com\/wp-content\/uploads\/2026\/04\/28.04.2026-Comision-Inspectora-Entrega-Cuenta-Publica-Mpio.-Pachuca-62-768x686.jpg 768w, https:\/\/elcardinal.com\/wp-content\/uploads\/2026\/04\/28.04.2026-Comision-Inspectora-Entrega-Cuenta-Publica-Mpio.-Pachuca-62-1536x1373.jpg 1536w, https:\/\/elcardinal.com\/wp-content\/uploads\/2026\/04\/28.04.2026-Comision-Inspectora-Entrega-Cuenta-Publica-Mpio.-Pachuca-62-1200x1072.jpg 1200w, https:\/\/elcardinal.com\/wp-content\/uploads\/2026\/04\/28.04.2026-Comision-Inspectora-Entrega-Cuenta-Publica-Mpio.-Pachuca-62.jpg 2014w\" \/><\/a>\t\t\t\n\t\t\t\n\t\t\t\n\t\t\t\t\t\t\t\n\t\t\t\t<span class=\"cat-labels cat-labels-overlay c-overlay p-bot-left\">\n\t\t\t\t<a href=\"https:\/\/elcardinal.com\/?cat=31\" class=\"category term-color-31\" rel=\"category\" tabindex=\"-1\">Hidalgo<\/a>\n\t\t\t<\/span>\n\t\t\t\t\t\t\n\t\t\t\n\t\t\n\t\t<\/div>\n\t\n\n\t\n\t\t<div class=\"content\">\n\n\t\t\t<div class=\"post-meta post-meta-a has-below\"><h2 class=\"is-title post-title\"><a href=\"https:\/\/elcardinal.com\/?p=5788\">Congreso del Estado recibe la Cuenta P\u00fablica de Pachuca 2025<\/a><\/h2><div class=\"post-meta-items meta-below\"><span class=\"meta-item post-author\"><span class=\"by\">By<\/span> <a href=\"https:\/\/elcardinal.com\/?author=2\" title=\"Entradas de Antonio Alcaraz\" rel=\"author\">Antonio Alcaraz<\/a><\/span><span class=\"meta-item has-next-icon date\"><span class=\"date-link\"><time class=\"post-date\" datetime=\"2026-04-28T17:13:47-06:00\">28 abril, 2026<\/time><\/span><\/span><span class=\"meta-item comments has-icon\"><a href=\"https:\/\/elcardinal.com\/?p=5788#respond\"><i class=\"tsi tsi-comment-o\"><\/i>0<\/a><\/span><\/div><\/div>\t\t\t\n\t\t\t\n\t\t\t\n\t\t<\/div>\n\n\t\n<\/article>\t\t\t\t\t\n<article class=\"l-post grid-post grid-base-post\">\n\n\t\n\t\t\t<div class=\"media\">\n\n\t\t\n\t\t\t<a href=\"https:\/\/elcardinal.com\/?p=5742\" class=\"image-link media-ratio ratio-16-9\" title=\"La especie fuera de lugar\"><img loading=\"lazy\" decoding=\"async\" width=\"377\" height=\"212\" src=\"https:\/\/elcardinal.com\/wp-content\/uploads\/2026\/04\/FB_IMG_1775236107813-450x377.jpg\" class=\"attachment-bunyad-medium size-bunyad-medium wp-post-image\" alt=\"\" sizes=\"(max-width: 377px) 100vw, 377px\" title=\"La especie fuera de lugar\" srcset=\"https:\/\/elcardinal.com\/wp-content\/uploads\/2026\/04\/FB_IMG_1775236107813-450x377.jpg 450w, https:\/\/elcardinal.com\/wp-content\/uploads\/2026\/04\/FB_IMG_1775236107813-300x252.jpg 300w, https:\/\/elcardinal.com\/wp-content\/uploads\/2026\/04\/FB_IMG_1775236107813-1024x858.jpg 1024w, https:\/\/elcardinal.com\/wp-content\/uploads\/2026\/04\/FB_IMG_1775236107813-768x644.jpg 768w, https:\/\/elcardinal.com\/wp-content\/uploads\/2026\/04\/FB_IMG_1775236107813.jpg 1126w\" \/><\/a>\t\t\t\n\t\t\t\n\t\t\t\n\t\t\t\t\t\t\t\n\t\t\t\t<span class=\"cat-labels cat-labels-overlay c-overlay p-bot-left\">\n\t\t\t\t<a href=\"https:\/\/elcardinal.com\/?cat=44\" class=\"category term-color-44\" rel=\"category\" tabindex=\"-1\">Minuto a Minuto<\/a>\n\t\t\t<\/span>\n\t\t\t\t\t\t\n\t\t\t\n\t\t\n\t\t<\/div>\n\t\n\n\t\n\t\t<div class=\"content\">\n\n\t\t\t<div class=\"post-meta post-meta-a has-below\"><h2 class=\"is-title post-title\"><a href=\"https:\/\/elcardinal.com\/?p=5742\">La especie fuera de lugar<\/a><\/h2><div class=\"post-meta-items meta-below\"><span class=\"meta-item post-author\"><span class=\"by\">By<\/span> <a href=\"https:\/\/elcardinal.com\/?author=2\" title=\"Entradas de Antonio Alcaraz\" rel=\"author\">Antonio Alcaraz<\/a><\/span><span class=\"meta-item has-next-icon date\"><span class=\"date-link\"><time class=\"post-date\" datetime=\"2026-04-12T12:43:15-06:00\">12 abril, 2026<\/time><\/span><\/span><span class=\"meta-item comments has-icon\"><a href=\"https:\/\/elcardinal.com\/?p=5742#respond\"><i class=\"tsi tsi-comment-o\"><\/i>0<\/a><\/span><\/div><\/div>\t\t\t\n\t\t\t\n\t\t\t\n\t\t<\/div>\n\n\t\n<\/article>\t\t\t\t\t\n<article class=\"l-post grid-post grid-base-post\">\n\n\t\n\t\t\t<div class=\"media\">\n\n\t\t\n\t\t\t<a href=\"https:\/\/elcardinal.com\/?p=5728\" class=\"image-link media-ratio ratio-16-9\" title=\"\u00a1Descon\u00e9ctate!\u00a0\"><img loading=\"lazy\" decoding=\"async\" width=\"377\" height=\"212\" src=\"https:\/\/elcardinal.com\/wp-content\/uploads\/2026\/03\/WhatsApp-Image-2026-03-31-at-10.27.16-PM-450x374.jpeg\" class=\"attachment-bunyad-medium size-bunyad-medium wp-post-image\" alt=\"\" sizes=\"(max-width: 377px) 100vw, 377px\" title=\"\u00a1Descon\u00e9ctate!\u00a0\" srcset=\"https:\/\/elcardinal.com\/wp-content\/uploads\/2026\/03\/WhatsApp-Image-2026-03-31-at-10.27.16-PM-450x374.jpeg 450w, https:\/\/elcardinal.com\/wp-content\/uploads\/2026\/03\/WhatsApp-Image-2026-03-31-at-10.27.16-PM-300x249.jpeg 300w, https:\/\/elcardinal.com\/wp-content\/uploads\/2026\/03\/WhatsApp-Image-2026-03-31-at-10.27.16-PM-1024x851.jpeg 1024w, https:\/\/elcardinal.com\/wp-content\/uploads\/2026\/03\/WhatsApp-Image-2026-03-31-at-10.27.16-PM-768x638.jpeg 768w, https:\/\/elcardinal.com\/wp-content\/uploads\/2026\/03\/WhatsApp-Image-2026-03-31-at-10.27.16-PM.jpeg 1136w\" \/><\/a>\t\t\t\n\t\t\t\n\t\t\t\n\t\t\t\t\t\t\t\n\t\t\t\t<span class=\"cat-labels cat-labels-overlay c-overlay p-bot-left\">\n\t\t\t\t<a href=\"https:\/\/elcardinal.com\/?cat=44\" class=\"category term-color-44\" rel=\"category\" tabindex=\"-1\">Minuto a Minuto<\/a>\n\t\t\t<\/span>\n\t\t\t\t\t\t\n\t\t\t\n\t\t\n\t\t<\/div>\n\t\n\n\t\n\t\t<div class=\"content\">\n\n\t\t\t<div class=\"post-meta post-meta-a has-below\"><h2 class=\"is-title post-title\"><a href=\"https:\/\/elcardinal.com\/?p=5728\">\u00a1Descon\u00e9ctate!\u00a0<\/a><\/h2><div class=\"post-meta-items meta-below\"><span class=\"meta-item post-author\"><span class=\"by\">By<\/span> <a href=\"https:\/\/elcardinal.com\/?author=2\" title=\"Entradas de Antonio Alcaraz\" rel=\"author\">Antonio Alcaraz<\/a><\/span><span class=\"meta-item has-next-icon date\"><span class=\"date-link\"><time class=\"post-date\" datetime=\"2026-04-07T16:37:04-06:00\">7 abril, 2026<\/time><\/span><\/span><span class=\"meta-item comments has-icon\"><a href=\"https:\/\/elcardinal.com\/?p=5728#respond\"><i class=\"tsi tsi-comment-o\"><\/i>0<\/a><\/span><\/div><\/div>\t\t\t\n\t\t\t\n\t\t\t\n\t\t<\/div>\n\n\t\n<\/article>\t\t\n\t<\/div>\n\n\t\t\n\t\t\t<\/div>\n\n\t\t<\/section>\n\t\t\t\t\t\t<\/div>\n\t\t\t\t<\/div>\n\t\t\t\t\t<\/div>\n\t\t<\/div>\n\t\t\t\t\t<\/div>\n\t\t<\/section>\n\t\t\t\t<section class=\"has-el-gap el-gap-default elementor-section elementor-top-section elementor-element elementor-element-0a2f859 elementor-section-boxed elementor-section-height-default elementor-section-height-default\" data-id=\"0a2f859\" data-element_type=\"section\">\n\t\t\t\t\t\t<div class=\"elementor-container elementor-column-gap-no\">\n\t\t\t\t\t<div class=\"elementor-column elementor-col-100 elementor-top-column elementor-element elementor-element-28b580e\" data-id=\"28b580e\" data-element_type=\"column\">\n\t\t\t<div class=\"elementor-widget-wrap elementor-element-populated\">\n\t\t\t\t\t\t<div class=\"elementor-element elementor-element-f9e65a4 elementor-widget elementor-widget-smartmag-heading\" data-id=\"f9e65a4\" data-element_type=\"widget\" data-widget_type=\"smartmag-heading.default\">\n\t\t\t\t<div class=\"elementor-widget-container\">\n\t\t\t\t\t\t\t\t\t\t\n\t\t\t\t\t\t\t\n\t\t\t\t<div class=\"block-head block-head-e block-head-e1 is-center\">\n\n\t\t\t\t\t<h4 class=\"heading\"><a href=\"https:\/\/elcardinal.com\/?cat=36\"><span class=\"color\">HIST<\/span>ORIAS<\/a><\/h4>\t\t\t\t\t\n\t\t\t\t\t\t\t\t\t<\/div>\n\t\t\t\t\n\t\t\t\n\t\t\t\t\t\t<\/div>\n\t\t\t\t<\/div>\n\t\t\t\t<div class=\"elementor-element elementor-element-16a41d9 elementor-widget elementor-widget-smartmag-overlay\" data-id=\"16a41d9\" data-element_type=\"widget\" data-widget_type=\"smartmag-overlay.default\">\n\t\t\t\t<div class=\"elementor-widget-container\">\n\t\t\t\t\t\t\t<section class=\"block-wrap block-overlay block-sc cols-gap-sm mb-none\" data-id=\"16\">\n\n\t\t\t\t\n\t\t\t<div class=\"block-content\">\n\t\t\t\t\t\n\t<div class=\"loop loop-overlay grid grid-2 md:grid-2 xs:grid-1\">\n\n\t\t\n\t<\/div>\n\n\t\t\n\t\t\t<\/div>\n\n\t\t<\/section>\n\t\t\t\t\t\t<\/div>\n\t\t\t\t<\/div>\n\t\t\t\t<div class=\"elementor-element elementor-element-2e1b58f elementor-widget elementor-widget-smartmag-featgrid\" data-id=\"2e1b58f\" data-element_type=\"widget\" data-widget_type=\"smartmag-featgrid.default\">\n\t\t\t\t<div class=\"elementor-widget-container\">\n\t\t\t\t\t\t\t<section class=\"block-wrap block-feat-grid block-sc\" data-id=\"17\">\n\n\t\t\t\t\n\t\t\t<div class=\"block-content\">\n\t\t\t\t\t\n<section class=\"feat-grid feat-grid-eq2 slider common-slider arrow-hover feat-grid-ratio feat-grid-equals\">\n\n\t<div class=\"slides\" data-parallax data-slider=\"feat-grid\" data-scroll-num=\"2\" data-scroll-num-md=\"2\">\n\t\n\t\n\t\t\t\t\t\n\t\t\t\t\t\t\t\n\t\t\t\t<div class=\"item item-main item-large item-1 pos-bot\">\n\n\t\t\t\t\t\n<article class=\"l-post grid-overlay grid-overlay-a hover-zoom\">\n\n\t\n\t\t\t<div class=\"media\">\n\n\t\t\n\t\t\t<a href=\"https:\/\/elcardinal.com\/?p=5781\" class=\"image-link\" title=\"Perdi\u00f3 sus manos, pero no las ganas de vivir: la historia de Florentino Hern\u00e1ndez\"><img loading=\"lazy\" decoding=\"async\" width=\"768\" height=\"576\" src=\"https:\/\/elcardinal.com\/wp-content\/uploads\/2026\/04\/WhatsApp-Image-2026-04-28-at-10.12.31-AM-1-768x576.jpeg\" class=\"attachment-bunyad-768 size-bunyad-768 wp-post-image\" alt=\"\" sizes=\"(max-width: 585px) 100vw, 585px\" title=\"Perdi\u00f3 sus manos, pero no las ganas de vivir: la historia de Florentino Hern\u00e1ndez\" srcset=\"https:\/\/elcardinal.com\/wp-content\/uploads\/2026\/04\/WhatsApp-Image-2026-04-28-at-10.12.31-AM-1-768x576.jpeg 768w, https:\/\/elcardinal.com\/wp-content\/uploads\/2026\/04\/WhatsApp-Image-2026-04-28-at-10.12.31-AM-1-1024x768.jpeg 1024w, https:\/\/elcardinal.com\/wp-content\/uploads\/2026\/04\/WhatsApp-Image-2026-04-28-at-10.12.31-AM-1-1536x1152.jpeg 1536w, https:\/\/elcardinal.com\/wp-content\/uploads\/2026\/04\/WhatsApp-Image-2026-04-28-at-10.12.31-AM-1-1200x900.jpeg 1200w, https:\/\/elcardinal.com\/wp-content\/uploads\/2026\/04\/WhatsApp-Image-2026-04-28-at-10.12.31-AM-1.jpeg 1600w\" \/><\/a>\t\t\t\n\t\t\t\n\t\t\t\n\t\t\t\n\t\t\n\t\t<\/div>\n\t\n\n\t\t\t<div class=\"content-wrap\">\n\t\n\t\t<div class=\"content\">\n\n\t\t\t<div class=\"post-meta post-meta-a meta-contrast has-below\"><div class=\"post-meta-items meta-above\"><span class=\"meta-item cat-labels\">\n\t\t\t\t\t\t\n\t\t\t\t\t\t<a href=\"https:\/\/elcardinal.com\/?cat=31\" class=\"category term-color-31\" rel=\"category\" tabindex=\"-1\">Hidalgo<\/a>\n\t\t\t\t\t<\/span>\n\t\t\t\t\t<\/div><h2 class=\"is-title post-title\"><a href=\"https:\/\/elcardinal.com\/?p=5781\">Perdi\u00f3 sus manos, pero no las ganas de vivir: la historia de Florentino Hern\u00e1ndez<\/a><\/h2><div class=\"post-meta-items meta-below\"><span class=\"meta-item post-author\"><a href=\"https:\/\/elcardinal.com\/?author=2\" title=\"Entradas de Antonio Alcaraz\" rel=\"author\">Antonio Alcaraz<\/a><\/span><span class=\"meta-item date\"><span class=\"date-link\"><time class=\"post-date\" datetime=\"2026-04-28T10:19:11-06:00\">28 abril, 2026<\/time><\/span><\/span><\/div><\/div>\t\t\t\n\t\t\t\n\t\t\t\n\t\t<\/div>\n\n\t\t\t<\/div>\n\t\n<\/article>\n\t\t\t\t<\/div>\n\t\t\t\t\t\t\t\n\t\t\t\t\t\t\t\n\t\t\n\t\n\t\t\t\t\t\n\t\t\t\t\t\t\t\n\t\t\t\t<div class=\"item item-main item-large item-2 pos-bot\">\n\n\t\t\t\t\t\n<article class=\"l-post grid-overlay grid-overlay-a hover-zoom\">\n\n\t\n\t\t\t<div class=\"media\">\n\n\t\t\n\t\t\t<a href=\"https:\/\/elcardinal.com\/?p=5642\" class=\"image-link\" title=\"Amor prohibido, carretera tomada\u2026 y un final que nadie esperaba\"><img loading=\"lazy\" decoding=\"async\" width=\"768\" height=\"576\" src=\"https:\/\/elcardinal.com\/wp-content\/uploads\/2026\/03\/654767692_1538309894971553_4324264041859433628_n-768x576.jpg\" class=\"attachment-bunyad-768 size-bunyad-768 wp-post-image\" alt=\"\" sizes=\"(max-width: 585px) 100vw, 585px\" title=\"Amor prohibido, carretera tomada\u2026 y un final que nadie esperaba\" srcset=\"https:\/\/elcardinal.com\/wp-content\/uploads\/2026\/03\/654767692_1538309894971553_4324264041859433628_n-768x576.jpg 768w, https:\/\/elcardinal.com\/wp-content\/uploads\/2026\/03\/654767692_1538309894971553_4324264041859433628_n-1024x768.jpg 1024w, https:\/\/elcardinal.com\/wp-content\/uploads\/2026\/03\/654767692_1538309894971553_4324264041859433628_n-1536x1152.jpg 1536w, https:\/\/elcardinal.com\/wp-content\/uploads\/2026\/03\/654767692_1538309894971553_4324264041859433628_n-1200x900.jpg 1200w, https:\/\/elcardinal.com\/wp-content\/uploads\/2026\/03\/654767692_1538309894971553_4324264041859433628_n.jpg 1600w\" \/><\/a>\t\t\t\n\t\t\t\n\t\t\t\n\t\t\t\n\t\t\n\t\t<\/div>\n\t\n\n\t\t\t<div class=\"content-wrap\">\n\t\n\t\t<div class=\"content\">\n\n\t\t\t<div class=\"post-meta post-meta-a meta-contrast has-below\"><div class=\"post-meta-items meta-above\"><span class=\"meta-item cat-labels\">\n\t\t\t\t\t\t\n\t\t\t\t\t\t<a href=\"https:\/\/elcardinal.com\/?cat=31\" class=\"category term-color-31\" rel=\"category\" tabindex=\"-1\">Hidalgo<\/a>\n\t\t\t\t\t<\/span>\n\t\t\t\t\t<\/div><h2 class=\"is-title post-title\"><a href=\"https:\/\/elcardinal.com\/?p=5642\">Amor prohibido, carretera tomada\u2026 y un final que nadie esperaba<\/a><\/h2><div class=\"post-meta-items meta-below\"><span class=\"meta-item post-author\"><a href=\"https:\/\/elcardinal.com\/?author=2\" title=\"Entradas de Antonio Alcaraz\" rel=\"author\">Antonio Alcaraz<\/a><\/span><span class=\"meta-item date\"><span class=\"date-link\"><time class=\"post-date\" datetime=\"2026-03-23T22:43:19-06:00\">23 marzo, 2026<\/time><\/span><\/span><\/div><\/div>\t\t\t\n\t\t\t\n\t\t\t\n\t\t<\/div>\n\n\t\t\t<\/div>\n\t\n<\/article>\n\t\t\t\t<\/div>\n\t\t\t\t\t\t\t\n\t\t\t\t\t\t\t\n\t\t\n\t\t<\/div>\n\n<\/section>\n\t\t\t<\/div>\n\n\t\t<\/section>\n\t\t\t\t\t\t<\/div>\n\t\t\t\t<\/div>\n\t\t\t\t<div class=\"elementor-element elementor-element-1676e4f elementor-widget elementor-widget-smartmag-grid\" data-id=\"1676e4f\" data-element_type=\"widget\" data-widget_type=\"smartmag-grid.default\">\n\t\t\t\t<div class=\"elementor-widget-container\">\n\t\t\t\t\t\t\t<section class=\"block-wrap block-grid block-sc mb-none\" data-id=\"18\">\n\n\t\t\t\t\n\t\t\t<div class=\"block-content\">\n\t\t\t\t\t\n\t<div class=\"loop loop-grid loop-grid-sm grid grid-4 md:grid-2 xs:grid-1\">\n\n\t\t\n\t<\/div>\n\n\t\t\n\t\t\t<\/div>\n\n\t\t<\/section>\n\t\t\t\t\t\t<\/div>\n\t\t\t\t<\/div>\n\t\t\t\t\t<\/div>\n\t\t<\/div>\n\t\t\t\t\t<\/div>\n\t\t<\/section>\n\t\t\t\t<\/div>\n\t\t","protected":false},"excerpt":{"rendered":"<p>MINUTO A MINUTO Hidalgo Legisladores exhortan al Congreso de la Uni\u00f3n a destinar recursos para aumentar aguinaldo del personal del sector salud Antonio Alcaraz18 octubre, 2025 Hidalgo Rechazan exhorto para analizar la reactivaci\u00f3n del Fondo de Desastres Naturales Antonio Alcaraz16 octubre, 2025 Hidalgo Legisladores autorizan al municipio de Singuilucan contratar cr\u00e9dito de m\u00e1s de 5<\/p>\n","protected":false},"author":1,"featured_media":0,"parent":0,"menu_order":0,"comment_status":"closed","ping_status":"closed","template":"page-templates\/no-wrapper.php","meta":{"footnotes":""},"class_list":["post-6","page","type-page","status-publish"],"yoast_head":"<!-- This site is optimized with the Yoast SEO plugin v26.1.1 - https:\/\/yoast.com\/wordpress\/plugins\/seo\/ -->\n<title>El Cardinal - El Cardinal<\/title>\n<meta name=\"robots\" content=\"index, follow, max-snippet:-1, max-image-preview:large, max-video-preview:-1\" \/>\n<link rel=\"canonical\" href=\"https:\/\/elcardinal.com\/\" \/>\n<meta property=\"og:locale\" content=\"es_MX\" \/>\n<meta property=\"og:type\" content=\"article\" \/>\n<meta property=\"og:title\" content=\"El Cardinal - El Cardinal\" \/>\n<meta property=\"og:description\" content=\"MINUTO A MINUTO Hidalgo Legisladores exhortan al Congreso de la Uni\u00f3n a destinar recursos para aumentar aguinaldo del personal del sector salud Antonio Alcaraz18 octubre, 2025 Hidalgo Rechazan exhorto para analizar la reactivaci\u00f3n del Fondo de Desastres Naturales Antonio Alcaraz16 octubre, 2025 Hidalgo Legisladores autorizan al municipio de Singuilucan contratar cr\u00e9dito de m\u00e1s de 5\" \/>\n<meta property=\"og:url\" content=\"https:\/\/elcardinal.com\/\" \/>\n<meta property=\"og:site_name\" content=\"El Cardinal\" \/>\n<meta property=\"article:publisher\" content=\"https:\/\/www.facebook.com\/profile.php?id=100063093107011\" \/>\n<meta property=\"article:modified_time\" content=\"2025-10-21T01:49:26+00:00\" \/>\n<meta property=\"og:image\" content=\"https:\/\/elcardinal.com\/wp-content\/uploads\/2025\/10\/Sesion-17.10.2025-ordinaria-20-768x512.jpg\" \/>\n<meta name=\"twitter:card\" content=\"summary_large_image\" \/>\n<meta name=\"twitter:site\" content=\"@ElCardinal_Mx\" \/>\n<meta name=\"twitter:label1\" content=\"Tiempo de lectura\" \/>\n\t<meta name=\"twitter:data1\" content=\"16 minutos\" \/>\n<script type=\"application\/ld+json\" class=\"yoast-schema-graph\">{\"@context\":\"https:\/\/schema.org\",\"@graph\":[{\"@type\":\"WebPage\",\"@id\":\"https:\/\/elcardinal.com\/\",\"url\":\"https:\/\/elcardinal.com\/\",\"name\":\"El Cardinal - El Cardinal\",\"isPartOf\":{\"@id\":\"https:\/\/elcardinal.com\/#website\"},\"primaryImageOfPage\":{\"@id\":\"https:\/\/elcardinal.com\/#primaryimage\"},\"image\":{\"@id\":\"https:\/\/elcardinal.com\/#primaryimage\"},\"thumbnailUrl\":\"https:\/\/elcardinal.com\/wp-content\/uploads\/2025\/10\/Sesion-17.10.2025-ordinaria-20-768x512.jpg\",\"datePublished\":\"2021-01-13T16:29:55+00:00\",\"dateModified\":\"2025-10-21T01:49:26+00:00\",\"breadcrumb\":{\"@id\":\"https:\/\/elcardinal.com\/#breadcrumb\"},\"inLanguage\":\"es\",\"potentialAction\":[{\"@type\":\"ReadAction\",\"target\":[\"https:\/\/elcardinal.com\/\"]}]},{\"@type\":\"ImageObject\",\"inLanguage\":\"es\",\"@id\":\"https:\/\/elcardinal.com\/#primaryimage\",\"url\":\"https:\/\/elcardinal.com\/wp-content\/uploads\/2025\/10\/Sesion-17.10.2025-ordinaria-20.jpg\",\"contentUrl\":\"https:\/\/elcardinal.com\/wp-content\/uploads\/2025\/10\/Sesion-17.10.2025-ordinaria-20.jpg\",\"width\":2400,\"height\":1600,\"caption\":\"CONGRESO_HIDALGO\"},{\"@type\":\"BreadcrumbList\",\"@id\":\"https:\/\/elcardinal.com\/#breadcrumb\",\"itemListElement\":[{\"@type\":\"ListItem\",\"position\":1,\"name\":\"Inicio\",\"item\":\"https:\/\/elcardinal.com\/\"},{\"@type\":\"ListItem\",\"position\":2,\"name\":\"El Cardinal\"}]},{\"@type\":\"WebSite\",\"@id\":\"https:\/\/elcardinal.com\/#website\",\"url\":\"https:\/\/elcardinal.com\/\",\"name\":\"El Cardinal\",\"description\":\"Periodismo honesto, con valor, sentido humano, a veces sarc\u00e1stico y divertido.\",\"publisher\":{\"@id\":\"https:\/\/elcardinal.com\/#organization\"},\"alternateName\":\"El Cardinal Noticias\",\"potentialAction\":[{\"@type\":\"SearchAction\",\"target\":{\"@type\":\"EntryPoint\",\"urlTemplate\":\"https:\/\/elcardinal.com\/?s={search_term_string}\"},\"query-input\":{\"@type\":\"PropertyValueSpecification\",\"valueRequired\":true,\"valueName\":\"search_term_string\"}}],\"inLanguage\":\"es\"},{\"@type\":\"Organization\",\"@id\":\"https:\/\/elcardinal.com\/#organization\",\"name\":\"El Cardinal\",\"url\":\"https:\/\/elcardinal.com\/\",\"logo\":{\"@type\":\"ImageObject\",\"inLanguage\":\"es\",\"@id\":\"https:\/\/elcardinal.com\/#\/schema\/logo\/image\/\",\"url\":\"https:\/\/elcardinal.com\/wp-content\/uploads\/2025\/04\/LOGO-EL-CARDINAL-Periodismo-con-valor.png\",\"contentUrl\":\"https:\/\/elcardinal.com\/wp-content\/uploads\/2025\/04\/LOGO-EL-CARDINAL-Periodismo-con-valor.png\",\"width\":755,\"height\":636,\"caption\":\"El Cardinal\"},\"image\":{\"@id\":\"https:\/\/elcardinal.com\/#\/schema\/logo\/image\/\"},\"sameAs\":[\"https:\/\/www.facebook.com\/profile.php?id=100063093107011\",\"https:\/\/x.com\/ElCardinal_Mx\"]}]}<\/script>\n<!-- \/ Yoast SEO plugin. -->","yoast_head_json":{"title":"El Cardinal - El Cardinal","robots":{"index":"index","follow":"follow","max-snippet":"max-snippet:-1","max-image-preview":"max-image-preview:large","max-video-preview":"max-video-preview:-1"},"canonical":"https:\/\/elcardinal.com\/","og_locale":"es_MX","og_type":"article","og_title":"El Cardinal - El Cardinal","og_description":"MINUTO A MINUTO Hidalgo Legisladores exhortan al Congreso de la Uni\u00f3n a destinar recursos para aumentar aguinaldo del personal del sector salud Antonio Alcaraz18 octubre, 2025 Hidalgo Rechazan exhorto para analizar la reactivaci\u00f3n del Fondo de Desastres Naturales Antonio Alcaraz16 octubre, 2025 Hidalgo Legisladores autorizan al municipio de Singuilucan contratar cr\u00e9dito de m\u00e1s de 5","og_url":"https:\/\/elcardinal.com\/","og_site_name":"El Cardinal","article_publisher":"https:\/\/www.facebook.com\/profile.php?id=100063093107011","article_modified_time":"2025-10-21T01:49:26+00:00","og_image":[{"url":"https:\/\/elcardinal.com\/wp-content\/uploads\/2025\/10\/Sesion-17.10.2025-ordinaria-20-768x512.jpg","type":"","width":"","height":""}],"twitter_card":"summary_large_image","twitter_site":"@ElCardinal_Mx","twitter_misc":{"Tiempo de lectura":"16 minutos"},"schema":{"@context":"https:\/\/schema.org","@graph":[{"@type":"WebPage","@id":"https:\/\/elcardinal.com\/","url":"https:\/\/elcardinal.com\/","name":"El Cardinal - El Cardinal","isPartOf":{"@id":"https:\/\/elcardinal.com\/#website"},"primaryImageOfPage":{"@id":"https:\/\/elcardinal.com\/#primaryimage"},"image":{"@id":"https:\/\/elcardinal.com\/#primaryimage"},"thumbnailUrl":"https:\/\/elcardinal.com\/wp-content\/uploads\/2025\/10\/Sesion-17.10.2025-ordinaria-20-768x512.jpg","datePublished":"2021-01-13T16:29:55+00:00","dateModified":"2025-10-21T01:49:26+00:00","breadcrumb":{"@id":"https:\/\/elcardinal.com\/#breadcrumb"},"inLanguage":"es","potentialAction":[{"@type":"ReadAction","target":["https:\/\/elcardinal.com\/"]}]},{"@type":"ImageObject","inLanguage":"es","@id":"https:\/\/elcardinal.com\/#primaryimage","url":"https:\/\/elcardinal.com\/wp-content\/uploads\/2025\/10\/Sesion-17.10.2025-ordinaria-20.jpg","contentUrl":"https:\/\/elcardinal.com\/wp-content\/uploads\/2025\/10\/Sesion-17.10.2025-ordinaria-20.jpg","width":2400,"height":1600,"caption":"CONGRESO_HIDALGO"},{"@type":"BreadcrumbList","@id":"https:\/\/elcardinal.com\/#breadcrumb","itemListElement":[{"@type":"ListItem","position":1,"name":"Inicio","item":"https:\/\/elcardinal.com\/"},{"@type":"ListItem","position":2,"name":"El Cardinal"}]},{"@type":"WebSite","@id":"https:\/\/elcardinal.com\/#website","url":"https:\/\/elcardinal.com\/","name":"El Cardinal","description":"Periodismo honesto, con valor, sentido humano, a veces sarc\u00e1stico y divertido.","publisher":{"@id":"https:\/\/elcardinal.com\/#organization"},"alternateName":"El Cardinal Noticias","potentialAction":[{"@type":"SearchAction","target":{"@type":"EntryPoint","urlTemplate":"https:\/\/elcardinal.com\/?s={search_term_string}"},"query-input":{"@type":"PropertyValueSpecification","valueRequired":true,"valueName":"search_term_string"}}],"inLanguage":"es"},{"@type":"Organization","@id":"https:\/\/elcardinal.com\/#organization","name":"El Cardinal","url":"https:\/\/elcardinal.com\/","logo":{"@type":"ImageObject","inLanguage":"es","@id":"https:\/\/elcardinal.com\/#\/schema\/logo\/image\/","url":"https:\/\/elcardinal.com\/wp-content\/uploads\/2025\/04\/LOGO-EL-CARDINAL-Periodismo-con-valor.png","contentUrl":"https:\/\/elcardinal.com\/wp-content\/uploads\/2025\/04\/LOGO-EL-CARDINAL-Periodismo-con-valor.png","width":755,"height":636,"caption":"El Cardinal"},"image":{"@id":"https:\/\/elcardinal.com\/#\/schema\/logo\/image\/"},"sameAs":["https:\/\/www.facebook.com\/profile.php?id=100063093107011","https:\/\/x.com\/ElCardinal_Mx"]}]}},"_links":{"self":[{"href":"https:\/\/elcardinal.com\/index.php?rest_route=\/wp\/v2\/pages\/6","targetHints":{"allow":["GET"]}}],"collection":[{"href":"https:\/\/elcardinal.com\/index.php?rest_route=\/wp\/v2\/pages"}],"about":[{"href":"https:\/\/elcardinal.com\/index.php?rest_route=\/wp\/v2\/types\/page"}],"author":[{"embeddable":true,"href":"https:\/\/elcardinal.com\/index.php?rest_route=\/wp\/v2\/users\/1"}],"replies":[{"embeddable":true,"href":"https:\/\/elcardinal.com\/index.php?rest_route=%2Fwp%2Fv2%2Fcomments&post=6"}],"version-history":[{"count":83,"href":"https:\/\/elcardinal.com\/index.php?rest_route=\/wp\/v2\/pages\/6\/revisions"}],"predecessor-version":[{"id":5211,"href":"https:\/\/elcardinal.com\/index.php?rest_route=\/wp\/v2\/pages\/6\/revisions\/5211"}],"wp:attachment":[{"href":"https:\/\/elcardinal.com\/index.php?rest_route=%2Fwp%2Fv2%2Fmedia&parent=6"}],"curies":[{"name":"wp","href":"https:\/\/api.w.org\/{rel}","templated":true}]}}